{"id":2841,"date":"2024-06-21T17:15:45","date_gmt":"2024-06-21T15:15:45","guid":{"rendered":"https:\/\/nabawebdesign.com\/?page_id=2841"},"modified":"2025-10-02T16:17:14","modified_gmt":"2025-10-02T14:17:14","slug":"datenschutz","status":"publish","type":"page","link":"https:\/\/nabawebdesign.com\/hu\/datenschutz\/","title":{"rendered":"Adatv\u00e9delmi t\u00e1j\u00e9koztat\u00f3"},"content":{"rendered":"<div data-elementor-type=\"wp-page\" data-elementor-id=\"2841\" class=\"elementor elementor-2841\">\n\t\t\t\t<div class=\"elementor-element elementor-element-60711ce e-flex e-con-boxed e-con e-parent\" data-id=\"60711ce\" data-element_type=\"container\">\n\t\t\t\t\t<div class=\"e-con-inner\">\n\t\t\t\t<div class=\"elementor-element elementor-element-ed07e7e elementor-widget elementor-widget-text-editor\" data-id=\"ed07e7e\" data-element_type=\"widget\" data-widget_type=\"text-editor.default\">\n\t\t\t\t<div class=\"elementor-widget-container\">\n\t\t\t\t\t\t\t\t\t<h1><span style=\"color: #ffffff;\">Adatv\u00e9delmi t\u00e1j\u00e9koztat\u00f3<\/span><\/h1><h2 id=\"m716\"><span style=\"color: #ffffff;\">Preambulum<\/span><\/h2><p><span style=\"color: #ffffff;\">Az al\u00e1bbi adatv\u00e9delmi nyilatkozattal szeretn\u00e9nk t\u00e1j\u00e9koztatni \u00d6nt arr\u00f3l, hogy az \u00d6n szem\u00e9lyes adatait (a tov\u00e1bbiakban: \u201eadat\u201d) milyen c\u00e9lb\u00f3l \u00e9s milyen m\u00e9rt\u00e9kben kezelj\u00fck. Az adatv\u00e9delmi nyilatkozat a szem\u00e9lyes adatok \u00e1ltalunk v\u00e9gzett minden kezel\u00e9sre vonatkozik, mind szolg\u00e1ltat\u00e1saink ny\u00fajt\u00e1s\u00e1val \u00f6sszef\u00fcgg\u00e9sben, mind k\u00fcl\u00f6n\u00f6sen weboldalainkon, mobilalkalmaz\u00e1sokban \u00e9s k\u00fcls\u0151 online jelenl\u00e9teken, mint pl. B. k\u00f6z\u00f6ss\u00e9gim\u00e9dia-profilunk (a k\u00e9s\u0151bbiekben \"online aj\u00e1nlat\").<\/span><\/p><p><span style=\"color: #ffffff;\">A haszn\u00e1lt kifejez\u00e9sek nem nem specifikusak.<\/span><\/p><p><span style=\"color: #ffffff;\">K\u00e9sz\u00fclt: 2024.06.26.<\/span><\/p><h2><span style=\"color: #ffffff;\">Tartalomjegyz\u00e9k<\/span><\/h2><ul class=\"index\"><li><span style=\"color: #ffffff;\"><a class=\"index-link\" style=\"color: #ffffff;\" href=\"#m716\">Preambulum<\/a><\/span><\/li><li><span style=\"color: #ffffff;\"><a class=\"index-link\" style=\"color: #ffffff;\" href=\"#m3\">Felel\u0151s<\/a><\/span><\/li><li><span style=\"color: #ffffff;\"><a class=\"index-link\" style=\"color: #ffffff;\" href=\"#mOverview\">A feldolgoz\u00e1s \u00e1ttekint\u00e9se<\/a><\/span><\/li><li><span style=\"color: #ffffff;\"><a class=\"index-link\" style=\"color: #ffffff;\" href=\"#m2427\">Ir\u00e1nyad\u00f3 jogszab\u00e1lyok<\/a><\/span><\/li><li><span style=\"color: #ffffff;\"><a class=\"index-link\" style=\"color: #ffffff;\" href=\"#m27\">Biztons\u00e1gi int\u00e9zked\u00e9sek<\/a><\/span><\/li><li><span style=\"color: #ffffff;\"><a class=\"index-link\" style=\"color: #ffffff;\" href=\"#m25\">Szem\u00e9lyes adatok tov\u00e1bb\u00edt\u00e1sa<\/a><\/span><\/li><li><span style=\"color: #ffffff;\"><a class=\"index-link\" style=\"color: #ffffff;\" href=\"#m24\">Nemzetk\u00f6zi adattov\u00e1bb\u00edt\u00e1sok<\/a><\/span><\/li><li><span style=\"color: #ffffff;\"><a class=\"index-link\" style=\"color: #ffffff;\" href=\"#m12\">\u00c1ltal\u00e1nos inform\u00e1ci\u00f3k az adatok t\u00e1rol\u00e1s\u00e1r\u00f3l \u00e9s t\u00f6rl\u00e9s\u00e9r\u0151l<\/a><\/span><\/li><li><span style=\"color: #ffffff;\"><a class=\"index-link\" style=\"color: #ffffff;\" href=\"#m10\">Az \u00e9rintett szem\u00e9lyek jogai<\/a><\/span><\/li><li><span style=\"color: #ffffff;\"><a class=\"index-link\" style=\"color: #ffffff;\" href=\"#m317\">\u00dczleti szolg\u00e1ltat\u00e1sok<\/a><\/span><\/li><li><span style=\"color: #ffffff;\"><a class=\"index-link\" style=\"color: #ffffff;\" href=\"#m225\">Az online aj\u00e1nlat biztos\u00edt\u00e1sa \u00e9s t\u00e1rhelyszolg\u00e1ltat\u00e1s.<\/a><\/span><\/li><li><span style=\"color: #ffffff;\"><a class=\"index-link\" style=\"color: #ffffff;\" href=\"#m134\">Cookie-k haszn\u00e1lata<\/a><\/span><\/li><li><span style=\"color: #ffffff;\"><a class=\"index-link\" style=\"color: #ffffff;\" href=\"#m104\">Blogok \u00e9s egy\u00e9b publik\u00e1lt anyagok<\/a><\/span><\/li><li><span style=\"color: #ffffff;\"><a class=\"index-link\" style=\"color: #ffffff;\" href=\"#m182\">Kapcsolat- \u00e9s megkeres\u00e9skezel\u00e9s<\/a><\/span><\/li><li><span style=\"color: #ffffff;\"><a class=\"index-link\" style=\"color: #ffffff;\" href=\"#m391\">Kommunik\u00e1ci\u00f3 messengeren kereszt\u00fcl<\/a><\/span><\/li><li><span style=\"color: #ffffff;\"><a class=\"index-link\" style=\"color: #ffffff;\" href=\"#m1643\">Push \u00e9rtrs\u00edt\u00e9sek<\/a><\/span><\/li><li><span style=\"color: #ffffff;\"><a class=\"index-link\" style=\"color: #ffffff;\" href=\"#m17\">H\u00edrlev\u00e9l \u00e9s egy\u00e9b elektronikus \u00e9rtes\u00edt\u00e9sek<\/a><\/span><\/li><li><span style=\"color: #ffffff;\"><a class=\"index-link\" style=\"color: #ffffff;\" href=\"#m638\">Rekl\u00e1mjelleg\u0171 kommunik\u00e1ci\u00f3 e-mailen, post\u00e1n, faxon vagy telefonon kereszt\u00fcl.<\/a><\/span><\/li><li><span style=\"color: #ffffff;\"><a class=\"index-link\" style=\"color: #ffffff;\" href=\"#m237\">Nyerem\u00e9nyj\u00e1t\u00e9kok \u00e9s versenyek<\/a><\/span><\/li><li><span style=\"color: #ffffff;\"><a class=\"index-link\" style=\"color: #ffffff;\" href=\"#m408\">K\u00e9rd\u0151\u00edvek \u00e9s felm\u00e9r\u00e9sek<\/a><\/span><\/li><li><span style=\"color: #ffffff;\"><a class=\"index-link\" style=\"color: #ffffff;\" href=\"#m263\">Webanalitika, fel\u00fcgyelet \u00e9s optimaliz\u00e1ci\u00f3.<\/a><\/span><\/li><li><span style=\"color: #ffffff;\"><a class=\"index-link\" style=\"color: #ffffff;\" href=\"#m264\">Online marketing<\/a><\/span><\/li><li><span style=\"color: #ffffff;\"><a class=\"index-link\" style=\"color: #ffffff;\" href=\"#m299\">Vev\u0151i v\u00e9lem\u00e9nyek \u00e9s \u00e9rt\u00e9kel\u00e9sek<\/a><\/span><\/li><li><span style=\"color: #ffffff;\"><a class=\"index-link\" style=\"color: #ffffff;\" href=\"#m136\">Jelenl\u00e9t a k\u00f6z\u00f6ss\u00e9gi m\u00e9di\u00e1ban<\/a><\/span><\/li><li><span style=\"color: #ffffff;\"><a class=\"index-link\" style=\"color: #ffffff;\" href=\"#m328\">Be\u00e9p\u00fcl\u0151 modulok \u00e9s be\u00e1gyazott funkci\u00f3k valamint tartalmak.<\/a><\/span><\/li><li><span style=\"color: #ffffff;\"><a class=\"index-link\" style=\"color: #ffffff;\" href=\"#m15\">M\u00f3dos\u00edt\u00e1s \u00e9s friss\u00edt\u00e9s<\/a><\/span><\/li><li><span style=\"color: #ffffff;\"><a class=\"index-link\" style=\"color: #ffffff;\" href=\"#m42\">Fogalom-meghat\u00e1roz\u00e1sok<\/a><\/span><\/li><\/ul><h2 id=\"m3\"><span style=\"color: #ffffff;\">Felel\u0151s<\/span><\/h2><p><span style=\"color: #ffffff;\">BAL-INTEX-BALINT B\u00fatoripari Korl\u00e1tolt Felel\u0151ss\u00e9g\u0171 T\u00e1rsas\u00e1g<\/span><br \/><span style=\"color: #ffffff;\">C\u00e9gjegyz\u00e9ksz\u00e1m 19 09 518518<\/span><br \/><span style=\"color: #ffffff;\">Teljes n\u00e9v BAL-INTEX-BALINT B\u00fatoripari Korl\u00e1tolt Felel\u0151ss\u00e9g\u0171 T\u00e1rsas\u00e1g<\/span><br \/><span style=\"color: #ffffff;\">R\u00f6vid\u00edtett n\u00e9v BAL-INTEX-BALINT B\u00fatoripari Kft<\/span><br \/><span style=\"color: #ffffff;\">Orsz\u00e1g Magyarorsz\u00e1g<\/span><br \/><span style=\"color: #ffffff;\">Telep\u00fcl\u00e9s Ajka<\/span><br \/><span style=\"color: #ffffff;\">C\u00edm 8400 Ajka, Katona J\u00f3zsef utca 6.<\/span><\/p><p><span style=\"color: #ffffff;\">Meghatalmazott szem\u00e9lyek: B\u00e1lint Daniella<\/span><\/p><p class=\"translation-block\">E-mail: <a href=\"mailto:info@nabawebdesign.com\" target=\"_self\">info@nabawebdesign.com<\/a><\/p><p class=\"translation-block\">Impresszum: <a href=\"https:\/\/nabawebdesign.com\/hu\/impressum\/\" target=\"_blank\" rel=\"noopener\">https:\/\/nabawebdesign.com\/impressum\/<\/a><\/p><h2 id=\"mOverview\"><span style=\"color: #ffffff;\">A feldolgoz\u00e1s \u00e1ttekint\u00e9se<\/span><\/h2><p><span style=\"color: #ffffff;\">Az al\u00e1bbi \u00e1ttekint\u00e9s \u00f6sszefoglalja a kezelt adatok t\u00edpusait \u00e9s kezel\u00e9s\u00fck c\u00e9ljait, \u00e9s utal az \u00e9rintettekre.<\/span><\/p><h3><span style=\"color: #ffffff;\">A feldolgozott adatok t\u00edpusai<\/span><\/h3><ul><li><span style=\"color: #ffffff;\">Nyilv\u00e1ntart\u00e1si adatok(p\u00e9ld\u00e1ul szerz\u0151d\u00e9sk\u00f6t\u00e9shez sz\u00fcks\u00e9ges adatok)<\/span><\/li><li><span style=\"color: #ffffff;\">Fizet\u00e9si adatok(sz\u00e1ml\u00e1z\u00e1s eset\u00e9n)<\/span><\/li><li><span style=\"color: #ffffff;\">Helyadatok<\/span><\/li><li><span style=\"color: #ffffff;\">Kapcsolattart\u00e1si adatok<\/span><\/li><li><span style=\"color: #ffffff;\">Tartalmi adatok<\/span><\/li><li><span style=\"color: #ffffff;\">Szerz\u0151d\u00e9shez sz\u00fcks\u00e9ges adatok<\/span><\/li><li><span style=\"color: #ffffff;\">Felhaszn\u00e1l\u00e1si adatok<\/span><\/li><li><span style=\"color: #ffffff;\">Meta-, kommunik\u00e1ci\u00f3s \u00e9s elj\u00e1r\u00e1si adatok<\/span><\/li><li><span style=\"color: #ffffff;\">Esem\u00e9nyadatok (Facebook)<\/span><\/li><li><span style=\"color: #ffffff;\">Napl\u00f3adatok<\/span><\/li><\/ul><h3><span style=\"color: #ffffff;\">Az \u00e9rintett szem\u00e9lyek kateg\u00f3ri\u00e1i<\/span><\/h3><ul><li><span style=\"color: #ffffff;\">Szolg\u00e1ltat\u00e1s ig\u00e9nybevev\u0151je \u00e9s megrendel\u0151<\/span><\/li><li><span style=\"color: #ffffff;\">Interessenten.<\/span><\/li><li><span style=\"color: #ffffff;\">Kommunik\u00e1ci\u00f3s partner<\/span><\/li><li><span style=\"color: #ffffff;\">Felhaszn\u00e1l\u00f3<\/span><\/li><li><span style=\"color: #ffffff;\">Nyerem\u00e9nyj\u00e1t\u00e9kok \u00e9s versenyek r\u00e9sztvev\u0151i<\/span><\/li><li><span style=\"color: #ffffff;\">\u00dczleti \u00e9s szerz\u0151d\u00e9ses partnerek.<\/span><\/li><li><span style=\"color: #ffffff;\">R\u00e9sztvev\u0151k<\/span><\/li><\/ul><h3><span style=\"color: #ffffff;\">Zwecke der Verarbeitung<\/span><\/h3><ul><li><span style=\"color: #ffffff;\">Erbringung vertraglicher Leistungen und Erf\u00fcllung vertraglicher Pflichten.<\/span><\/li><li><span style=\"color: #ffffff;\">Kommunikation.<\/span><\/li><li><span style=\"color: #ffffff;\">Sicherheitsma\u00dfnahmen.<\/span><\/li><li><span style=\"color: #ffffff;\">Direktmarketing.<\/span><\/li><li><span style=\"color: #ffffff;\">Reichweitenmessung.<\/span><\/li><li><span style=\"color: #ffffff;\">Tracking.<\/span><\/li><li><span style=\"color: #ffffff;\">B\u00fcro- und Organisationsverfahren.<\/span><\/li><li><span style=\"color: #ffffff;\">Konversionsmessung.<\/span><\/li><li><span style=\"color: #ffffff;\">Zielgruppenbildung.<\/span><\/li><li><span style=\"color: #ffffff;\">Organisations- und Verwaltungsverfahren.<\/span><\/li><li><span style=\"color: #ffffff;\">Durchf\u00fchrung von Gewinnspielen und Wettbewerben.<\/span><\/li><li><span style=\"color: #ffffff;\">Feedback.<\/span><\/li><li><span style=\"color: #ffffff;\">Umfragen und Frageb\u00f6gen.<\/span><\/li><li><span style=\"color: #ffffff;\">Marketing.<\/span><\/li><li><span style=\"color: #ffffff;\">Profile mit nutzerbezogenen Informationen.<\/span><\/li><li><span style=\"color: #ffffff;\">Bereitstellung unseres Onlineangebotes und Nutzerfreundlichkeit.<\/span><\/li><li><span style=\"color: #ffffff;\">Informationstechnische Infrastruktur.<\/span><\/li><li><span style=\"color: #ffffff;\">\u00d6ffentlichkeitsarbeit.<\/span><\/li><li><span style=\"color: #ffffff;\">Absatzf\u00f6rderung.<\/span><\/li><li><span style=\"color: #ffffff;\">Gesch\u00e4ftsprozesse und betriebswirtschaftliche Verfahren.<\/span><\/li><\/ul><h2 id=\"m2427\"><span style=\"color: #ffffff;\">Ir\u00e1nyad\u00f3 jogszab\u00e1lyok<\/span><\/h2><p class=\"translation-block\">\"Az \u00e9rintett jogi alapok a GDPR szerint: Az al\u00e1bbiakban \u00e1ttekint\u00e9st kap arr\u00f3l a GDPR jogi alapokr\u00f3l, amelyek alapj\u00e1n szem\u00e9lyes adatokat dolgozunk fel. K\u00e9rj\u00fck, vegye figyelembe, hogy a GDPR szab\u00e1lyoz\u00e1sai mellett az \u00d6n vagy a mi lak\u00f3hely\u00e9n vagy sz\u00e9khely\u00e9n nemzeti adatv\u00e9delmi el\u0151\u00edr\u00e1sok is \u00e9rv\u00e9nyesek lehetnek. Amennyiben egyedi esetben speci\u00e1lisabb jogi alapok v\u00e1ln\u00e1nak ir\u00e1nyad\u00f3v\u00e1, ezeket az adatv\u00e9delmi nyilatkozatban k\u00f6z\u00f6lj\u00fck \u00d6nnel.\"<\/p><ul><li class=\"translation-block\"><strong>Hozz\u00e1j\u00e1rul\u00e1s (a GDPR 6. cikk (1) bekezd\u00e9s\u00e9nek 1. mondata a) pontja szerint)<\/strong> \u2013 Az \u00e9rintett szem\u00e9ly hozz\u00e1j\u00e1rult az \u0151t \u00e9rint\u0151 szem\u00e9lyes adatok feldolgoz\u00e1s\u00e1hoz egy konkr\u00e9t c\u00e9lb\u00f3l vagy t\u00f6bb meghat\u00e1rozott c\u00e9lb\u00f3l.<\/li><li class=\"translation-block\"><strong>Szerz\u0151d\u00e9s teljes\u00edt\u00e9se \u00e9s szerz\u0151d\u00e9sk\u00f6t\u00e9st megel\u0151z\u0151 megkeres\u00e9sek (a GDPR 6. cikk (1) bekezd\u00e9s 1. mondat b) pontja szerint)<\/strong> \u2013 Az adatkezel\u00e9s sz\u00fcks\u00e9ges egy olyan szerz\u0151d\u00e9s teljes\u00edt\u00e9s\u00e9hez, amelynek az \u00e9rintett szem\u00e9ly a szerz\u0151d\u0151 fele, vagy olyan szerz\u0151d\u00e9sk\u00f6t\u00e9st megel\u0151z\u0151 int\u00e9zked\u00e9sek v\u00e9grehajt\u00e1s\u00e1hoz, amelyek az \u00e9rintett szem\u00e9ly k\u00e9r\u00e9s\u00e9re t\u00f6rt\u00e9nnek.<\/li><li class=\"translation-block\"><strong>Jogi k\u00f6telezetts\u00e9g (a GDPR 6. cikk (1) bekezd\u00e9s 1. mondat c) pontja szerint)<\/strong> \u2013 Az adatkezel\u00e9s jogi k\u00f6telezetts\u00e9g teljes\u00edt\u00e9s\u00e9hez sz\u00fcks\u00e9ges, amelynek az adatkezel\u0151 al\u00e1 van vetve.<\/li><li class=\"translation-block\"><strong>Jogos \u00e9rdekek (a GDPR 6. cikk (1) bekezd\u00e9s 1. mondat f) pontja szerint)<\/strong> \u2013 Az adatkezel\u00e9s az adatkezel\u0151 vagy egy harmadik f\u00e9l jogos \u00e9rdekeinek \u00e9rv\u00e9nyes\u00edt\u00e9s\u00e9hez sz\u00fcks\u00e9ges, felt\u00e9ve, hogy az \u00e9rintett szem\u00e9ly \u00e9rdekei, alapvet\u0151 jogai \u00e9s szabads\u00e1gai, amelyek a szem\u00e9lyes adatok v\u00e9delm\u00e9t k\u00f6vetelik, nem \u00e9lveznek els\u0151bbs\u00e9get.<\/li><\/ul><h2 id=\"m27\"><span style=\"color: #ffffff;\">Biztons\u00e1gi int\u00e9zked\u00e9sek<\/span><\/h2><p><span style=\"color: #ffffff;\">A jogszab\u00e1lyi el\u0151\u00edr\u00e1soknak megfelel\u0151en, figyelembe v\u00e9ve a technika \u00e1ll\u00e1s\u00e1t, a megval\u00f3s\u00edt\u00e1s k\u00f6lts\u00e9geit, valamint a feldolgoz\u00e1s jelleg\u00e9t, terjedelm\u00e9t, k\u00f6r\u00fclm\u00e9nyeit \u00e9s c\u00e9ljait, tov\u00e1bb\u00e1 a term\u00e9szetes szem\u00e9lyek jogait \u00e9s szabads\u00e1gait \u00e9rint\u0151 kock\u00e1zatok k\u00fcl\u00f6nb\u00f6z\u0151 bek\u00f6vetkez\u00e9si val\u00f3sz\u00edn\u0171s\u00e9g\u00e9t \u00e9s m\u00e9rt\u00e9k\u00e9t, megfelel\u0151 technikai \u00e9s szervez\u00e9si int\u00e9zked\u00e9seket tesz\u00fcnk annak \u00e9rdek\u00e9ben, hogy a kock\u00e1zatnak megfelel\u0151 v\u00e9delmi szintet biztos\u00edtsunk<\/span><\/p><p><span style=\"color: #ffffff;\">Az int\u00e9zked\u00e9sek k\u00f6z\u00e9 tartozik k\u00fcl\u00f6n\u00f6sen az adatok bizalmass\u00e1g\u00e1nak, integrit\u00e1s\u00e1nak \u00e9s rendelkez\u00e9sre \u00e1ll\u00e1s\u00e1nak biztos\u00edt\u00e1sa az adatokhoz val\u00f3 fizikai \u00e9s elektronikus hozz\u00e1f\u00e9r\u00e9s, valamint az azokat \u00e9rint\u0151 hozz\u00e1f\u00e9r\u00e9s, bevitel, tov\u00e1bb\u00edt\u00e1s, rendelkez\u00e9sre \u00e1ll\u00e1s biztos\u00edt\u00e1sa \u00e9s azok elk\u00fcl\u00f6n\u00edt\u00e9s\u00e9nek ellen\u0151rz\u00e9se r\u00e9v\u00e9n. Emellett olyan elj\u00e1r\u00e1sokat vezett\u00fcnk be, amelyek biztos\u00edtj\u00e1k az \u00e9rintettek jogainak \u00e9rv\u00e9nyes\u00edt\u00e9s\u00e9t, az adatok t\u00f6rl\u00e9s\u00e9t, valamint az adatok vesz\u00e9lyeztet\u00e9s\u00e9re adott v\u00e1laszreakci\u00f3kat. Tov\u00e1bb\u00e1 m\u00e1r a hardverek, szoftverek \u00e9s elj\u00e1r\u00e1sok fejleszt\u00e9se vagy kiv\u00e1laszt\u00e1sa sor\u00e1n is figyelembe vessz\u00fck a szem\u00e9lyes adatok v\u00e9delm\u00e9t a technol\u00f3giai adatv\u00e9delem \u00e9s az adatv\u00e9delmet t\u00e1mogat\u00f3 alap\u00e9rtelmezett be\u00e1ll\u00edt\u00e1sok elv\u00e9nek megfelel\u0151en.<\/span><\/p><p><span style=\"color: #ffffff;\">Online kapcsolatok biztons\u00e1gos\u00edt\u00e1sa TLS-\/SSL titkos\u00edt\u00e1si technol\u00f3gi\u00e1val (HTTPS): Annak \u00e9rdek\u00e9ben, hogy megv\u00e9dj\u00fck az online szolg\u00e1ltat\u00e1sainkon kereszt\u00fcl tov\u00e1bb\u00edtott felhaszn\u00e1l\u00f3i adatokat a jogosulatlan hozz\u00e1f\u00e9r\u00e9st\u0151l, a TLS-\/SSL titkos\u00edt\u00e1si technol\u00f3gi\u00e1t alkalmazzuk. A Secure Sockets Layer (SSL) \u00e9s a Transport Layer Security (TLS) az internetes biztons\u00e1gos adat\u00e1tvitel alapk\u00f6vei. Ezek a technol\u00f3gi\u00e1k titkos\u00edtj\u00e1k az inform\u00e1ci\u00f3kat, amelyeket a weboldal vagy alkalmaz\u00e1s \u00e9s a felhaszn\u00e1l\u00f3 b\u00f6ng\u00e9sz\u0151je k\u00f6z\u00f6tt (vagy k\u00e9t szerver k\u00f6z\u00f6tt) tov\u00e1bb\u00edtanak, \u00edgy az adatok v\u00e9dettek a jogosulatlan hozz\u00e1f\u00e9r\u00e9ssel szemben. A TLS, mint az SSL tov\u00e1bbfejlesztett \u00e9s biztons\u00e1gosabb v\u00e1ltozata, garant\u00e1lja, hogy az \u00f6sszes adat\u00e1tvitel a legmagasabb biztons\u00e1gi el\u0151\u00edr\u00e1soknak megfelel. Ha egy weboldalt SSL-\/TLS tan\u00fas\u00edtv\u00e1ny v\u00e9d, ezt a URL-ben megjelen\u0151 HTTPS jelzi. Ez jelz\u00e9sk\u00e9nt szolg\u00e1l a felhaszn\u00e1l\u00f3knak arra, hogy adataik biztons\u00e1gosan \u00e9s titkos\u00edtva ker\u00fclnek tov\u00e1bb\u00edt\u00e1sra.<\/span><\/p><h2 id=\"m25\"><span style=\"color: #ffffff;\">Szem\u00e9lyes adatok tov\u00e1bb\u00edt\u00e1sa<\/span><\/h2><p><span style=\"color: #ffffff;\">Szem\u00e9lyes adataink feldolgoz\u00e1sa sor\u00e1n el\u0151fordulhat, hogy ezeket m\u00e1s szerveknek, v\u00e1llalatoknak, jogilag \u00f6n\u00e1ll\u00f3 szervezeti egys\u00e9geknek vagy szem\u00e9lyeknek tov\u00e1bb\u00edtjuk vagy azzal szemben felt\u00e1rjuk. Az adatok k\u00f6vetkez\u0151 c\u00edmzettjei lehetnek p\u00e9ld\u00e1ul IT-feladatokra megb\u00edzott szolg\u00e1ltat\u00f3k vagy olyan szolg\u00e1ltat\u00f3k \u00e9s tartalomszolg\u00e1ltat\u00f3k, akik be vannak \u00e9p\u00edtve egy weboldalba. Ilyen esetekben betartjuk a t\u00f6rv\u00e9nyi el\u0151\u00edr\u00e1sokat, \u00e9s k\u00fcl\u00f6n\u00f6sen megfelel\u0151 szerz\u0151d\u00e9seket vagy meg\u00e1llapod\u00e1sokat k\u00f6t\u00fcnk az \u00d6n adatainak v\u00e9delm\u00e9t szolg\u00e1l\u00f3 c\u00edmzettekkel.<\/span><\/p><h2 id=\"m24\"><span style=\"color: #ffffff;\">Nemzetk\u00f6zi adattov\u00e1bb\u00edt\u00e1sok<\/span><\/h2><p class=\"translation-block\">Szem\u00e9lyes adatok feldolgoz\u00e1sa harmadik orsz\u00e1gokban: Amennyiben adatokat dolgozunk fel harmadik orsz\u00e1gban (azaz az Eur\u00f3pai Uni\u00f3n (EU) \u00e9s az Eur\u00f3pai Gazdas\u00e1gi T\u00e9rs\u00e9gen (EGT) k\u00edv\u00fcl), vagy a feldolgoz\u00e1s harmadik f\u00e9l szolg\u00e1ltat\u00e1sainak ig\u00e9nybev\u00e9tele, illetve az adatok m\u00e1s szem\u00e9lyek, szervek vagy v\u00e1llalatok r\u00e9sz\u00e9re t\u00f6rt\u00e9n\u0151 tov\u00e1bb\u00edt\u00e1sa vagy felt\u00e1r\u00e1sa keret\u00e9ben t\u00f6rt\u00e9nik, az kiz\u00e1r\u00f3lag a jogszab\u00e1lyi el\u0151\u00edr\u00e1soknak megfelel\u0151en t\u00f6rt\u00e9nik. Amennyiben a harmadik orsz\u00e1g adatv\u00e9delmi szintj\u00e9t megfelel\u0151s\u00e9gi hat\u00e1rozattal ismert\u00e9k el (a GDPR 45. cikke szerint), ez k\u00e9pezi az adat\u00e1tvitel alapj\u00e1t. Egy\u00e9b esetben az adat\u00e1tvitel csak akkor t\u00f6rt\u00e9nhet meg, ha az adatv\u00e9delmi szint m\u00e1s m\u00f3don biztos\u00edtott, k\u00fcl\u00f6n\u00f6sen az \u00fan. standard szerz\u0151d\u00e9ses z\u00e1rad\u00e9kokon (a GDPR 46. cikk (2) bekezd\u00e9s c) pontja), kifejezett hozz\u00e1j\u00e1rul\u00e1son vagy szerz\u0151d\u00e9ses vagy jogszab\u00e1ly \u00e1ltal el\u0151\u00edrt tov\u00e1bb\u00edt\u00e1son (a GDPR 49. cikk (1) bekezd\u00e9se) kereszt\u00fcl. Tov\u00e1bb\u00e1 az egyes harmadik orsz\u00e1gbeli szolg\u00e1ltat\u00f3kn\u00e1l alkalmazott harmadik orsz\u00e1gokba t\u00f6rt\u00e9n\u0151 adat\u00e1tvitel alapj\u00e1t is k\u00f6z\u00f6lj\u00fck, ahol a megfelel\u0151s\u00e9gi d\u00f6nt\u00e9sek els\u0151dleges ir\u00e1nyad\u00f3k. Inform\u00e1ci\u00f3k a harmadik orsz\u00e1gokba t\u00f6rt\u00e9n\u0151 adat\u00e1tvitelekr\u0151l \u00e9s az \u00e9rv\u00e9nyben l\u00e9v\u0151 megfelel\u0151s\u00e9gi d\u00f6nt\u00e9sekr\u0151l az Eur\u00f3pai Bizotts\u00e1g magyar nyelv\u0171 inform\u00e1ci\u00f3s oldal\u00e1n tal\u00e1lhat\u00f3k: https:\/\/commission.europa.eu\/law\/law-topic\/data-protection\/international-dimension-data-protection_hu.<\/p><p class=\"translation-block\">Az \u201eEU-USA transzatlanti adatv\u00e9delmi keretrendszer\u201d magyar ford\u00edt\u00e1sa:\n\nAz \u00fagynevezett \u201eData Privacy Framework\u201d (DPF) keret\u00e9ben az EU Bizotts\u00e1ga a 2023. j\u00falius 10-i megfelel\u0151s\u00e9gi hat\u00e1rozat alapj\u00e1n bizonyos amerikai v\u00e1llalatok adatv\u00e9delmi szintj\u00e9t is biztons\u00e1gosnak ismerte el. A tan\u00fas\u00edtott v\u00e1llalatok list\u00e1j\u00e1t, valamint tov\u00e1bbi inform\u00e1ci\u00f3kat a DPF-r\u0151l az Egyes\u00fclt \u00c1llamok Kereskedelem Miniszt\u00e9rium\u00e1nak angol nyelv\u0171 weboldal\u00e1n tal\u00e1lhatja meg: https:\/\/www.dataprivacyframework.gov\/. Az adatv\u00e9delmi t\u00e1j\u00e9koztat\u00f3nk keret\u00e9ben t\u00e1j\u00e9koztatjuk \u00d6nt arr\u00f3l, hogy mely szolg\u00e1ltat\u00f3kat tan\u00fas\u00edtottak a Data Privacy Framework szerint.<\/p><h2 id=\"m12\"><span style=\"color: #ffffff;\">\u00c1ltal\u00e1nos inform\u00e1ci\u00f3k az adatok t\u00e1rol\u00e1s\u00e1r\u00f3l \u00e9s t\u00f6rl\u00e9s\u00e9r\u0151l<\/span><\/h2><p><span style=\"color: #ffffff;\">A jogszab\u00e1lyi el\u0151\u00edr\u00e1soknak megfelel\u0151en t\u00f6r\u00f6lj\u00fck az \u00e1ltalunk kezelt szem\u00e9lyes adatokat, amint az alapul szolg\u00e1l\u00f3 hozz\u00e1j\u00e1rul\u00e1s visszavon\u00e1sra ker\u00fcl, vagy nincs t\u00f6bb\u00e9 jogalap a feldolgoz\u00e1sra. Ez vonatkozik azokra az esetekre, amikor az eredeti feldolgoz\u00e1si c\u00e9l megsz\u0171nik, vagy az adatokra m\u00e1r nincs sz\u00fcks\u00e9g. E szab\u00e1ly al\u00f3l kiv\u00e9telt k\u00e9peznek azok az esetek, amikor jogi k\u00f6telezetts\u00e9gek vagy k\u00fcl\u00f6n\u00f6s \u00e9rdekek hosszabb meg\u0151rz\u00e9st vagy archiv\u00e1l\u00e1st tesznek sz\u00fcks\u00e9gess\u00e9.<\/span><\/p><p><span style=\"color: #ffffff;\">K\u00fcl\u00f6n\u00f6sen azokat az adatokat kell archiv\u00e1lni, amelyeket kereskedelmi vagy ad\u00f3jogi okokb\u00f3l meg kell \u0151rizni, illetve amelyeket a jog\u00e9rv\u00e9nyes\u00edt\u00e9s vagy m\u00e1s term\u00e9szetes vagy jogi szem\u00e9lyek jogainak v\u00e9delme \u00e9rdek\u00e9ben sz\u00fcks\u00e9ges t\u00e1rolni.<\/span><\/p><p><span style=\"color: #ffffff;\">Az adatv\u00e9delmi t\u00e1j\u00e9koztat\u00f3nk tov\u00e1bbi inform\u00e1ci\u00f3kat tartalmaz az adatok meg\u0151rz\u00e9s\u00e9r\u0151l \u00e9s t\u00f6rl\u00e9s\u00e9r\u0151l, amelyek k\u00fcl\u00f6n\u00f6sen bizonyos adatkezel\u00e9si folyamatokra vonatkoznak.<\/span><\/p><p><span style=\"color: #ffffff;\">Ha egy adatra vonatkoz\u00f3an t\u00f6bb meg\u0151rz\u00e9si id\u0151tartam vagy t\u00f6rl\u00e9si hat\u00e1rid\u0151 is szerepel, mindig a leghosszabb id\u0151tartamot kell alkalmazni.<\/span><\/p><p><span style=\"color: #ffffff;\">Ha egy hat\u00e1rid\u0151 nem kifejezetten egy adott napt\u00f3l kezd\u0151dik, \u00e9s legal\u00e1bb egy \u00e9vig tart, akkor automatikusan annak a napt\u00e1ri \u00e9vnek a v\u00e9g\u00e9n kezd\u0151dik, amelyben a hat\u00e1rid\u0151t kiv\u00e1lt\u00f3 esem\u00e9ny bek\u00f6vetkezett. Folyamatos szerz\u0151d\u00e9ses viszonyok eset\u00e9n, amelyek keret\u00e9ben adatokat t\u00e1rolnak, a hat\u00e1rid\u0151t kiv\u00e1lt\u00f3 esem\u00e9ny a felmond\u00e1s hat\u00e1lyba l\u00e9p\u00e9s\u00e9nek id\u0151pontja vagy a jogviszony egy\u00e9b megsz\u0171n\u00e9se.<\/span><\/p><p><span style=\"color: #ffffff;\">Azokat az adatokat, amelyeket m\u00e1r nem az eredetileg meghat\u00e1rozott c\u00e9lb\u00f3l, hanem jogszab\u00e1lyi el\u0151\u00edr\u00e1sok vagy egy\u00e9b okok miatt \u0151rz\u00fcnk meg, kiz\u00e1r\u00f3lag azokat az okokat figyelembe v\u00e9ve kezelj\u00fck, amelyek az adatok meg\u0151rz\u00e9s\u00e9t indokolj\u00e1k.<\/span><\/p><p><span style=\"color: #ffffff;\"><strong>Tov\u00e1bbi t\u00e1j\u00e9koztat\u00e1s a feldolgoz\u00e1si folyamatokr\u00f3l, elj\u00e1r\u00e1sokr\u00f3l \u00e9s szolg\u00e1ltat\u00e1sokr\u00f3l:<\/strong><\/span><\/p><ul class=\"m-elements\"><li><span style=\"color: #ffffff;\"><strong>Aufbewahrung und L\u00f6schung von Daten: <\/strong>Die folgenden allgemeinen Fristen gelten f\u00fcr die Aufbewahrung und Archivierung nach deutschem Recht:<\/span><ul><li><span style=\"color: #ffffff;\">10 Jahre &#8211; Aufbewahrungsfrist f\u00fcr B\u00fccher und Aufzeichnungen, Jahresabschl\u00fcsse, Inventare, Lageberichte, Er\u00f6ffnungsbilanz sowie die zu ihrem Verst\u00e4ndnis erforderlichen Arbeitsanweisungen und sonstigen Organisationsunterlagen, Buchungsbelege und Rechnungen (\u00a7 147 Abs. 3 i. V. m. Abs. 1 Nr. 1, 4 und 4a AO, \u00a7 14b Abs. 1 UStG, \u00a7 257 Abs. 1 Nr. 1 u. 4, Abs. 4 HGB).<\/span><\/li><li><span style=\"color: #ffffff;\">6 Jahre &#8211; \u00dcbrige Gesch\u00e4ftsunterlagen: empfangene Handels- oder Gesch\u00e4ftsbriefe, Wiedergaben der abgesandten Handels- oder Gesch\u00e4ftsbriefe, sonstige Unterlagen, soweit sie f\u00fcr die Besteuerung von Bedeutung sind, z.\u00a0B. Stundenlohnzettel, Betriebsabrechnungsb\u00f6gen, Kalkulationsunterlagen, Preisauszeichnungen, aber auch Lohnabrechnungsunterlagen, soweit sie nicht bereits Buchungsbelege sind und Kassenstreifen (\u00a7 147 Abs. 3 i. V. m. Abs. 1 Nr. 2, 3, 5 AO, \u00a7 257 Abs. 1 Nr. 2 u. 3, Abs. 4 HGB).<\/span><\/li><li><span style=\"color: #ffffff;\">3 Jahre &#8211; Daten, die erforderlich sind, um potenzielle Gew\u00e4hrleistungs- und Schadensersatzanspr\u00fcche oder \u00e4hnliche vertragliche Anspr\u00fcche und Rechte zu ber\u00fccksichtigen sowie damit verbundene Anfragen zu bearbeiten, basierend auf fr\u00fcheren Gesch\u00e4ftserfahrungen und \u00fcblichen Branchenpraktiken, werden f\u00fcr die Dauer der regul\u00e4ren gesetzlichen Verj\u00e4hrungsfrist von drei Jahren gespeichert (\u00a7\u00a7 195, 199 BGB).<\/span><\/li><\/ul><\/li><\/ul><h2 id=\"m10\"><span style=\"color: #ffffff;\">Az \u00e9rintett szem\u00e9lyek jogai<\/span><\/h2><p><span style=\"color: #ffffff;\">Az \u00e9rintett szem\u00e9lyek jogai a GDPR szerint: Az \u00e9rintetteket a GDPR k\u00fcl\u00f6nf\u00e9le jogok illetik meg, amelyek k\u00fcl\u00f6n\u00f6sen a GDPR 15.\u201321. cikk\u00e9ben tal\u00e1lhat\u00f3k meg.<\/span><\/p><ul><li><span style=\"color: #ffffff;\"><strong>A tiltakoz\u00e1s joga: \u00d6n jogosult arra, hogy k\u00fcl\u00f6nleges helyzet\u00e9re hivatkozva b\u00e1rmikor tiltakozzon az \u00d6n szem\u00e9lyes adataival kapcsolatos adatkezel\u00e9s ellen, amely a GDPR 6. cikk (1) bekezd\u00e9s e) vagy f) pontja alapj\u00e1n t\u00f6rt\u00e9nik; ez a tiltakoz\u00e1si jog kiterjed az ilyen jogalapokon alapul\u00f3 profilalkot\u00e1sra is. Ha az \u00d6n szem\u00e9lyes adatait k\u00f6zvetlen rekl\u00e1m c\u00e9lj\u00e1b\u00f3l kezelik, akkor \u00d6nnek joga van b\u00e1rmikor tiltakozni az ilyen adatkezel\u00e9s ellen, ide\u00e9rtve azt a profilalkot\u00e1st is, amely k\u00f6zvetlen rekl\u00e1moz\u00e1ssal kapcsolatos.<\/strong><\/span><\/li><li class=\"translation-block\"><span style=\"color: #ffffff\"><strong>Az \u00f6nk\u00e9ntes hozz\u00e1j\u00e1rul\u00e1s visszavon\u00e1s\u00e1nak joga:<\/strong> \u00d6n jogosult arra, hogy adott hozz\u00e1j\u00e1rul\u00e1s\u00e1t b\u00e1rmikor visszavonja. A hozz\u00e1j\u00e1rul\u00e1s visszavon\u00e1sa azonban nem \u00e9rinti azokat az adatkezel\u00e9si tev\u00e9kenys\u00e9geket, amelyek a visszavon\u00e1s el\u0151tt jogszer\u0171en t\u00f6rt\u00e9ntek.<\/span><\/li><li class=\"translation-block\"><span style=\"color: #ffffff\"><strong>T\u00e1j\u00e9koztat\u00e1shoz val\u00f3 jog:<\/strong> \u00d6n jogosult arra, hogy meger\u0151s\u00edt\u00e9st k\u00e9rjen arr\u00f3l, hogy az \u00d6nre vonatkoz\u00f3 adatait kezelik-e, tov\u00e1bb\u00e1 jog\u00e1ban \u00e1ll t\u00e1j\u00e9koztat\u00e1st kapni ezekr\u0151l az adatokr\u00f3l, valamint tov\u00e1bbi inform\u00e1ci\u00f3kat \u00e9s az adatok m\u00e1solat\u00e1t k\u00e9rni a jogszab\u00e1ly szerinti el\u0151\u00edr\u00e1soknak megfelel\u0151en.<\/span><\/li><li class=\"translation-block\"><span style=\"color: #ffffff\"><strong>Jav\u00edt\u00e1shoz val\u00f3 jog:<\/strong> \u00d6n jogosult a jogszab\u00e1lyi el\u0151\u00edr\u00e1soknak megfelel\u0151en k\u00e9rni az \u00d6nre vonatkoz\u00f3 adatok kieg\u00e9sz\u00edt\u00e9s\u00e9t vagy a t\u00e9ves adatok helyesb\u00edt\u00e9s\u00e9t.<\/span><\/li><li class=\"translation-block\"><span style=\"color: #ffffff\"><strong>T\u00f6rl\u00e9shez val\u00f3 jog \u00e9s az adatkezel\u00e9s korl\u00e1toz\u00e1s\u00e1hoz val\u00f3 jog:<\/strong> \u00d6n a jogszab\u00e1lyi el\u0151\u00edr\u00e1soknak megfelel\u0151en jogosult k\u00e9rni az \u00d6nre vonatkoz\u00f3 szem\u00e9lyes adatok halad\u00e9ktalan t\u00f6rl\u00e9s\u00e9t, vagy alternat\u00edvak\u00e9nt az adatkezel\u00e9s korl\u00e1toz\u00e1s\u00e1t.<\/span><\/li><li class=\"translation-block\"><span style=\"color: #ffffff\"><strong>Adathordozhat\u00f3s\u00e1ghoz val\u00f3 jog:<\/strong> \u00d6n jogosult arra, hogy az \u00d6n \u00e1ltal megadott adatokat a jogszab\u00e1lyi el\u0151\u00edr\u00e1soknak megfelel\u0151en struktur\u00e1lt, sz\u00e9les k\u00f6rben haszn\u00e1lt \u00e9s g\u00e9ppel olvashat\u00f3 form\u00e1tumban megkapja, illetve k\u00e9rheti azok tov\u00e1bb\u00edt\u00e1s\u00e1t egy m\u00e1sik adatkezel\u0151nek.<\/span><\/li><li class=\"translation-block\"><span style=\"color: #ffffff\"><strong>Panasz beny\u00fajt\u00e1s\u00e1nak joga a fel\u00fcgyeleti hat\u00f3s\u00e1ghoz:<\/strong> \u00d6n jogosult a jogszab\u00e1lyok \u00e1ltal biztos\u00edtott egy\u00e9b igazgat\u00e1si vagy b\u00edr\u00f3s\u00e1gi jogorvoslat alkalmaz\u00e1sa mellett is panaszt tenni az illet\u00e9kes fel\u00fcgyeleti hat\u00f3s\u00e1gn\u00e1l, k\u00fcl\u00f6n\u00f6sen annak a tag\u00e1llamnak a hat\u00f3s\u00e1g\u00e1n\u00e1l, ahol szok\u00e1sos tart\u00f3zkod\u00e1si helye, a munkav\u00e9gz\u00e9s helye vagy a felt\u00e9telezett jogs\u00e9rt\u00e9s t\u00f6rt\u00e9nt, amennyiben \u00fagy v\u00e9li, hogy az \u00d6n szem\u00e9lyes adatainak kezel\u00e9se s\u00e9rti a GDPR el\u0151\u00edr\u00e1sait.<\/span><\/li><\/ul><h2 id=\"m317\"><span style=\"color: #ffffff;\">\u00dczleti szolg\u00e1ltat\u00e1sok<\/span><\/h2><p><span style=\"color: #ffffff;\">Szerz\u0151d\u00e9ses \u00e9s \u00fczleti partnereink, p\u00e9ld\u00e1ul \u00fcgyfelek \u00e9s \u00e9rdekl\u0151d\u0151k (\u00f6sszefoglal\u00f3an \u201eszerz\u0151d\u0151 partnerek\u201d n\u00e9ven) adatainak kezel\u00e9s\u00e9t a szerz\u0151d\u00e9ses \u00e9s hasonl\u00f3 jogviszonyok keret\u00e9ben, valamint ezzel \u00f6sszef\u00fcgg\u0151 int\u00e9zked\u00e9sek sor\u00e1n \u00e9s a szerz\u0151d\u0151 partnerekkel folytatott kommunik\u00e1ci\u00f3 c\u00e9lj\u00e1b\u00f3l (vagy el\u0151zetesen a szerz\u0151d\u00e9s el\u0151tt), p\u00e9ld\u00e1ul k\u00e9rd\u00e9sek megv\u00e1laszol\u00e1sa \u00e9rdek\u00e9ben v\u00e9gezz\u00fck.<\/span><\/p><p><span style=\"color: #ffffff;\">Az adatokat szerz\u0151d\u00e9ses k\u00f6telezetts\u00e9geink teljes\u00edt\u00e9se \u00e9rdek\u00e9ben haszn\u00e1ljuk fel. Ez k\u00fcl\u00f6n\u00f6sen mag\u00e1ban foglalja a meg\u00e1llapodott szolg\u00e1ltat\u00e1sok teljes\u00edt\u00e9s\u00e9re vonatkoz\u00f3 k\u00f6telezetts\u00e9geket, az esetleges friss\u00edt\u00e9si k\u00f6telezetts\u00e9geket, valamint a j\u00f3t\u00e1ll\u00e1si \u00e9s egy\u00e9b teljes\u00edtm\u00e9nybeli zavarok eset\u00e9n t\u00f6rt\u00e9n\u0151 int\u00e9zked\u00e9seket. Ezen t\u00falmen\u0151en az adatokat jogaink \u00e9rv\u00e9nyes\u00edt\u00e9se \u00e9s a kapcsol\u00f3d\u00f3 adminisztrat\u00edv feladatok, illetve a v\u00e1llalati szervez\u00e9s c\u00e9lj\u00e1b\u00f3l is felhaszn\u00e1ljuk. Az adatokat tov\u00e1bb\u00e1 jogos \u00e9rdekeink alapj\u00e1n kezelj\u00fck mind a szab\u00e1lyszer\u0171 \u00e9s gazdas\u00e1gos \u00fczleti m\u0171k\u00f6d\u00e9s \u00e9rdek\u00e9ben, mind pedig biztons\u00e1gi int\u00e9zked\u00e9sek alkalmaz\u00e1s\u00e1hoz az \u00fczleti partnereink \u00e9s \u00fczleti tev\u00e9kenys\u00e9g\u00fcnk vissza\u00e9l\u00e9sek \u00e9s a szem\u00e9lyes adataik, titkaik, inform\u00e1ci\u00f3ik \u00e9s jogaik vesz\u00e9lyeztet\u00e9se elleni v\u00e9delm\u00e9ben (p\u00e9ld\u00e1ul t\u00e1vk\u00f6zl\u00e9si, sz\u00e1ll\u00edt\u00e1si \u00e9s egy\u00e9b seg\u00e9dszolg\u00e1ltat\u00e1sok, alv\u00e1llalkoz\u00f3k, bankok, ad\u00f3- \u00e9s jogi tan\u00e1csad\u00f3k, fizet\u00e9si szolg\u00e1ltat\u00f3k vagy p\u00e9nz\u00fcgyi hat\u00f3s\u00e1gok bevon\u00e1s\u00e1val). A hat\u00e1lyos jogszab\u00e1lyok keretei k\u00f6z\u00f6tt a szerz\u0151d\u00e9ses partnerek adatait csak olyan m\u00e9rt\u00e9kben adjuk \u00e1t harmadik f\u00e9lnek, amennyiben az a fent eml\u00edtett c\u00e9lok \u00e9rdek\u00e9ben vagy jogszab\u00e1lyi k\u00f6telezetts\u00e9gek teljes\u00edt\u00e9se c\u00e9lj\u00e1b\u00f3l sz\u00fcks\u00e9ges. Marketing c\u00e9l\u00fa adatkezel\u00e9sr\u0151l a szerz\u0151d\u00e9ses partnereket jelen adatv\u00e9delmi nyilatkozat keret\u00e9ben t\u00e1j\u00e9koztatjuk.<\/span><\/p><p><span style=\"color: #ffffff;\">Az el\u0151bb eml\u00edtett c\u00e9lokra sz\u00fcks\u00e9ges adatokat a szerz\u0151d\u0151 partnereknek az adatgy\u0171jt\u00e9s el\u0151tt vagy annak sor\u00e1n k\u00f6z\u00f6lj\u00fck p\u00e9ld\u00e1ul online \u0171rlapokon, k\u00fcl\u00f6n jel\u00f6l\u00e9ssel (p\u00e9ld\u00e1ul sz\u00ednk\u00f3dokkal) vagy szimb\u00f3lumokkal (p\u00e9ld\u00e1ul csillaggal vagy hasonl\u00f3val), illetve szem\u00e9lyesen.<\/span><\/p><p><span style=\"color: #ffffff;\">Az adatokat a jogszab\u00e1lyi j\u00f3t\u00e1ll\u00e1si \u00e9s hasonl\u00f3 k\u00f6telezetts\u00e9gek lej\u00e1rt\u00e1t k\u00f6vet\u0151en t\u00f6r\u00f6lj\u00fck, ami \u00e1ltal\u00e1ban n\u00e9gy \u00e9v, kiv\u00e9ve, ha az adatok \u00fcgyf\u00e9lfi\u00f3kban t\u00e1rol\u00f3dnak, p\u00e9ld\u00e1ul addig, am\u00edg jogi okokb\u00f3l archiv\u00e1lni kell \u0151ket (p\u00e9ld\u00e1ul ad\u00f3z\u00e1si c\u00e9lokra \u00e1ltal\u00e1ban t\u00edz \u00e9vig). A szerz\u0151d\u00e9s teljes\u00edt\u00e9se keret\u00e9ben a szerz\u0151d\u0151 partner \u00e1ltal megosztott adatokat az el\u0151\u00edr\u00e1soknak megfelel\u0151en, alapvet\u0151en a szerz\u0151d\u00e9s megsz\u0171n\u00e9s\u00e9t k\u00f6vet\u0151en t\u00f6r\u00f6lj\u00fck.<\/span><\/p><ul class=\"m-elements\"><li class=\"translation-block\"><span style=\"color: #ffffff\"><strong>Feldolgozott adatfajt\u00e1k:<\/strong> Nyilv\u00e1ntart\u00e1si adatok (pl. teljes n\u00e9v, lakc\u00edm, kapcsolattart\u00e1si adatok, \u00fcgyf\u00e9lsz\u00e1m stb.); fizet\u00e9si adatok (pl. banksz\u00e1mla adatok, sz\u00e1ml\u00e1k, fizet\u00e9si el\u0151zm\u00e9nyek); kapcsolattart\u00e1si adatok (pl. postai \u00e9s e-mail c\u00edmek vagy telefonsz\u00e1mok). Szerz\u0151d\u00e9ses adatok (pl. szerz\u0151d\u00e9s t\u00e1rgya, id\u0151tartama, \u00fcgyf\u00e9lkateg\u00f3ria).<\/span><\/li><li class=\"translation-block\"><span style=\"color: #ffffff\"><strong>\u00c9rintett szem\u00e9lyek:<\/strong> Szolg\u00e1ltat\u00e1s ig\u00e9nybevev\u0151i \u00e9s megrendel\u0151k; \u00e9rdekl\u0151d\u0151k. \u00dczleti \u00e9s szerz\u0151d\u00e9ses partnerek.<\/span><\/li><li class=\"translation-block\"><span style=\"color: #ffffff\"><strong>Az adatkezel\u00e9s c\u00e9ljai:<\/strong> Szerz\u0151d\u00e9ses szolg\u00e1ltat\u00e1sok teljes\u00edt\u00e9se \u00e9s szerz\u0151d\u00e9ses k\u00f6telezetts\u00e9gek teljes\u00edt\u00e9se; kommunik\u00e1ci\u00f3; irodai \u00e9s szervez\u00e9si elj\u00e1r\u00e1sok; szervezeti \u00e9s igazgat\u00e1si elj\u00e1r\u00e1sok. \u00dczleti folyamatok \u00e9s gazdas\u00e1gi elj\u00e1r\u00e1sok.<\/span><\/li><li class=\"translation-block\"><span style=\"color: #ffffff\"><strong>T\u00e1rol\u00e1s \u00e9s t\u00f6rl\u00e9s:<\/strong> Az adatok t\u00f6rl\u00e9s\u00e9re a \u201e\u00c1ltal\u00e1nos inform\u00e1ci\u00f3k az adatmeg\u0151rz\u00e9sr\u0151l \u00e9s t\u00f6rl\u00e9sr\u0151l\u201d c\u00edm\u0171 szakaszban foglaltak szerint ker\u00fcl sor.<\/span><\/li><li class=\"translation-block\"><span style=\"color: #ffffff\"><strong>Jogalapok:<\/strong> Szerz\u0151d\u00e9s teljes\u00edt\u00e9se \u00e9s el\u0151zetes szerz\u0151d\u00e9ses megkeres\u00e9sek (GDPR 6. cikk (1) bekezd\u00e9s, 1. mondat b) pont); jogi k\u00f6telezetts\u00e9g (GDPR 6. cikk (1) bekezd\u00e9s, 1. mondat c) pont). Jogos \u00e9rdekek (GDPR 6. cikk (1) bekezd\u00e9s, 1. mondat f) pont).<\/span><\/li><\/ul><p><span style=\"color: #ffffff;\"><strong>Tov\u00e1bbi t\u00e1j\u00e9koztat\u00e1s a feldolgoz\u00e1si folyamatokr\u00f3l, elj\u00e1r\u00e1sokr\u00f3l \u00e9s szolg\u00e1ltat\u00e1sokr\u00f3l:<\/strong><\/span><\/p><ul class=\"m-elements\"><li><span style=\"color: #ffffff;\"><strong>Projekt- und Entwicklungsleistungen: <\/strong>Wir verarbeiten die Daten unserer Kunden sowie Auftraggeber (nachfolgend einheitlich als &#8222;Kunden&#8220; bezeichnet), um ihnen die Auswahl, den Erwerb bzw. die Beauftragung der gew\u00e4hlten Leistungen oder Werke sowie verbundener T\u00e4tigkeiten als auch deren Bezahlung und Zurverf\u00fcgungstellung bzw. Ausf\u00fchrung oder Erbringung zu erm\u00f6glichen.<\/span><p><span style=\"color: #ffffff;\">Die erforderlichen Angaben sind als solche im Rahmen des Auftrags-, Bestell- bzw. vergleichbaren Vertragsschlusses gekennzeichnet und umfassen die zur Leistungserbringung und Abrechnung ben\u00f6tigten Angaben sowie Kontaktinformationen, um etwaige R\u00fccksprachen halten zu k\u00f6nnen. Soweit wir Zugang zu Informationen der Endkunden, Mitarbeitern oder anderer Personen erhalten, verarbeiten wir diese im Einklang mit den gesetzlichen und vertraglichen Vorgaben; <span class=\"\"><strong>Rechtsgrundlagen:<\/strong> Vertragserf\u00fcllung und vorvertragliche Anfragen (Art. 6 Abs. 1 S. 1 lit. b) DSGVO).<\/span><\/span><\/p><\/li><\/ul><h2 id=\"m225\"><span style=\"color: #ffffff;\">Az online aj\u00e1nlat biztos\u00edt\u00e1sa \u00e9s t\u00e1rhelyszolg\u00e1ltat\u00e1s.<\/span><\/h2><p><span style=\"color: #ffffff;\">Az adatokat a felhaszn\u00e1l\u00f3k szem\u00e9lyes adatainak kezel\u00e9s\u00e9re haszn\u00e1ljuk annak \u00e9rdek\u00e9ben, hogy online szolg\u00e1ltat\u00e1sainkat el\u00e9rhet\u0151v\u00e9 tegy\u00fck sz\u00e1mukra. Ennek sor\u00e1n kezelj\u00fck a felhaszn\u00e1l\u00f3k IP-c\u00edm\u00e9t, amely sz\u00fcks\u00e9ges ahhoz, hogy az online szolg\u00e1ltat\u00e1saink tartalmait \u00e9s funkci\u00f3it megfelel\u0151en tov\u00e1bb\u00edtsuk a felhaszn\u00e1l\u00f3k b\u00f6ng\u00e9sz\u0151j\u00e9re vagy eszk\u00f6z\u00e9re.<\/span><\/p><ul class=\"m-elements\"><li class=\"translation-block\"><span style=\"color: #ffffff\"><strong>Feldolgozott adatfajt\u00e1k:<\/strong> Haszn\u00e1lati adatok (p\u00e9ld\u00e1ul oldalmegtekint\u00e9sek \u00e9s tart\u00f3zkod\u00e1si id\u0151, kattint\u00e1si \u00fatvonalak, haszn\u00e1lat intenzit\u00e1sa \u00e9s gyakoris\u00e1ga, haszn\u00e1lt eszk\u00f6zt\u00edpusok \u00e9s oper\u00e1ci\u00f3s rendszerek, interakci\u00f3k a tartalmakkal \u00e9s funkci\u00f3kkal); metaadatok, kommunik\u00e1ci\u00f3s \u00e9s elj\u00e1r\u00e1si adatok (p\u00e9ld\u00e1ul IP-c\u00edmek, id\u0151b\u00e9lyegek, azonos\u00edt\u00f3sz\u00e1mok, kapcsol\u00f3d\u00f3 szem\u00e9lyek); napl\u00f3z\u00e1si adatok (p\u00e9ld\u00e1ul bel\u00e9p\u00e9si napl\u00f3k, adathozz\u00e1f\u00e9r\u00e9sek vagy hozz\u00e1f\u00e9r\u00e9si id\u0151pontok); tartalmi adatok (p\u00e9ld\u00e1ul sz\u00f6veges vagy k\u00e9pi \u00fczenetek \u00e9s bejegyz\u00e9sek, valamint az ezekhez kapcsol\u00f3d\u00f3 inform\u00e1ci\u00f3k, mint p\u00e9ld\u00e1ul szerz\u0151i adatok vagy k\u00e9sz\u00edt\u00e9s d\u00e1tuma).<\/span><\/li><li class=\"translation-block\"><span style=\"color: #ffffff\"><strong>\u00c9rintett szem\u00e9lyek:<\/strong> Felhaszn\u00e1l\u00f3k (p\u00e9ld\u00e1ul weboldal l\u00e1togat\u00f3k, online szolg\u00e1ltat\u00e1sokat ig\u00e9nybe vev\u0151k).<\/span><\/li><li class=\"translation-block\"><span style=\"color: #ffffff\"><strong>Az adatkezel\u00e9s c\u00e9ljai:<\/strong> Online szolg\u00e1ltat\u00e1saink rendelkez\u00e9sre bocs\u00e1t\u00e1sa \u00e9s a felhaszn\u00e1l\u00f3i \u00e9lm\u00e9ny jav\u00edt\u00e1sa; informatikai infrastrukt\u00fara m\u0171k\u00f6dtet\u00e9se \u00e9s biztos\u00edt\u00e1sa (inform\u00e1ci\u00f3s rendszerek \u00e9s technikai eszk\u00f6z\u00f6k, p\u00e9ld\u00e1ul sz\u00e1m\u00edt\u00f3g\u00e9pek, szerverek); biztons\u00e1gi int\u00e9zked\u00e9sek v\u00e9grehajt\u00e1sa.<\/span><\/li><li class=\"translation-block\"><span style=\"color: #ffffff\"><strong>T\u00e1rol\u00e1s \u00e9s t\u00f6rl\u00e9s:<\/strong> Az adatok t\u00f6rl\u00e9s\u00e9re a \u201e\u00c1ltal\u00e1nos inform\u00e1ci\u00f3k az adatmeg\u0151rz\u00e9sr\u0151l \u00e9s t\u00f6rl\u00e9sr\u0151l\u201d c\u00edm\u0171 szakaszban foglaltak szerint ker\u00fcl sor.<\/span><\/li><li class=\"translation-block\"><span style=\"color: #ffffff\"><strong>Jogalapok:<\/strong> Jogos \u00e9rdekek (az Eur\u00f3pai Parlament \u00e9s a Tan\u00e1cs 2016. \u00e1prilis 27-i (EU) 2016\/679 rendelete (\u00c1ltal\u00e1nos adatv\u00e9delmi rendelet, GDPR) 6. cikk (1) bekezd\u00e9s f) pontja alapj\u00e1n); hozz\u00e1j\u00e1rul\u00e1s (GDPR 6. cikk (1) bekezd\u00e9s a) pontja).<\/span><\/li><\/ul><p><span style=\"color: #ffffff;\"><strong>Tov\u00e1bbi t\u00e1j\u00e9koztat\u00e1s a feldolgoz\u00e1si folyamatokr\u00f3l, elj\u00e1r\u00e1sokr\u00f3l \u00e9s szolg\u00e1ltat\u00e1sokr\u00f3l:<\/strong><\/span><\/p><ul class=\"m-elements\"><li class=\"translation-block\"><span style=\"color: #ffffff\"><strong>Online szolg\u00e1ltat\u00e1s el\u00e9rhet\u0151s\u00e9ge b\u00e9relt t\u00e1rhelyen:<\/strong> Az online szolg\u00e1ltat\u00e1sunk el\u00e9rhet\u0151v\u00e9 t\u00e9tel\u00e9hez t\u00e1rhelyet, sz\u00e1m\u00edt\u00e1si kapacit\u00e1st \u00e9s szoftvert vesz\u00fcnk ig\u00e9nybe egy erre a c\u00e9lra szolg\u00e1l\u00f3 szerverszolg\u00e1ltat\u00f3t\u00f3l (m\u00e1s n\u00e9ven \u201ewebt\u00e1rhely szolg\u00e1ltat\u00f3\u201d), akit\u0151l ezeket b\u00e9rl\u00fcnk vagy egy\u00e9b m\u00f3don szerz\u00fcnk be; <strong>Jogalap:<\/strong> jogos \u00e9rdek az Eur\u00f3pai Parlament \u00e9s a Tan\u00e1cs 2016. \u00e1prilis 27-i (EU) 2016\/679 rendelete (\u00e1ltal\u00e1nos adatv\u00e9delmi rendelet, GDPR) 6. cikk (1) bekezd\u00e9s f) pontja alapj\u00e1n.<\/span><\/li><li class=\"translation-block\"><span style=\"color: #ffffff\"><strong>Hozz\u00e1f\u00e9r\u00e9si adatok \u00e9s napl\u00f3f\u00e1jlok gy\u0171jt\u00e9se:<\/strong> Az online szolg\u00e1ltat\u00e1sunkhoz t\u00f6rt\u00e9n\u0151 hozz\u00e1f\u00e9r\u00e9st \u00fagynevezett \u201eszervernapl\u00f3kban\u201d r\u00f6gz\u00edtj\u00fck. Ezek a szervernapl\u00f3k tartalmazhatj\u00e1k a lek\u00e9rt weboldalak \u00e9s f\u00e1jlok c\u00edm\u00e9t \u00e9s nev\u00e9t, a lek\u00e9r\u00e9s id\u0151pontj\u00e1t, az \u00e1tvitt adatmennyis\u00e9get, a sikeres lek\u00e9r\u00e9sr\u0151l sz\u00f3l\u00f3 visszajelz\u00e9st, a b\u00f6ng\u00e9sz\u0151 t\u00edpus\u00e1t \u00e9s verzi\u00f3j\u00e1t, a felhaszn\u00e1l\u00f3 oper\u00e1ci\u00f3s rendszer\u00e9t, a hivatkoz\u00f3 URL-c\u00edmet (az el\u0151z\u0151leg megl\u00e1togatott oldalt), valamint \u00e1ltal\u00e1ban az IP-c\u00edmet \u00e9s a lek\u00e9rdez\u00e9st v\u00e9gz\u0151 szolg\u00e1ltat\u00f3t. A szervernapl\u00f3kat biztons\u00e1gi c\u00e9lokra haszn\u00e1ljuk, p\u00e9ld\u00e1ul a t\u00falterhel\u00e9s elker\u00fcl\u00e9se \u00e9rdek\u00e9ben (k\u00fcl\u00f6n\u00f6sen DDoS t\u00edpus\u00fa vissza\u00e9l\u00e9sek eset\u00e9n), valamint a szerverek terhel\u00e9s\u00e9nek \u00e9s stabilit\u00e1s\u00e1nak biztos\u00edt\u00e1s\u00e1ra. <strong>Jogalap:<\/strong> Jogos \u00e9rdek az Eur\u00f3pai Parlament \u00e9s a Tan\u00e1cs 2016. \u00e1prilis 27-i (EU) 2016\/679 rendelete (\u00c1ltal\u00e1nos adatv\u00e9delmi rendelet, GDPR) 6. cikk (1) bekezd\u00e9s f) pontja alapj\u00e1n. <strong>Adatok t\u00f6rl\u00e9se:<\/strong> A napl\u00f3f\u00e1jlokban t\u00e1rolt inform\u00e1ci\u00f3kat legfeljebb 30 napig \u0151rizz\u00fck meg, ezut\u00e1n t\u00f6r\u00f6lj\u00fck vagy anonimiz\u00e1ljuk. Azok az adatok, amelyek tov\u00e1bbi meg\u0151rz\u00e9se bizony\u00edt\u00e1si c\u00e9lokat szolg\u00e1l, a vizsg\u00e1lt \u00fcgy v\u00e9gleges tiszt\u00e1z\u00e1s\u00e1ig nem ker\u00fclnek t\u00f6rl\u00e9sre.<\/span><\/li><li class=\"translation-block\"><span style=\"color: #ffffff\"><strong>E-mail k\u00fcld\u00e9s \u00e9s -t\u00e1rol\u00e1s:<\/strong> Az \u00e1ltalatok ig\u00e9nybe vett webt\u00e1rhely-szolg\u00e1ltat\u00e1sok k\u00f6z\u00e9 tartozik az e-mailek kik\u00fcld\u00e9se, fogad\u00e1sa \u00e9s t\u00e1rol\u00e1sa is. E c\u00e9lb\u00f3l a k\u00fcld\u0151k \u00e9s a c\u00edmzettek c\u00edmei, tov\u00e1bb\u00e1 az e-mail k\u00fcld\u00e9ssel kapcsolatos tov\u00e1bbi inform\u00e1ci\u00f3k (p\u00e9ld\u00e1ul az \u00e9rintett szolg\u00e1ltat\u00f3k), valamint az adott e-mailek tartalma is feldolgoz\u00e1sra ker\u00fcl. A fenti adatokat spam-\u00e9szlel\u00e9s c\u00e9lj\u00e1b\u00f3l is feldolgozhatjuk. Felh\u00edvjuk figyelmet arra, hogy az e-mailek az interneten alapvet\u0151en nem titkos\u00edtottan ker\u00fclnek tov\u00e1bb\u00edt\u00e1sra. B\u00e1r a tov\u00e1bb\u00edt\u00e1si \u00fatvonalon az e-mailek \u00e1ltal\u00e1ban titkos\u00edtottak, azonban (ha nem alkalmaznak \u00fagynevezett v\u00e9gpontt\u00f3l v\u00e9gpontig terjed\u0151 titkos\u00edt\u00e1st) nem titkos\u00edtottak azon szervereken, ahonnan azokat k\u00fcldik \u00e9s fogadj\u00e1k. Ez\u00e9rt az e-mailek felad\u00f3j\u00e1t\u00f3l a szerver\u00fcnkig t\u00f6rt\u00e9n\u0151 tov\u00e1bb\u00edt\u00e1s\u00e1\u00e9rt felel\u0151ss\u00e9get nem tudunk v\u00e1llalni; <strong>Jogalap:<\/strong> Jogos \u00e9rdek az Eur\u00f3pai Parlament \u00e9s a Tan\u00e1cs 2016. \u00e1prilis 27-i (EU) 2016\/679 rendelete (\u00c1ltal\u00e1nos adatv\u00e9delmi rendelet, GDPR) 6. cikk (1) bekezd\u00e9s f) pontja alapj\u00e1n.<\/span><\/li><\/ul><h2 id=\"m134\"><span style=\"color: #ffffff;\">Cookie-k haszn\u00e1lata<\/span><\/h2><p><span style=\"color: #ffffff;\">Cookie-k kis sz\u00f6veges f\u00e1jlok vagy egy\u00e9b t\u00e1rol\u00f3 elemek, amelyek inform\u00e1ci\u00f3kat mentenek el a v\u00e9gk\u00e9sz\u00fcl\u00e9keken, \u00e9s ezekb\u0151l olvass\u00e1k ki az adatokat. P\u00e9ld\u00e1ul arra szolg\u00e1lnak, hogy egy felhaszn\u00e1l\u00f3i fi\u00f3k bejelentkez\u00e9si \u00e1llapot\u00e1t, egy web\u00e1ruh\u00e1z kos\u00e1r tartalm\u00e1t, az el\u00e9rhet\u0151 tartalmakat vagy egy online szolg\u00e1ltat\u00e1s funkci\u00f3it t\u00e1rolj\u00e1k. A cookie-k k\u00fcl\u00f6nb\u00f6z\u0151 c\u00e9lokra is felhaszn\u00e1lhat\u00f3k, p\u00e9ld\u00e1ul az online szolg\u00e1ltat\u00e1sok m\u0171k\u00f6d\u00e9s\u00e9nek, biztons\u00e1g\u00e1nak \u00e9s k\u00e9nyelm\u00e9nek biztos\u00edt\u00e1s\u00e1ra, valamint a l\u00e1togat\u00f3i forgalom elemz\u00e9s\u00e9re.<\/span><\/p><p class=\"translation-block\"><span style=\"color: #ffffff\"><strong>Hozz\u00e1j\u00e1rul\u00e1sra vonatkoz\u00f3 t\u00e1j\u00e9koztat\u00e1s:<\/strong> Cookie-kat a jogszab\u00e1lyi el\u0151\u00edr\u00e1sokkal \u00f6sszhangban haszn\u00e1lunk. Ez\u00e9rt a felhaszn\u00e1l\u00f3kt\u00f3l el\u0151zetes hozz\u00e1j\u00e1rul\u00e1st k\u00e9r\u00fcnk, kiv\u00e9ve, ha a t\u00f6rv\u00e9ny szerint erre nincs sz\u00fcks\u00e9g. Hozz\u00e1j\u00e1rul\u00e1s k\u00fcl\u00f6n\u00f6sen nem sz\u00fcks\u00e9ges akkor, ha az inform\u00e1ci\u00f3k, \u00edgy a cookie-k t\u00e1rol\u00e1sa \u00e9s olvas\u00e1sa felt\u00e9tlen\u00fcl sz\u00fcks\u00e9ges ahhoz, hogy a felhaszn\u00e1l\u00f3k sz\u00e1m\u00e1ra egy kifejezetten \u00e1ltaluk ig\u00e9nyelt t\u00e1vk\u00f6zl\u00e9si szolg\u00e1ltat\u00e1st (azaz online szolg\u00e1ltat\u00e1sunkat) biztos\u00edtsunk. A visszavonhat\u00f3 hozz\u00e1j\u00e1rul\u00e1st \u00e9rthet\u0151en kommunik\u00e1ljuk a felhaszn\u00e1l\u00f3k fel\u00e9, \u00e9s tartalmazza az adott cookie-k haszn\u00e1lat\u00e1ra vonatkoz\u00f3 inform\u00e1ci\u00f3kat.<\/span><\/p><p class=\"translation-block\"><span style=\"color: #ffffff\"><strong>T\u00e1j\u00e9koztat\u00e1s az adatv\u00e9delmi jogalapokr\u00f3l:<\/strong> Az, hogy milyen adatv\u00e9delmi jogalapon kezelj\u00fck a felhaszn\u00e1l\u00f3k szem\u00e9lyes adatait cookie-k seg\u00edts\u00e9g\u00e9vel, att\u00f3l f\u00fcgg, k\u00e9r\u00fcnk-e t\u0151l\u00fck hozz\u00e1j\u00e1rul\u00e1st. Amennyiben a felhaszn\u00e1l\u00f3k hozz\u00e1j\u00e1rulnak, akkor az adatkezel\u00e9s jogalapja a kifejezett hozz\u00e1j\u00e1rul\u00e1suk. Ellent\u00e9tes esetben a cookie-k r\u00e9v\u00e9n gy\u0171jt\u00f6tt adatokat jogos \u00e9rdekeink alapj\u00e1n kezelj\u00fck (p\u00e9ld\u00e1ul az online szolg\u00e1ltat\u00e1sunk gazdas\u00e1gi m\u0171k\u00f6dtet\u00e9se \u00e9s haszn\u00e1lhat\u00f3s\u00e1g\u00e1nak jav\u00edt\u00e1sa \u00e9rdek\u00e9ben), vagy ha a cookie-k haszn\u00e1lata a szerz\u0151d\u00e9ses k\u00f6telezetts\u00e9geink teljes\u00edt\u00e9s\u00e9hez sz\u00fcks\u00e9ges. A cookie-k felhaszn\u00e1l\u00e1si c\u00e9ljair\u00f3l ezen adatv\u00e9delmi t\u00e1j\u00e9koztat\u00f3 vagy a hozz\u00e1j\u00e1rul\u00e1si illetve adatkezel\u00e9si folyamatok sor\u00e1n ny\u00fajtunk r\u00e9szletes t\u00e1j\u00e9koztat\u00e1st.<\/span><\/p><p class=\"translation-block\"><span style=\"color: #ffffff\"><strong>T\u00e1rol\u00e1si id\u0151tartam:<\/strong> A t\u00e1rol\u00e1si id\u0151tartammal kapcsolatban a k\u00f6vetkez\u0151 cookie-t\u00edpusokat k\u00fcl\u00f6nb\u00f6ztetj\u00fck meg:<\/span><\/p><ul><li class=\"translation-block\"><span style=\"color: #ffffff\"><strong>Ideiglenes cookie-k (m\u00e1s n\u00e9ven munkamenet cookie-k vagy szekci\u00f3s cookie-k):<\/strong> Az ideiglenes cookie-k legk\u00e9s\u0151bb akkor t\u00f6rl\u0151dnek, amikor a felhaszn\u00e1l\u00f3 elhagyja az online szolg\u00e1ltat\u00e1st, \u00e9s bez\u00e1rja a v\u00e9gk\u00e9sz\u00fcl\u00e9k\u00e9t (p\u00e9ld\u00e1ul a b\u00f6ng\u00e9sz\u0151j\u00e9t vagy a mobilalkalmaz\u00e1st).<\/span><\/li><li class=\"translation-block\"><span style=\"color: #ffffff\"><strong>\u00c1lland\u00f3 cookie-k:<\/strong> Az \u00e1lland\u00f3 cookie-k a v\u00e9gk\u00e9sz\u00fcl\u00e9k bez\u00e1r\u00e1sa ut\u00e1n is t\u00e1rol\u00f3dnak. P\u00e9ld\u00e1ul meg\u0151rizhetik a bejelentkez\u00e9si \u00e1llapotot, \u00e9s a felhaszn\u00e1l\u00f3 oldal \u00fajabb megl\u00e1togat\u00e1sakor k\u00f6zvetlen\u00fcl megjelen\u00edthetik a kedvenc tartalmakat. A cookie-k seg\u00edts\u00e9g\u00e9vel gy\u0171jt\u00f6tt felhaszn\u00e1l\u00f3i adatok el\u00e9r\u00e9sm\u00e9r\u00e9sre is felhaszn\u00e1lhat\u00f3k. Amennyiben nem k\u00f6zl\u00fcnk a felhaszn\u00e1l\u00f3val kifejezett t\u00e1j\u00e9koztat\u00e1st a cookie-k t\u00edpus\u00e1r\u00f3l \u00e9s t\u00e1rol\u00e1si idej\u00e9r\u0151l (p\u00e9ld\u00e1ul a hozz\u00e1j\u00e1rul\u00e1s k\u00e9r\u00e9s\u00e9nek keret\u00e9ben), \u00fagy azok permanensnek tekinthet\u0151k, \u00e9s t\u00e1rol\u00e1suk ak\u00e1r k\u00e9t \u00e9vig is eltarthat.<\/span><\/li><\/ul><p class=\"translation-block\"><span style=\"color: #ffffff\"><strong>\u00c1ltal\u00e1nos t\u00e1j\u00e9koztat\u00e1s a visszavon\u00e1sr\u00f3l \u00e9s tiltakoz\u00e1sr\u00f3l (Opt-out):<\/strong> A felhaszn\u00e1l\u00f3k b\u00e1rmikor visszavonhatj\u00e1k kor\u00e1bban adott hozz\u00e1j\u00e1rul\u00e1sukat, tov\u00e1bb\u00e1 a t\u00f6rv\u00e9nyi el\u0151\u00edr\u00e1soknak megfelel\u0151en tiltakozhatnak az adatkezel\u00e9s ellen, p\u00e9ld\u00e1ul a b\u00f6ng\u00e9sz\u0151j\u00fck adatv\u00e9delmi be\u00e1ll\u00edt\u00e1sain kereszt\u00fcl is.<\/span><\/p><ul class=\"m-elements\"><li class=\"translation-block\"><span style=\"color: #ffffff\"><strong>Feldolgozott adatfajt\u00e1k:<\/strong> Metaadatok, kommunik\u00e1ci\u00f3s \u00e9s elj\u00e1r\u00e1si adatok (p\u00e9ld\u00e1ul IP-c\u00edmek, id\u0151b\u00e9lyegek, azonos\u00edt\u00f3 sz\u00e1mok, \u00e9rintett szem\u00e9lyek).<\/span><\/li><li class=\"translation-block\"><span style=\"color: #ffffff\"><strong>\u00c9rintett szem\u00e9lyek:<\/strong> Felhaszn\u00e1l\u00f3k (p\u00e9ld\u00e1ul weboldal l\u00e1togat\u00f3k, online szolg\u00e1ltat\u00e1sokat ig\u00e9nybe vev\u0151k).<\/span><\/li><li class=\"translation-block\"><span style=\"color: #ffffff\"><strong>Jogalapok:<\/strong> Jogos \u00e9rdekek (az Eur\u00f3pai Parlament \u00e9s a Tan\u00e1cs 2016. \u00e1prilis 27-i (EU) 2016\/679 rendelete (\u00c1ltal\u00e1nos adatv\u00e9delmi rendelet, GDPR) 6. cikk (1) bekezd\u00e9s f) pontja alapj\u00e1n); hozz\u00e1j\u00e1rul\u00e1s (GDPR 6. cikk (1) bekezd\u00e9s a) pontja).<\/span><\/li><\/ul><p><span style=\"color: #ffffff;\"><strong>Tov\u00e1bbi t\u00e1j\u00e9koztat\u00e1s a feldolgoz\u00e1si folyamatokr\u00f3l, elj\u00e1r\u00e1sokr\u00f3l \u00e9s szolg\u00e1ltat\u00e1sokr\u00f3l:<\/strong><\/span><\/p><ul class=\"m-elements\"><li class=\"translation-block\"><span style=\"color: #ffffff\"><strong>Cookie-adatok kezel\u00e9se hozz\u00e1j\u00e1rul\u00e1s alapj\u00e1n:<\/strong> Egy hozz\u00e1j\u00e1rul\u00e1s-kezel\u00e9si megold\u00e1st alkalmazunk, amelyben a felhaszn\u00e1l\u00f3k hozz\u00e1j\u00e1rul\u00e1s\u00e1t k\u00e9rj\u00fck a cookie-k haszn\u00e1lat\u00e1hoz, illetve a hozz\u00e1j\u00e1rul\u00e1s-kezel\u00e9si megold\u00e1sban megnevezett elj\u00e1r\u00e1sokhoz \u00e9s szolg\u00e1ltat\u00f3khoz. Ez a folyamat szolg\u00e1l a hozz\u00e1j\u00e1rul\u00e1sok begy\u0171jt\u00e9s\u00e9re, napl\u00f3z\u00e1s\u00e1ra, kezel\u00e9s\u00e9re \u00e9s visszavon\u00e1s\u00e1ra, k\u00fcl\u00f6n\u00f6sen a cookie-k \u00e9s hasonl\u00f3 technol\u00f3gi\u00e1k alkalmaz\u00e1sa eset\u00e9n, melyek a felhaszn\u00e1l\u00f3k eszk\u00f6zein t\u00e1rolj\u00e1k, olvass\u00e1k \u00e9s dolgozz\u00e1k fel az inform\u00e1ci\u00f3kat. A felhaszn\u00e1l\u00f3k lehet\u0151s\u00e9get kapnak hozz\u00e1j\u00e1rul\u00e1suk kezel\u00e9s\u00e9re \u00e9s visszavon\u00e1s\u00e1ra. A hozz\u00e1j\u00e1rul\u00e1si nyilatkozatokat elt\u00e1roljuk annak \u00e9rdek\u00e9ben, hogy elker\u00fclj\u00fck az ism\u00e9telt hozz\u00e1j\u00e1rul\u00e1sk\u00e9r\u00e9st, \u00e9s hogy megfelelj\u00fcnk a jogi k\u00f6vetelm\u00e9nyek szerinti bizony\u00edt\u00e1snak. Az adatok t\u00e1rol\u00e1sa a szerver oldalon \u00e9s\/vagy egy cookie-ban (\u00fan. Opt-In cookie) vagy ehhez hasonl\u00f3 technol\u00f3gi\u00e1kkal t\u00f6rt\u00e9nik, hogy a hozz\u00e1j\u00e1rul\u00e1s egy adott felhaszn\u00e1l\u00f3hoz vagy eszk\u00f6zh\u00f6z kapcsolhat\u00f3 legyen. Ha nincs r\u00e9szletes inform\u00e1ci\u00f3 a hozz\u00e1j\u00e1rul\u00e1s-kezel\u0151 szolg\u00e1ltat\u00f3kr\u00f3l, az al\u00e1bbi \u00e1ltal\u00e1nos szab\u00e1lyok \u00e9rv\u00e9nyesek: a hozz\u00e1j\u00e1rul\u00e1s t\u00e1rol\u00e1sa legfeljebb k\u00e9t \u00e9vig tart. Ebben az id\u0151szakban egy pszeudonim felhaszn\u00e1l\u00f3i azonos\u00edt\u00f3 j\u00f6n l\u00e9tre, amely a hozz\u00e1j\u00e1rul\u00e1s id\u0151pontj\u00e1val, a hozz\u00e1j\u00e1rul\u00e1s m\u00e9rt\u00e9k\u00e9vel (pl. a cookie-k kateg\u00f3ri\u00e1ival \u00e9s\/vagy a szolg\u00e1ltat\u00f3kkal) \u00e9s az eszk\u00f6z\u00f6ket \u00e9rint\u0151 b\u00f6ng\u00e9sz\u0151-, rendszer- \u00e9s v\u00e9gk\u00e9sz\u00fcl\u00e9k-inform\u00e1ci\u00f3kkal egy\u00fctt ker\u00fcl t\u00e1rol\u00e1sra; <strong>Jogalap:<\/strong> hozz\u00e1j\u00e1rul\u00e1s az Eur\u00f3pai Parlament \u00e9s a Tan\u00e1cs 2016. \u00e1prilis 27-i (EU) 2016\/679 rendelete (GDPR) 6. cikk (1) bekezd\u00e9s a) pontja alapj\u00e1n.<\/span><\/li><\/ul><h2 id=\"m104\"><span style=\"color: #ffffff;\">Blogok \u00e9s egy\u00e9b publik\u00e1lt anyagok<\/span><\/h2><p><span style=\"color: #ffffff;\">Blogokat vagy hasonl\u00f3 online kommunik\u00e1ci\u00f3s \u00e9s publik\u00e1ci\u00f3s eszk\u00f6z\u00f6ket (a tov\u00e1bbiakban \u201epublik\u00e1ci\u00f3s m\u00e9dium\u201d) haszn\u00e1lunk. Az olvas\u00f3k adatait a publik\u00e1ci\u00f3s m\u00e9dium m\u0171k\u00f6d\u00e9s\u00e9hez, valamint a szerz\u0151k \u00e9s az olvas\u00f3k k\u00f6z\u00f6tti kommunik\u00e1ci\u00f3hoz, tov\u00e1bb\u00e1 biztons\u00e1gi okokb\u00f3l kezelj\u00fck, csak a sz\u00fcks\u00e9ges m\u00e9rt\u00e9kben. Egy\u00e9b vonatkoz\u00e1sban az olvas\u00f3ink adatainak kezel\u00e9s\u00e9re vonatkoz\u00f3 t\u00e1j\u00e9koztat\u00e1st a jelen adatv\u00e9delmi szab\u00e1lyzatunkban foglaltak szerint adjuk meg.<\/span><\/p><ul class=\"m-elements\"><li class=\"translation-block\"><span style=\"color: #ffffff\"><strong>Feldolgozott adatfajt\u00e1k:<\/strong> Alapadatok (p\u00e9ld\u00e1ul teljes n\u00e9v, lakc\u00edm, el\u00e9rhet\u0151s\u00e9gek, \u00fcgyf\u00e9lsz\u00e1m stb.); kapcsolattart\u00e1si adatok (p\u00e9ld\u00e1ul postac\u00edmet, e-mail c\u00edmeket vagy telefonsz\u00e1mokat); tartalmi adatok (p\u00e9ld\u00e1ul sz\u00f6veges vagy k\u00e9pi \u00fczenetek \u00e9s bejegyz\u00e9sek, valamint az ezekhez tartoz\u00f3 inform\u00e1ci\u00f3k, p\u00e9ld\u00e1ul szerz\u0151i adatok vagy k\u00e9sz\u00edt\u00e9s ideje); haszn\u00e1lati adatok (p\u00e9ld\u00e1ul oldalmegtekint\u00e9sek \u00e9s tart\u00f3zkod\u00e1si id\u0151, kattint\u00e1si \u00fatvonalak, haszn\u00e1lati intenzit\u00e1s \u00e9s gyakoris\u00e1g, haszn\u00e1lt eszk\u00f6zt\u00edpusok \u00e9s oper\u00e1ci\u00f3s rendszerek, interakci\u00f3k tartalmakkal \u00e9s funkci\u00f3kkal); meta-, kommunik\u00e1ci\u00f3s \u00e9s elj\u00e1r\u00e1si adatok (p\u00e9ld\u00e1ul IP-c\u00edmek, id\u0151adatok, azonos\u00edt\u00f3sz\u00e1mok, \u00e9rintettek).<\/span><\/li><li class=\"translation-block\"><span style=\"color: #ffffff\"><strong>\u00c9rintett szem\u00e9lyek:<\/strong> Felhaszn\u00e1l\u00f3k (p\u00e9ld\u00e1ul weboldal l\u00e1togat\u00f3k, online szolg\u00e1ltat\u00e1sokat ig\u00e9nybe vev\u0151k).<\/span><\/li><li class=\"translation-block\"><span style=\"color: #ffffff\"><strong>Adatkezel\u00e9s c\u00e9ljai:<\/strong> Visszajelz\u00e9sek gy\u0171jt\u00e9se (p\u00e9ld\u00e1ul online \u0171rlapon kereszt\u00fcl); online szolg\u00e1ltat\u00e1sunk biztos\u00edt\u00e1sa \u00e9s a felhaszn\u00e1l\u00f3i \u00e9lm\u00e9ny jav\u00edt\u00e1sa; biztons\u00e1gi int\u00e9zked\u00e9sek; szervez\u00e9si \u00e9s adminisztrat\u00edv elj\u00e1r\u00e1sok.<\/span><\/li><li class=\"translation-block\"><span style=\"color: #ffffff\"><strong>T\u00e1rol\u00e1s \u00e9s t\u00f6rl\u00e9s:<\/strong> Az adatok t\u00f6rl\u00e9s\u00e9re a \u201e\u00c1ltal\u00e1nos inform\u00e1ci\u00f3k az adatmeg\u0151rz\u00e9sr\u0151l \u00e9s t\u00f6rl\u00e9sr\u0151l\u201d c\u00edm\u0171 szakaszban foglaltak szerint ker\u00fcl sor.<\/span><\/li><li class=\"translation-block\"><span style=\"color: #ffffff\"><strong>Jogalapok:<\/strong> Jogos \u00e9rdekek (az Eur\u00f3pai Parlament \u00e9s a Tan\u00e1cs 2016. \u00e1prilis 27-i (EU) 2016\/679 rendelete (\u00c1ltal\u00e1nos adatv\u00e9delmi rendelet, GDPR) 6. cikk (1) bekezd\u00e9s f) pontja alapj\u00e1n); hozz\u00e1j\u00e1rul\u00e1s (GDPR 6. cikk (1) bekezd\u00e9s a) pontja).<\/span><\/li><\/ul><p><span style=\"color: #ffffff;\"><strong>Tov\u00e1bbi t\u00e1j\u00e9koztat\u00e1s a feldolgoz\u00e1si folyamatokr\u00f3l, elj\u00e1r\u00e1sokr\u00f3l \u00e9s szolg\u00e1ltat\u00e1sokr\u00f3l:<\/strong><\/span><\/p><ul class=\"m-elements\"><li><span style=\"color: #ffffff;\"><strong>Kommentare und Beitr\u00e4ge: <\/strong>Wenn Nutzer Kommentare oder sonstige Beitr\u00e4ge hinterlassen, k\u00f6nnen ihre IP-Adressen auf Grundlage unserer berechtigten Interessen gespeichert werden. Das erfolgt zu unserer Sicherheit, falls jemand in Kommentaren und Beitr\u00e4gen widerrechtliche Inhalte hinterl\u00e4sst (Beleidigungen, verbotene politische Propaganda etc.). In diesem Fall k\u00f6nnen wir selbst f\u00fcr den Kommentar oder Beitrag belangt werden und sind daher an der Identit\u00e4t des Verfassers interessiert.<\/span><p><span style=\"color: #ffffff;\">Des Weiteren behalten wir uns vor, auf Grundlage unserer berechtigten Interessen die Angaben der Nutzer zwecks Spamerkennung zu verarbeiten.<\/span><\/p><p><span style=\"color: #ffffff;\">Auf derselben Rechtsgrundlage behalten wir uns vor, im Fall von Umfragen die IP-Adressen der Nutzer f\u00fcr deren Dauer zu speichern und Cookies zu verwenden, um Mehrfachabstimmungen zu vermeiden.<\/span><\/p><p><span style=\"color: #ffffff;\">Die im Rahmen der Kommentare und Beitr\u00e4ge mitgeteilten Informationen zur Person, etwaige Kontakt- sowie Webseiteninformationen als auch die inhaltlichen Angaben werden von uns bis zum Widerspruch der Nutzer dauerhaft gespeichert; <span class=\"\"><strong>Rechtsgrundlagen:<\/strong> Berechtigte Interessen (Art. 6 Abs. 1 S. 1 lit. f) DSGVO).<\/span><\/span><\/p><\/li><\/ul><h2 id=\"m182\"><span style=\"color: #ffffff;\">Kapcsolat- \u00e9s megkeres\u00e9skezel\u00e9s<\/span><\/h2><p><span style=\"color: #ffffff;\">Kapcsolatfelv\u00e9tel eset\u00e9n (p\u00e9ld\u00e1ul postai \u00faton, kapcsolatfelv\u00e9teli \u0171rlapon, e-mailben, telefonon vagy k\u00f6z\u00f6ss\u00e9gi m\u00e9di\u00e1n kereszt\u00fcl) az \u00e9rdekl\u0151d\u0151 szem\u00e9lyek adatait kezelj\u00fck a kapcsolati k\u00e9r\u00e9sek megv\u00e1laszol\u00e1s\u00e1hoz \u00e9s az esetlegesen k\u00e9rt int\u00e9zked\u00e9sek lebonyol\u00edt\u00e1s\u00e1hoz sz\u00fcks\u00e9ges m\u00e9rt\u00e9kben.<\/span><\/p><ul class=\"m-elements\"><li class=\"translation-block\"><span style=\"color: #ffffff\"><strong>Feldolgozott adatfajt\u00e1k:<\/strong> Alapadatok (p\u00e9ld\u00e1ul teljes n\u00e9v, lakc\u00edm, el\u00e9rhet\u0151s\u00e9gek, \u00fcgyf\u00e9lsz\u00e1m stb.); kapcsolattart\u00e1si adatok (p\u00e9ld\u00e1ul postac\u00edmet, e-mail c\u00edmeket vagy telefonsz\u00e1mokat); tartalmi adatok (p\u00e9ld\u00e1ul sz\u00f6veges vagy k\u00e9pi \u00fczenetek \u00e9s bejegyz\u00e9sek, valamint az ezekhez tartoz\u00f3 inform\u00e1ci\u00f3k, p\u00e9ld\u00e1ul szerz\u0151i adatok vagy k\u00e9sz\u00edt\u00e9s ideje); haszn\u00e1lati adatok (p\u00e9ld\u00e1ul oldalmegtekint\u00e9sek \u00e9s tart\u00f3zkod\u00e1si id\u0151, kattint\u00e1si \u00fatvonalak, haszn\u00e1lati intenzit\u00e1s \u00e9s gyakoris\u00e1g, haszn\u00e1lt eszk\u00f6zt\u00edpusok \u00e9s oper\u00e1ci\u00f3s rendszerek, interakci\u00f3k tartalmakkal \u00e9s funkci\u00f3kkal); meta-, kommunik\u00e1ci\u00f3s \u00e9s elj\u00e1r\u00e1si adatok (p\u00e9ld\u00e1ul IP-c\u00edmek, id\u0151adatok, azonos\u00edt\u00f3sz\u00e1mok, \u00e9rintettek).<\/span><\/li><li class=\"translation-block\"><span style=\"color: #ffffff\"><strong>\u00c9rintett szem\u00e9lyek:<\/strong> Kommunik\u00e1ci\u00f3s partnerek.<\/span><\/li><li class=\"translation-block\"><span style=\"color: #ffffff\"><strong>Adatkezel\u00e9s c\u00e9ljai:<\/strong> Kommunik\u00e1ci\u00f3; szervez\u00e9si \u00e9s adminisztrat\u00edv elj\u00e1r\u00e1sok; visszajelz\u00e9sek gy\u0171jt\u00e9se (p\u00e9ld\u00e1ul online \u0171rlapon kereszt\u00fcl); online szolg\u00e1ltat\u00e1sunk biztos\u00edt\u00e1sa \u00e9s a felhaszn\u00e1l\u00f3i \u00e9lm\u00e9ny jav\u00edt\u00e1sa.<\/span><\/li><li class=\"translation-block\"><span style=\"color: #ffffff\"><strong>T\u00e1rol\u00e1s \u00e9s t\u00f6rl\u00e9s:<\/strong> Az adatok t\u00f6rl\u00e9s\u00e9re a \u201e\u00c1ltal\u00e1nos inform\u00e1ci\u00f3k az adatmeg\u0151rz\u00e9sr\u0151l \u00e9s t\u00f6rl\u00e9sr\u0151l\u201d c\u00edm\u0171 szakaszban foglaltak szerint ker\u00fcl sor.<\/span><\/li><li class=\"translation-block\"><span style=\"color: #ffffff\"><strong>Jogalapok:<\/strong> Jogos \u00e9rdekek (az Eur\u00f3pai Parlament \u00e9s a Tan\u00e1cs 2016. \u00e1prilis 27-i (EU) 2016\/679 rendelete (\u00c1ltal\u00e1nos adatv\u00e9delmi rendelet, GDPR) 6. cikk (1) bekezd\u00e9s f) pontja alapj\u00e1n); szerz\u0151d\u00e9s teljes\u00edt\u00e9se \u00e9s szerz\u0151d\u00e9sk\u00f6t\u00e9s el\u0151tti int\u00e9zked\u00e9sek (GDPR 6. cikk (1) bekezd\u00e9s b) pontja).<\/span><\/li><\/ul><p><span style=\"color: #ffffff;\"><strong>Tov\u00e1bbi t\u00e1j\u00e9koztat\u00e1s a feldolgoz\u00e1si folyamatokr\u00f3l, elj\u00e1r\u00e1sokr\u00f3l \u00e9s szolg\u00e1ltat\u00e1sokr\u00f3l:<\/strong><\/span><\/p><ul class=\"m-elements\"><li class=\"translation-block\"><span style=\"color: #ffffff\"><strong>Kapcsolatfelv\u00e9teli \u0171rlap:<\/strong> Amikor kapcsolatba l\u00e9pnek vel\u00fcnk kapcsolatfelv\u00e9teli \u0171rlapon, e-mailen vagy m\u00e1s kommunik\u00e1ci\u00f3s csatorn\u00e1n kereszt\u00fcl, a megadott szem\u00e9lyes adatokat a k\u00e9r\u00e9s megv\u00e1laszol\u00e1sa \u00e9s feldolgoz\u00e1sa \u00e9rdek\u00e9ben kezelj\u00fck. Ezek az adatok \u00e1ltal\u00e1ban n\u00e9v, el\u00e9rhet\u0151s\u00e9gek, illetve esetlegesen m\u00e1s sz\u00fcks\u00e9ges inform\u00e1ci\u00f3k, amelyek a megfelel\u0151 \u00fcgyint\u00e9z\u00e9shez sz\u00fcks\u00e9gesek. Az adatokat kiz\u00e1r\u00f3lag a kapcsolatfelv\u00e9tel \u00e9s kommunik\u00e1ci\u00f3 c\u00e9lj\u00e1ra haszn\u00e1ljuk fel. <strong>Jogalapok:<\/strong> Szerz\u0151d\u00e9s teljes\u00edt\u00e9se \u00e9s szerz\u0151d\u00e9sk\u00f6t\u00e9s el\u0151tti int\u00e9zked\u00e9sek (GDPR 6. cikk (1) bekezd\u00e9s b) pont), valamint jogos \u00e9rdek (GDPR 6. cikk (1) bekezd\u00e9s f) pont).<\/span><\/li><\/ul><h2 id=\"m391\"><span style=\"color: #ffffff;\">Kommunik\u00e1ci\u00f3 messengeren kereszt\u00fcl<\/span><\/h2><p><span style=\"color: #ffffff;\">\u00dczenetk\u00fcld\u0151 alkalmaz\u00e1sokat (messengereket) kommunik\u00e1ci\u00f3s c\u00e9lokra haszn\u00e1lunk, \u00e9s k\u00e9ri, hogy figyeljenek az al\u00e1bbi t\u00e1j\u00e9koztat\u00f3ra a messengerek m\u0171k\u00f6d\u00e9s\u00e9r\u0151l, titkos\u00edt\u00e1s\u00e1r\u00f3l, a kommunik\u00e1ci\u00f3 metaadatainak haszn\u00e1lat\u00e1r\u00f3l \u00e9s a tiltakoz\u00e1si lehet\u0151s\u00e9gekr\u0151l.<\/span><\/p><p><span style=\"color: #ffffff;\">\"Kapcsolatba l\u00e9phet vel\u00fcnk az al\u00e1bbi m\u00f3dokon, p\u00e9ld\u00e1ul telefonon vagy e-mailben. K\u00e9rj\u00fck, haszn\u00e1lja a megadott el\u00e9rhet\u0151s\u00e9geket, illetve az online fel\u00fclet\u00fcnk\u00f6n felt\u00fcntetett kapcsolati lehet\u0151s\u00e9geket.<\/span><\/p><p><span style=\"color: #ffffff;\">Ha a tartalmak v\u00e9gpontt\u00f3l v\u00e9gpontig t\u00f6rt\u00e9n\u0151 titkos\u00edt\u00e1sa t\u00f6rt\u00e9nik (azaz az \u00fczenet \u00e9s a mell\u00e9kletek tartalma), felh\u00edvjuk a figyelmet arra, hogy a kommunik\u00e1ci\u00f3 tartalma (az \u00fczenet \u00e9s a csatolt k\u00e9pek) v\u00e9gpontt\u00f3l v\u00e9gpontig titkos\u00edt\u00e1sra ker\u00fcl. Ez azt jelenti, hogy az \u00fczenetek tartalma nem hozz\u00e1f\u00e9rhet\u0151, m\u00e9g a Messenger-szolg\u00e1ltat\u00f3k sz\u00e1m\u00e1ra sem. Mindig az \u00fczenetk\u00fcld\u0151 alkalmaz\u00e1s aktu\u00e1lis, titkos\u00edt\u00e1st t\u00e1mogat\u00f3 verzi\u00f3j\u00e1t \u00e9rdemes haszn\u00e1lni, hogy a tartalmak titkos\u00edt\u00e1sa biztos\u00edtott legyen.<\/span><\/p><p><span style=\"color: #ffffff;\">Felh\u00edvjuk kommunik\u00e1ci\u00f3s partnereink figyelm\u00e9t arra is, hogy a Messenger-szolg\u00e1ltat\u00f3k ugyan nem f\u00e9rnek hozz\u00e1 az \u00fczenetek tartalm\u00e1hoz, azonban r\u00f6gz\u00edthetik, hogy kommunik\u00e1ci\u00f3 t\u00f6rt\u00e9nik vel\u00fcnk, annak id\u0151pontj\u00e1t, tov\u00e1bb\u00e1 a kommunik\u00e1ci\u00f3s partnerek \u00e1ltal haszn\u00e1lt eszk\u00f6z technikai adatait, valamint \u2013 a k\u00e9sz\u00fcl\u00e9k be\u00e1ll\u00edt\u00e1sait\u00f3l f\u00fcgg\u0151en \u2013 helyadatokat is (\u00fan. metaadatokat) feldolgozhatnak.<\/span><\/p><p class=\"translation-block\"><span style=\"color: #ffffff\"><strong>Jogalapokra vonatkoz\u00f3 t\u00e1j\u00e9koztat\u00e1s: <\/strong> Amennyiben a Messengeren kereszt\u00fcli kommunik\u00e1ci\u00f3 el\u0151tt enged\u00e9lyt k\u00e9r\u00fcnk kommunik\u00e1ci\u00f3s partnereinkt\u0151l, adatkezel\u00e9s\u00fcnk jogalapja az \u00e9rintett hozz\u00e1j\u00e1rul\u00e1sa. Egy\u00e9b esetekben, ha nem k\u00e9r\u00fcnk hozz\u00e1j\u00e1rul\u00e1st, p\u00e9ld\u00e1ul ha \u00d6n saj\u00e1t kezdem\u00e9nyez\u00e9sre l\u00e9p kapcsolatba vel\u00fcnk, a Messengert szerz\u0151d\u00e9ses partnereinkkel fenn\u00e1ll\u00f3 kapcsolatban, illetve szerz\u0151d\u00e9sk\u00f6t\u00e9s el\u0151k\u00e9sz\u00edt\u00e9se sor\u00e1n szerz\u0151d\u00e9ses int\u00e9zked\u00e9sk\u00e9nt haszn\u00e1ljuk. M\u00e1s \u00e9rdekl\u0151d\u0151k \u00e9s kommunik\u00e1ci\u00f3s partnerek eset\u00e9ben pedig a gyors \u00e9s hat\u00e9kony kommunik\u00e1ci\u00f3hoz, valamint kommunik\u00e1ci\u00f3s partnereink ig\u00e9nyeinek Messenger \u00fatj\u00e1n t\u00f6rt\u00e9n\u0151 teljes\u00edt\u00e9s\u00e9hez f\u0171z\u0151d\u0151 jogos \u00e9rdekeink k\u00e9pezik az adatkezel\u00e9s alapj\u00e1t. Tov\u00e1bb\u00e1 felh\u00edvjuk figyelm\u00e9t arra, hogy az \u00d6n \u00e1ltal megadott el\u00e9rhet\u0151s\u00e9gi adatokat hozz\u00e1j\u00e1rul\u00e1sa n\u00e9lk\u00fcl nem tov\u00e1bb\u00edtjuk els\u0151 alkalommal a Messenger-szolg\u00e1ltat\u00f3 fel\u00e9.<\/span><\/p><p class=\"translation-block\"><span style=\"color: #ffffff\"><strong>Visszavon\u00e1s, tiltakoz\u00e1s \u00e9s t\u00f6rl\u00e9s: <\/strong> \u00d6n b\u00e1rmikor visszavonhatja a kor\u00e1bban megadott hozz\u00e1j\u00e1rul\u00e1s\u00e1t.<span class=\"dsg-license-content-blurred de dsg-ttip-activate\"> \u2013<\/span><\/span><\/p><ul class=\"m-elements\"><li class=\"translation-block\"><span style=\"color: #ffffff\"><strong>Feldolgozott adatfajt\u00e1k:<\/strong>\nKapcsolattart\u00e1si adatok (pl. postai c\u00edm, e-mail-c\u00edm, telefonsz\u00e1m, illetve egy\u00e9b, a kapcsolattart\u00e1shoz sz\u00fcks\u00e9ges el\u00e9rhet\u0151s\u00e9gi adatok a GDPR 4. cikk (1) pontja szerint szem\u00e9lyes adatnak min\u0151s\u00fclnek).\nTartalmi adatok (pl. sz\u00f6veges vagy k\u00e9pi \u00fczenetek, hozz\u00e1sz\u00f3l\u00e1sok, mell\u00e9kletek, tov\u00e1bb\u00e1 az ezekhez kapcsol\u00f3d\u00f3 inform\u00e1ci\u00f3k, \u00edgy k\u00fcl\u00f6n\u00f6sen a szerz\u0151re, a l\u00e9trehoz\u00e1s id\u0151pontj\u00e1ra, valamint a kommunik\u00e1ci\u00f3 k\u00f6r\u00fclm\u00e9nyeire vonatkoz\u00f3 adatok).\nTechnikai adatok \u00e9s metaadatok (pl. IP-c\u00edm, eszk\u00f6z t\u00edpusa, oper\u00e1ci\u00f3s rendszer \u00e9s b\u00f6ng\u00e9sz\u0151 t\u00edpusa, hozz\u00e1f\u00e9r\u00e9si id\u0151, valamint a felhaszn\u00e1l\u00f3 \u00e1ltal ig\u00e9nybe vett szolg\u00e1ltat\u00e1s technikai k\u00f6r\u00fclm\u00e9nyeire vonatkoz\u00f3 adatok). Ezek az adatok az EU 2016\/679 \u00e1ltal\u00e1nos adatv\u00e9delmi rendelet\u00e9nek (GDPR) 6. cikk (1) bekezd\u00e9s f) pontja alapj\u00e1n, a jogos \u00e9rdek\u00fcnk \u2014 a weboldal \u00e9s az online kommunik\u00e1ci\u00f3 biztons\u00e1gos \u00e9s hat\u00e9kony m\u0171k\u00f6dtet\u00e9se \u2014 \u00e9rdek\u00e9ben ker\u00fclnek kezel\u00e9sre.<\/span><\/li><li class=\"translation-block\"><span style=\"color: #ffffff\"><strong>\u00c9rintett szem\u00e9lyek:<\/strong> Kommunik\u00e1ci\u00f3s partnerek.<\/span><\/li><li><span style=\"color: #ffffff;\"><strong>Zwecke der Verarbeitung:<\/strong> Kommunikation.<\/span><\/li><li class=\"translation-block\"><span style=\"color: #ffffff\"><strong>T\u00e1rol\u00e1s \u00e9s t\u00f6rl\u00e9s:<\/strong> Az adatok t\u00f6rl\u00e9s\u00e9re a \u201e\u00c1ltal\u00e1nos inform\u00e1ci\u00f3k az adatmeg\u0151rz\u00e9sr\u0151l \u00e9s t\u00f6rl\u00e9sr\u0151l\u201d c\u00edm\u0171 szakaszban foglaltak szerint ker\u00fcl sor.<\/span><\/li><li class=\"translation-block\"><span style=\"color: #ffffff\"><strong>Jogalapok:<\/strong> Hozz\u00e1j\u00e1rul\u00e1s (GDPR 6. cikk (1) bekezd\u00e9s a) pont); szerz\u0151d\u00e9s teljes\u00edt\u00e9se \u00e9s a szerz\u0151d\u00e9st megel\u0151z\u0151 megkeres\u00e9sek kezel\u00e9se (GDPR 6. cikk (1) bekezd\u00e9s b) pont); jogos \u00e9rdek (GDPR 6. cikk (1) bekezd\u00e9s f) pont).<\/span><\/li><\/ul><h2 id=\"m1643\"><span style=\"color: #ffffff;\">Push \u00e9rtrs\u00edt\u00e9sek<\/span><\/h2><p><span style=\"color: #ffffff;\">Felhaszn\u00e1l\u00f3i hozz\u00e1j\u00e1rul\u00e1ssal lehet\u0151s\u00e9g\u00fcnk ny\u00edlik \u00fagynevezett \u201epush \u00e9rtes\u00edt\u00e9sek\u201d k\u00fcld\u00e9s\u00e9re. Ezek olyan \u00fczenetek, amelyek a felhaszn\u00e1l\u00f3k k\u00e9perny\u0151j\u00e9n, v\u00e9gk\u00e9sz\u00fcl\u00e9kein vagy b\u00f6ng\u00e9sz\u0151iben jelennek meg, m\u00e9g akkor is, ha az online szolg\u00e1ltat\u00e1sunk \u00e9ppen nem akt\u00edv haszn\u00e1lat alatt \u00e1ll.<\/span><\/p><p><span style=\"color: #ffffff;\">A push-\u00e9rtes\u00edt\u00e9sekre val\u00f3 feliratkoz\u00e1shoz a felhaszn\u00e1l\u00f3knak meg kell er\u0151s\u00edteni\u00fck b\u00f6ng\u00e9sz\u0151j\u00fck vagy eszk\u00f6z\u00fck felugr\u00f3 enged\u00e9lyk\u00e9r\u00e9s\u00e9t a push-\u00fczenetek fogad\u00e1s\u00e1ra. Ezt a hozz\u00e1j\u00e1rul\u00e1si folyamatot r\u00f6gz\u00edtj\u00fck \u00e9s t\u00e1roljuk. A t\u00e1rol\u00e1s sz\u00fcks\u00e9ges annak ellen\u0151rz\u00e9s\u00e9re, hogy a felhaszn\u00e1l\u00f3 enged\u00e9lyezte-e a push-\u00e9rtes\u00edt\u00e9sek fogad\u00e1s\u00e1t, valamint a hozz\u00e1j\u00e1rul\u00e1s bizony\u00edt\u00e1s\u00e1ra. Ennek \u00e9rdek\u00e9ben a b\u00f6ng\u00e9sz\u0151 pseudonim azonos\u00edt\u00f3ja (\u00fan. \u201epush-token\u201d) vagy az eszk\u00f6zazonos\u00edt\u00f3 ker\u00fcl t\u00e1rol\u00e1sra.<\/span><\/p><p><span style=\"color: #ffffff;\">A push-\u00e9rtes\u00edt\u00e9sek egy r\u00e9sze a szerz\u0151d\u00e9ses k\u00f6telezetts\u00e9gek teljes\u00edt\u00e9s\u00e9hez is sz\u00fcks\u00e9ges lehet (p\u00e9ld\u00e1ul az online szolg\u00e1ltat\u00e1sunk haszn\u00e1lat\u00e1hoz kapcsol\u00f3d\u00f3 m\u0171szaki \u00e9s szervez\u00e9si inform\u00e1ci\u00f3k k\u00f6zl\u00e9se).<span class=\"dsg-license-content-blurred de dsg-ttip-activate\"> &#8211;<\/span><\/span><\/p><ul class=\"m-elements\"><li class=\"translation-block\"><span style=\"color: #ffffff\"><strong>Feldolgozott adatfajt\u00e1k:<\/strong>\nHaszn\u00e1lati adatok (pl. oldalmegtekint\u00e9sek \u00e9s tart\u00f3zkod\u00e1si id\u0151, kattint\u00e1si \u00fatvonalak, haszn\u00e1lat intenzit\u00e1sa \u00e9s gyakoris\u00e1ga, haszn\u00e1lt eszk\u00f6zt\u00edpusok \u00e9s oper\u00e1ci\u00f3s rendszerek, interakci\u00f3k a weboldal elemeivel).\nMeta-, kommunik\u00e1ci\u00f3s \u00e9s elj\u00e1r\u00e1si adatok (pl. IP-c\u00edmek, id\u0151b\u00e9lyegek, azonos\u00edt\u00f3sz\u00e1mok, felhaszn\u00e1l\u00f3k \u00e9s rendszerek k\u00f6z\u00f6tti kommunik\u00e1ci\u00f3ban r\u00e9szt vev\u0151 eszk\u00f6z\u00f6k \u00e9s alkalmaz\u00e1sok adatai).<\/span><\/li><li class=\"translation-block\"><span style=\"color: #ffffff\"><strong>\u00c9rintett szem\u00e9lyek:<\/strong> Kommunik\u00e1ci\u00f3s partnerek.<\/span><\/li><li class=\"translation-block\"><span style=\"color: #ffffff\"><strong>Az adatkezel\u00e9s c\u00e9ljai:<\/strong> Kommunik\u00e1ci\u00f3, online szolg\u00e1ltat\u00e1sunk ny\u00fajt\u00e1sa \u00e9s a felhaszn\u00e1l\u00f3i \u00e9lm\u00e9ny biztos\u00edt\u00e1sa.<\/span><\/li><li class=\"translation-block\"><span style=\"color: #ffffff\"><strong>Adatmeg\u0151rz\u00e9s \u00e9s t\u00f6rl\u00e9s:<\/strong> Az adatok t\u00f6rl\u00e9se a \u201e\u00c1ltal\u00e1nos inform\u00e1ci\u00f3k az adatok meg\u0151rz\u00e9s\u00e9r\u0151l \u00e9s t\u00f6rl\u00e9s\u00e9r\u0151l\u201d c\u00edm\u0171 szakaszban foglaltak szerint t\u00f6rt\u00e9nik. A t\u00f6rl\u00e9s a szerz\u0151d\u00e9s megsz\u0171n\u00e9s\u00e9t k\u00f6vet\u0151en t\u00f6rt\u00e9nik meg.<\/span><\/li><li class=\"translation-block\"><span style=\"color: #ffffff\"><strong>Jogalapok:<\/strong> Hozz\u00e1j\u00e1rul\u00e1s (GDPR 6. cikk (1) bekezd\u00e9s a) pont), jogos \u00e9rdek (GDPR 6. cikk (1) bekezd\u00e9s f) pont).<\/span><\/li><\/ul><h2 id=\"m17\"><span style=\"color: #ffffff;\">H\u00edrlev\u00e9l \u00e9s egy\u00e9b elektronikus \u00e9rtes\u00edt\u00e9sek<\/span><\/h2><p><span style=\"color: #ffffff;\">H\u00edrleveleket, e-maileket \u00e9s egy\u00e9b elektronikus \u00e9rtes\u00edt\u00e9seket (a tov\u00e1bbiakban: \u201eh\u00edrlevelek\u201d) kiz\u00e1r\u00f3lag a c\u00edmzettek hozz\u00e1j\u00e1rul\u00e1s\u00e1val vagy jogszab\u00e1lyi el\u0151\u00edr\u00e1s alapj\u00e1n k\u00fcld\u00fcnk. Amennyiben a h\u00edrlev\u00e9lre val\u00f3 feliratkoz\u00e1s sor\u00e1n annak tartalma ismertet\u00e9sre ker\u00fcl, ez a t\u00e1j\u00e9koztat\u00e1s k\u00e9pezi a felhaszn\u00e1l\u00f3k hozz\u00e1j\u00e1rul\u00e1s\u00e1nak alapj\u00e1t. A feliratkoz\u00e1shoz \u00e1ltal\u00e1ban elegend\u0151 az e-mail c\u00edm megad\u00e1sa, ugyanakkor szem\u00e9lyre szabott szolg\u00e1ltat\u00e1s ny\u00fajt\u00e1sa \u00e9rdek\u00e9ben k\u00e9rhetj\u00fck a n\u00e9v megad\u00e1s\u00e1t az egy\u00e9ni megsz\u00f3l\u00edt\u00e1shoz, illetve tov\u00e1bbi adatokat, ha ezek a h\u00edrlev\u00e9l c\u00e9lj\u00e1nak teljes\u00edt\u00e9s\u00e9hez sz\u00fcks\u00e9gesek.<\/span><\/p><p><span style=\"color: #ffffff;\">T\u00f6rl\u00e9s \u00e9s az adatkezel\u00e9s korl\u00e1toz\u00e1sa:\nA hozz\u00e1j\u00e1rul\u00e1s visszavon\u00e1s\u00e1t k\u00f6vet\u0151en a kil\u00e9pett e-mail-c\u00edmeket jogos \u00e9rdekeink alapj\u00e1n legfeljebb h\u00e1rom \u00e9vig t\u00e1rolhatjuk, annak \u00e9rdek\u00e9ben, hogy a kor\u00e1bban adott hozz\u00e1j\u00e1rul\u00e1s igazolhat\u00f3 legyen. Ezen adatok kezel\u00e9se kiz\u00e1r\u00f3lag arra a c\u00e9lra korl\u00e1toz\u00f3dik, hogy esetleges jogi ig\u00e9nyekkel szemben v\u00e9dekezni tudjunk. Egy\u00e9ni t\u00f6rl\u00e9si k\u00e9relmet b\u00e1rmikor beny\u00fajthat, amennyiben igazolja a kor\u00e1bbi hozz\u00e1j\u00e1rul\u00e1s megad\u00e1s\u00e1nak t\u00e9ny\u00e9t. Amennyiben t\u00f6rv\u00e9nyi k\u00f6telezetts\u00e9g\u00fcnk az ellen\u00e9rdekelt tiltakoz\u00e1sok tart\u00f3s figyelembev\u00e9tel\u00e9re vonatkozik, fenntartjuk a jogot, hogy az e-mail-c\u00edmeket kiz\u00e1r\u00f3lag az erre szolg\u00e1l\u00f3 tilt\u00f3list\u00e1n (\u00fan. \u201eblocklist\u201d) t\u00e1roljuk.<\/span><\/p><p><span style=\"color: #ffffff;\">A feliratkoz\u00e1si folyamat napl\u00f3z\u00e1sa jogos \u00e9rdekeink alapj\u00e1n t\u00f6rt\u00e9nik annak \u00e9rdek\u00e9ben, hogy a folyamat szab\u00e1lyszer\u0171s\u00e9g\u00e9nek bizony\u00edt\u00e1s\u00e1t biztos\u00edtsuk. Amennyiben k\u00fcls\u0151 szolg\u00e1ltat\u00f3t b\u00edzunk meg az e-mailek kik\u00fcld\u00e9s\u00e9vel, ez a jogos \u00e9rdek\u00fcnk\u00f6n alapul, mely az \u00fczembiztos \u00e9s hat\u00e9kony k\u00e9zbes\u00edt\u00e9si rendszer fenntart\u00e1s\u00e1ra ir\u00e1nyul.<\/span><\/p><p><span style=\"color: #ffffff;\"><strong>Inhalte:<\/strong><\/span><\/p><p><span style=\"color: #ffffff;\">Informationen zu uns, unseren Leistungen, Aktionen und Angeboten.<\/span><\/p><ul class=\"m-elements\"><li><span style=\"color: #ffffff;\"><strong>Verarbeitete Datenarten:<\/strong> Bestandsdaten (z.\u00a0B. der vollst\u00e4ndige Name, Wohnadresse, Kontaktinformationen, Kundennummer, etc.); Kontaktdaten (z.\u00a0B. Post- und E-Mail-Adressen oder Telefonnummern); Meta-, Kommunikations- und Verfahrensdaten (z. B. IP-Adressen, Zeitangaben, Identifikationsnummern, beteiligte Personen). Nutzungsdaten (z. B. Seitenaufrufe und Verweildauer, Klickpfade, Nutzungsintensit\u00e4t und -frequenz, verwendete Ger\u00e4tetypen und Betriebssysteme, Interaktionen mit Inhalten und Funktionen).<\/span><\/li><li><span style=\"color: #ffffff;\"><strong>Betroffene Personen:<\/strong> Kommunikationspartner. Nutzer (z.\u00a0B. Webseitenbesucher, Nutzer von Onlinediensten).<\/span><\/li><li><span style=\"color: #ffffff;\"><strong>Zwecke der Verarbeitung:<\/strong> Direktmarketing (z.\u00a0B. per E-Mail oder postalisch). Erbringung vertraglicher Leistungen und Erf\u00fcllung vertraglicher Pflichten.<\/span><\/li><li><span style=\"color: #ffffff;\"><strong>Aufbewahrung und L\u00f6schung:<\/strong> 3 Jahre &#8211; Vertragliche Anspr\u00fcche (AT) (Daten, die erforderlich sind, um potenzielle Gew\u00e4hrleistungs- und Schadensersatzanspr\u00fcche oder \u00e4hnliche vertragliche Anspr\u00fcche und Rechte zu ber\u00fccksichtigen sowie damit verbundene Anfragen zu bearbeiten, basierend auf fr\u00fcheren Gesch\u00e4ftserfahrungen und \u00fcblichen Branchenpraktiken, werden f\u00fcr die Dauer der regul\u00e4ren gesetzlichen Verj\u00e4hrungsfrist von drei Jahren gespeichert (\u00a7\u00a7 1478, 1480 ABGB).). 10 Jahre &#8211; Vertragliche Anspr\u00fcche (CH) (Daten, die zur Ber\u00fccksichtigung potenzieller Schadenersatzanspr\u00fcche oder \u00e4hnlicher vertraglicher Anspr\u00fcche und Rechte notwendig sind, sowie f\u00fcr die Bearbeitung damit verbundener Anfragen, basierend auf fr\u00fcheren Gesch\u00e4ftserfahrungen und den \u00fcblichen Branchenpraktiken, werden f\u00fcr den Zeitraum der gesetzlichen Verj\u00e4hrungsfrist von zehn Jahren gespeichert, es sei denn, eine k\u00fcrzere Frist von 5 Jahren ist ma\u00dfgeblich, die in bestimmten F\u00e4llen einschl\u00e4gig ist (Art. 127, 130 OR)).<\/span><\/li><li class=\"translation-block\"><span style=\"color: #ffffff\"><strong>Jogalapok:<\/strong> Hozz\u00e1j\u00e1rul\u00e1s (GDPR 6. cikk (1) bekezd\u00e9s a) pont), jogos \u00e9rdek (GDPR 6. cikk (1) bekezd\u00e9s f) pont).<\/span><\/li><li><span style=\"color: #ffffff;\"><strong>Widerspruchsm\u00f6glichkeit (Opt-Out): <\/strong>Sie k\u00f6nnen den Empfang unseres Newsletters jederzeit k\u00fcndigen, d.\u00a0.h. Ihre Einwilligungen widerrufen, bzw. dem weiteren Empfang widersprechen. Einen Link zur K\u00fcndigung des Newsletters finden Sie entweder am Ende eines jeden Newsletters oder k\u00f6nnen sonst eine der oben angegebenen Kontaktm\u00f6glichkeiten, vorzugsw\u00fcrdig E-Mail, hierzu nutzen.<\/span><\/li><\/ul><p><span style=\"color: #ffffff;\"><strong>Tov\u00e1bbi t\u00e1j\u00e9koztat\u00e1s a feldolgoz\u00e1si folyamatokr\u00f3l, elj\u00e1r\u00e1sokr\u00f3l \u00e9s szolg\u00e1ltat\u00e1sokr\u00f3l:<\/strong><\/span><\/p><ul class=\"m-elements\"><li><span style=\"color: #ffffff;\"><strong>Messung von \u00d6ffnungs- und Klickraten: <\/strong>Die Newsletter enthalten einen sogenannten \u201eWeb Beacons&#8220;, d. h. eine pixelgro\u00dfe Datei, die beim \u00d6ffnen des Newsletters von unserem bzw. dessen Server, sofern wir einen Versanddienstleister einsetzen, abgerufen wird. Im Rahmen dieses Abrufs werden zun\u00e4chst sowohl technische Informationen, wie beispielsweise Angaben zum Browser und Ihrem System, als auch Ihre IP-Adresse und der Zeitpunkt des Abrufs erhoben. Diese Informationen werden zur technischen Verbesserung unseres Newsletters anhand der technischen Daten oder der Zielgruppen und ihres Leseverhaltens auf Basis ihrer Abruforte (die mithilfe der IP-Adresse bestimmbar sind) oder der Zugriffszeiten genutzt. Diese Analyse beinhaltet ebenfalls die Feststellung, ob und wann die Newsletter ge\u00f6ffnet und welche Links angeklickt werden. Die Informationen werden den einzelnen Newsletterempf\u00e4ngern zugeordnet und in deren Profilen bis zur L\u00f6schung gespeichert. Die Auswertungen dienen dazu, die Lesegewohnheiten unserer Nutzer zu erkennen und unsere Inhalte an sie anzupassen oder unterschiedliche Inhalte entsprechend den Interessen unserer Nutzer zu versenden. Die Messung der \u00d6ffnungs- und Klickraten sowie die Speicherung der Messergebnisse in den Profilen der Nutzer<span class=\"dsg-license-content-blurred de dsg-ttip-activate\"> &#8211;<\/span>; <span class=\"\"><strong>Rechtsgrundlagen:<\/strong> Einwilligung (Art. 6 Abs. 1 S. 1 lit. a) DSGVO).<\/span><\/span><\/li><li><span style=\"color: #ffffff;\"><strong>Voraussetzung der Inanspruchnahme kostenloser Leistungen: <\/strong>Die Einwilligungen in den Versand von Mailings kann als Voraussetzung zur Inanspruchnahme kostenloser Leistungen (z.\u00a0B. Zugang zu bestimmten Inhalten oder Teilnahme an bestimmten Aktionen) abh\u00e4ngig gemacht werden. Sofern die Nutzer die kostenlose Leistung in Anspruch nehmen m\u00f6chten, ohne sich zum Newsletter anzumelden, bitten wir Sie um eine Kontaktaufnahme.<\/span><\/li><li><span style=\"color: #ffffff;\"><strong>Mailchimp: <\/strong>E-Mail-Marketing, Automatisierung von Marketingprozessen, Erhebung. Speicherung und Verwaltung von Kontaktdaten, Messung der Kampagnenleistung, Erfassung und Analyse der Interaktion der Empf\u00e4nger mit Inhalten, Personalisierung von Inhalten; <strong>Dienstanbieter:<\/strong> Rocket Science Group, LLC, 675 Ponce De Leon Ave NE #5000, Atlanta, GA 30308, USA; <span class=\"\"><strong>Rechtsgrundlagen:<\/strong> Berechtigte Interessen (Art. 6 Abs. 1 S. 1 lit. f) DSGVO); <\/span><strong>Website:<\/strong> <a style=\"color: #ffffff;\" href=\"https:\/\/mailchimp.com\" target=\"_blank\" rel=\"noopener\">https:\/\/mailchimp.com<\/a>; <strong>Datenschutzerkl\u00e4rung:<\/strong> <a style=\"color: #ffffff;\" href=\"https:\/\/mailchimp.com\/legal\/\" target=\"_blank\" rel=\"noopener\">https:\/\/mailchimp.com\/legal\/<\/a>; <strong>Auftragsverarbeitungsvertrag:<\/strong> <a style=\"color: #ffffff;\" href=\"https:\/\/mailchimp.com\/legal\/\" target=\"_blank\" rel=\"noopener\">https:\/\/mailchimp.com\/legal\/<\/a>; <strong>Grundlage Drittlandtransfers:<\/strong> Data Privacy Framework (DPF). <strong>Weitere Informationen:<\/strong> Besondere Sicherheitsma\u00dfnahmen: <a style=\"color: #ffffff;\" href=\"https:\/\/mailchimp.com\/de\/help\/mailchimp-european-data-transfers\/\" target=\"_blank\" rel=\"noopener\">https:\/\/mailchimp.com\/de\/help\/mailchimp-european-data-transfers\/<\/a>.<\/span><\/li><\/ul><h2 id=\"m638\"><span style=\"color: #ffffff;\">Rekl\u00e1mjelleg\u0171 kommunik\u00e1ci\u00f3 e-mailen, post\u00e1n, faxon vagy telefonon kereszt\u00fcl.<\/span><\/h2><p><span style=\"color: #ffffff;\">Wir verarbeiten personenbezogene Daten zu Zwecken der werblichen Kommunikation, die \u00fcber diverse Kan\u00e4le, wie z.\u00a0B. E-Mail, Telefon, Post oder Fax, entsprechend den gesetzlichen Vorgaben erfolgen kann.<\/span><\/p><p><span style=\"color: #ffffff;\">Die Empf\u00e4nger haben das Recht, erteilte Einwilligungen jederzeit zu widerrufen oder der werblichen Kommunikation jederzeit zu widersprechen.<\/span><\/p><p><span style=\"color: #ffffff;\">Nach Widerruf oder Widerspruch speichern wir die zum Nachweis der bisherigen Berechtigung erforderlichen Daten zur Kontaktaufnahme oder Zusendung bis zu drei Jahre nach Ablauf des Jahres des Widerrufs oder Widerspruchs auf der Grundlage unserer berechtigten Interessen. Die Verarbeitung dieser Daten ist auf den Zweck einer m\u00f6glichen Abwehr von Anspr\u00fcchen beschr\u00e4nkt. Auf der Grundlage des berechtigten Interesses, den Widerruf bzw. Widerspruch der Nutzer dauerhaft zu beachten, speichern wir ferner die zur Vermeidung einer erneuten Kontaktaufnahme erforderlichen Daten (z.\u00a0B. je nach Kommunikationskanal die E-Mail-Adresse, Telefonnummer, Name).<\/span><\/p><ul class=\"m-elements\"><li><span style=\"color: #ffffff;\"><strong>Verarbeitete Datenarten:<\/strong> Bestandsdaten (z.\u00a0B. der vollst\u00e4ndige Name, Wohnadresse, Kontaktinformationen, Kundennummer, etc.); Kontaktdaten (z.\u00a0B. Post- und E-Mail-Adressen oder Telefonnummern). Inhaltsdaten (z. B. textliche oder bildliche Nachrichten und Beitr\u00e4ge sowie die sie betreffenden Informationen, wie z. B. Angaben zur Autorenschaft oder Zeitpunkt der Erstellung).<\/span><\/li><li class=\"translation-block\"><span style=\"color: #ffffff\"><strong>\u00c9rintett szem\u00e9lyek:<\/strong> Kommunik\u00e1ci\u00f3s partnerek.<\/span><\/li><li><span style=\"color: #ffffff;\"><strong>Zwecke der Verarbeitung:<\/strong> Direktmarketing (z.\u00a0B. per E-Mail oder postalisch); Marketing. Absatzf\u00f6rderung.<\/span><\/li><li class=\"translation-block\"><span style=\"color: #ffffff\"><strong>T\u00e1rol\u00e1s \u00e9s t\u00f6rl\u00e9s:<\/strong> Az adatok t\u00f6rl\u00e9s\u00e9re a \u201e\u00c1ltal\u00e1nos inform\u00e1ci\u00f3k az adatmeg\u0151rz\u00e9sr\u0151l \u00e9s t\u00f6rl\u00e9sr\u0151l\u201d c\u00edm\u0171 szakaszban foglaltak szerint ker\u00fcl sor.<\/span><\/li><li class=\"translation-block\"><span style=\"color: #ffffff\"><strong>Jogalapok:<\/strong> Hozz\u00e1j\u00e1rul\u00e1s (GDPR 6. cikk (1) bekezd\u00e9s a) pont), jogos \u00e9rdek (GDPR 6. cikk (1) bekezd\u00e9s f) pont).<\/span><\/li><\/ul><h2 id=\"m237\"><span style=\"color: #ffffff;\">Nyerem\u00e9nyj\u00e1t\u00e9kok \u00e9s versenyek<\/span><\/h2><p><span style=\"color: #ffffff;\">Wir verarbeiten personenbezogene Daten der Teilnehmer von Gewinnspielen und Wettbewerben nur unter Einhaltung der einschl\u00e4gigen Datenschutzbestimmungen, soweit die Verarbeitung zur Bereitstellung, Durchf\u00fchrung und Abwicklung des Gewinnspiels vertraglich erforderlich ist, die Teilnehmer in die Verarbeitung eingewilligt haben oder die Verarbeitung unseren berechtigten Interessen dient (z.\u00a0B. an der Sicherheit des Gewinnspiels oder dem Schutz unserer Interessen vor Missbrauch durch m\u00f6gliche Erfassung von IP-Adressen bei Einreichung von Gewinnspielbeitr\u00e4gen).<\/span><\/p><p><span style=\"color: #ffffff;\">Falls im Rahmen der Gewinnspiele Beitr\u00e4ge der Teilnehmer ver\u00f6ffentlicht werden (z.\u00a0B. im Rahmen einer Abstimmung oder Pr\u00e4sentation der Gewinnspielbeitr\u00e4ge bzw. der Gewinner oder der Berichterstattung zum Gewinnspiel), weisen wir darauf hin, dass die Namen der Teilnehmer in diesem Zusammenhang ebenfalls ver\u00f6ffentlicht werden k\u00f6nnen. Die Teilnehmer k\u00f6nnen dem jederzeit widersprechen.<\/span><\/p><p><span style=\"color: #ffffff;\">Findet das Gewinnspiel innerhalb einer Online-Plattform oder eines sozialen Netzwerks (z.\u00a0B. Facebook oder Instagram, nachfolgend bezeichnet als &#8222;Online-Plattform&#8220;) statt, gelten zus\u00e4tzlich die Nutzungs- und Datenschutzbestimmungen der jeweiligen Plattformen. In diesen F\u00e4llen weisen wir darauf hin, dass wir f\u00fcr die im Rahmen des Gewinnspiels mitgeteilten Angaben der Teilnehmer verantwortlich sind und Anfragen im Hinblick auf das Gewinnspiel an uns zu richten sind.<\/span><\/p><p><span style=\"color: #ffffff;\">Die Daten der Teilnehmer werden gel\u00f6scht, sobald das Gewinnspiel oder der Wettbewerb beendet sind und die Daten nicht mehr erforderlich sind, um die Gewinner zu informieren oder weil nicht mehr mit R\u00fcckfragen zum Gewinnspiel zu rechnen ist. Grunds\u00e4tzlich werden die Daten der Teilnehmer sp\u00e4testens 6 Monate nach Ende des Gewinnspiels gel\u00f6scht. Daten der Gewinner k\u00f6nnen l\u00e4nger einbehalten werden, um z.\u00a0B. R\u00fcckfragen zu den Gewinnen beantworten oder die Gewinnleistungen erf\u00fcllen zu k\u00f6nnen; in diesem Fall richtet sich die Aufbewahrungsdauer nach der Art des Gewinns und betr\u00e4gt z.\u00a0B. bei Sachen oder Leistungen bis zu drei Jahre, um z.\u00a0B. Gew\u00e4hrleistungsf\u00e4lle bearbeiten zu k\u00f6nnen. Ferner k\u00f6nnen die Daten der Teilnehmer l\u00e4nger gespeichert werden, z.\u00a0B. in Form der Berichterstattung zum Gewinnspiel in Online- und Offline-Medien.<\/span><\/p><p><span style=\"color: #ffffff;\">Sofern Daten im Rahmen des Gewinnspiels auch zu anderen Zwecken erhoben wurden, richten sich deren Verarbeitung und die Aufbewahrungsdauer nach den Datenschutzhinweisen zu dieser Nutzung (z.\u00a0B. im Fall einer Anmeldung zum Newsletter im Rahmen eines Gewinnspiels).<\/span><\/p><ul class=\"m-elements\"><li><span style=\"color: #ffffff;\"><strong>Verarbeitete Datenarten:<\/strong> Bestandsdaten (z.\u00a0B. der vollst\u00e4ndige Name, Wohnadresse, Kontaktinformationen, Kundennummer, etc.); Kontaktdaten (z.\u00a0B. Post- und E-Mail-Adressen oder Telefonnummern). Inhaltsdaten (z. B. textliche oder bildliche Nachrichten und Beitr\u00e4ge sowie die sie betreffenden Informationen, wie z. B. Angaben zur Autorenschaft oder Zeitpunkt der Erstellung).<\/span><\/li><li><span style=\"color: #ffffff;\"><strong>Betroffene Personen:<\/strong> Nyerem\u00e9nyj\u00e1t\u00e9kok \u00e9s versenyek r\u00e9sztvev\u0151i<\/span><\/li><li><span style=\"color: #ffffff;\"><strong>Zwecke der Verarbeitung:<\/strong> Durchf\u00fchrung von Gewinnspielen und Wettbewerben.<\/span><\/li><li class=\"translation-block\"><span style=\"color: #ffffff\"><strong>T\u00e1rol\u00e1s \u00e9s t\u00f6rl\u00e9s:<\/strong> Az adatok t\u00f6rl\u00e9s\u00e9re a \u201e\u00c1ltal\u00e1nos inform\u00e1ci\u00f3k az adatmeg\u0151rz\u00e9sr\u0151l \u00e9s t\u00f6rl\u00e9sr\u0151l\u201d c\u00edm\u0171 szakaszban foglaltak szerint ker\u00fcl sor.<\/span><\/li><li class=\"\"><span style=\"color: #ffffff;\"><strong>Rechtsgrundlagen:<\/strong> Vertragserf\u00fcllung und vorvertragliche Anfragen (Art. 6 Abs. 1 S. 1 lit. b) DSGVO). Berechtigte Interessen (Art. 6 Abs. 1 S. 1 lit. f) DSGVO).<\/span><\/li><\/ul><h2 id=\"m408\"><span style=\"color: #ffffff;\">K\u00e9rd\u0151\u00edvek \u00e9s felm\u00e9r\u00e9sek<\/span><\/h2><p><span style=\"color: #ffffff;\">Wir f\u00fchren Umfragen und Befragungen durch, um Informationen f\u00fcr den jeweils kommunizierten Umfrage- bzw. Befragungszweck, zu sammeln. Die von uns durchgef\u00fchrten Umfragen und Befragungen (nachfolgend &#8222;Befragungen&#8220;) werden anonym ausgewertet. Eine Verarbeitung personenbezogener Daten erfolgt nur insoweit, als dies zu Bereitstellung und technischen Durchf\u00fchrung der Umfragen erforderlich ist (z.\u00a0B. Verarbeitung der IP-Adresse, um die Umfrage im Browser des Nutzers darzustellen oder mithilfe eines Cookies eine Wiederaufnahme der Umfrage zu erm\u00f6glichen).<\/span><\/p><ul class=\"m-elements\"><li><span style=\"color: #ffffff;\"><strong>Verarbeitete Datenarten:<\/strong> Bestandsdaten (z.\u00a0B. der vollst\u00e4ndige Name, Wohnadresse, Kontaktinformationen, Kundennummer, etc.); Kontaktdaten (z.\u00a0B. Post- und E-Mail-Adressen oder Telefonnummern); Inhaltsdaten (z. B. textliche oder bildliche Nachrichten und Beitr\u00e4ge sowie die sie betreffenden Informationen, wie z. B. Angaben zur Autorenschaft oder Zeitpunkt der Erstellung). Nutzungsdaten (z. B. Seitenaufrufe und Verweildauer, Klickpfade, Nutzungsintensit\u00e4t und -frequenz, verwendete Ger\u00e4tetypen und Betriebssysteme, Interaktionen mit Inhalten und Funktionen).<\/span><\/li><li><span style=\"color: #ffffff;\"><strong>Betroffene Personen:<\/strong> R\u00e9sztvev\u0151k<\/span><\/li><li><span style=\"color: #ffffff;\"><strong>Zwecke der Verarbeitung:<\/strong> Feedback (z.\u00a0B. Sammeln von Feedback via Online-Formular). Umfragen und Frageb\u00f6gen (z.\u00a0B. Umfragen mit Eingabem\u00f6glichkeiten, Multiple-Choice-Fragen).<\/span><\/li><li class=\"translation-block\"><span style=\"color: #ffffff\"><strong>T\u00e1rol\u00e1s \u00e9s t\u00f6rl\u00e9s:<\/strong> Az adatok t\u00f6rl\u00e9s\u00e9re a \u201e\u00c1ltal\u00e1nos inform\u00e1ci\u00f3k az adatmeg\u0151rz\u00e9sr\u0151l \u00e9s t\u00f6rl\u00e9sr\u0151l\u201d c\u00edm\u0171 szakaszban foglaltak szerint ker\u00fcl sor.<\/span><\/li><li class=\"translation-block\"><span style=\"color: #ffffff\"><strong>Jogalapok:<\/strong> Jogos \u00e9rdekek (az Eur\u00f3pai Parlament \u00e9s a Tan\u00e1cs 2016. \u00e1prilis 27-i (EU) 2016\/679 rendelete (\u00c1ltal\u00e1nos adatv\u00e9delmi rendelet, GDPR) 6. cikk (1) bekezd\u00e9s f) pontja alapj\u00e1n); hozz\u00e1j\u00e1rul\u00e1s (GDPR 6. cikk (1) bekezd\u00e9s a) pontja).<\/span><\/li><\/ul><p><span style=\"color: #ffffff;\"><strong>Tov\u00e1bbi t\u00e1j\u00e9koztat\u00e1s a feldolgoz\u00e1si folyamatokr\u00f3l, elj\u00e1r\u00e1sokr\u00f3l \u00e9s szolg\u00e1ltat\u00e1sokr\u00f3l:<\/strong><\/span><\/p><ul class=\"m-elements\"><li><span style=\"color: #ffffff;\"><strong>Google-Formular: <\/strong>Erstellung und Auswertung von Onineformularen, Umfragen, Feedbackb\u00f6gen, etc; <strong>Dienstanbieter:<\/strong> Google Ireland Limited, Gordon House, Barrow Street, Dublin 4, Irland; <span class=\"\"><strong>Rechtsgrundlagen:<\/strong> Berechtigte Interessen (Art. 6 Abs. 1 S. 1 lit. f) DSGVO); <\/span><strong>Website:<\/strong> <a style=\"color: #ffffff;\" href=\"https:\/\/www.google.de\/intl\/de\/forms\" target=\"_blank\" rel=\"noopener\">https:\/\/www.google.de\/intl\/de\/forms<\/a>; <strong>Datenschutzerkl\u00e4rung:<\/strong> <a style=\"color: #ffffff;\" href=\"https:\/\/policies.google.com\/privacy\" target=\"_blank\" rel=\"noopener\">https:\/\/policies.google.com\/privacy<\/a>; <strong>Auftragsverarbeitungsvertrag:<\/strong> <a style=\"color: #ffffff;\" href=\"https:\/\/cloud.google.com\/terms\/data-processing-addendum\" target=\"_blank\" rel=\"noopener\">https:\/\/cloud.google.com\/terms\/data-processing-addendum<\/a>. <strong>Grundlage Drittlandtransfers:<\/strong> Data Privacy Framework (DPF).<\/span><\/li><\/ul><h2 id=\"m263\"><span style=\"color: #ffffff;\">Webanalitika, fel\u00fcgyelet \u00e9s optimaliz\u00e1ci\u00f3.<\/span><\/h2><p><span style=\"color: #ffffff;\">Die Webanalyse (auch als \u201eReichweitenmessung&#8220; bezeichnet) dient der Auswertung der Besucherstr\u00f6me unseres Onlineangebots und kann Verhalten, Interessen oder demografische Informationen zu den Besuchern, wie beispielsweise Alter oder Geschlecht, als pseudonyme Werte umfassen. Mithilfe der Reichweitenanalyse k\u00f6nnen wir zum Beispiel erkennen, zu welcher Zeit unser Onlineangebot oder dessen Funktionen beziehungsweise Inhalte am h\u00e4ufigsten genutzt werden, oder zur Wiederverwendung einladen. Ebenso ist es uns m\u00f6glich, nachzuvollziehen, welche Bereiche der Optimierung bed\u00fcrfen.<\/span><\/p><p><span style=\"color: #ffffff;\">Neben der Webanalyse k\u00f6nnen wir auch Testverfahren einsetzen, um etwa unterschiedliche Versionen unseres Onlineangebots oder seiner Bestandteile zu testen und zu optimieren.<\/span><\/p><p><span style=\"color: #ffffff;\">Sofern nachfolgend nicht anders angegeben, k\u00f6nnen zu diesen Zwecken Profile, also zu einem Nutzungsvorgang zusammengefasste Daten, angelegt und Informationen in einem Browser bzw. in einem Endger\u00e4t gespeichert und dann ausgelesen werden. Zu den erhobenen Angaben geh\u00f6ren insbesondere besuchte Websites und dort genutzte Elemente sowie technische Ausk\u00fcnfte, wie etwa der verwendete Browser, das benutzte Computersystem sowie Angaben zu Nutzungszeiten. Sofern sich Nutzer in die Erhebung ihrer Standortdaten uns gegen\u00fcber oder gegen\u00fcber den Anbietern der von uns eingesetzten Dienste einverstanden erkl\u00e4rt haben, ist auch die Verarbeitung von Standortdaten m\u00f6glich.<\/span><\/p><p><span style=\"color: #ffffff;\">Dar\u00fcber hinaus werden die IP-Adressen der Nutzer gespeichert. Jedoch nutzen wir ein IP-Masking-Verfahren (d. h. Pseudonymisierung durch K\u00fcrzung der IP-Adresse) zum Schutz der Nutzer. Generell werden die im Rahmen von Webanalyse, A\/B-Testings und Optimierung keine Klardaten der Nutzer (wie z.\u00a0B. E-Mail-Adressen oder Namen) gespeichert, sondern Pseudonyme. Das hei\u00dft, wir als auch die Anbieter der eingesetzten Software kennen nicht die tats\u00e4chliche Identit\u00e4t der Nutzer, sondern nur die zum Zweck der jeweiligen Verfahren in deren Profilen gespeicherten Angaben.<\/span><\/p><p><span style=\"color: #ffffff;\">Hinweise zu Rechtsgrundlagen: Sofern wir die Nutzer um deren Einwilligung in den Einsatz der Drittanbieter bitten, stellt die Rechtsgrundlage der Datenverarbeitung die Einwilligung dar. Ansonsten werden die Nutzerdaten auf Grundlage unserer berechtigten Interessen (d. h. Interesse an effizienten, wirtschaftlichen und empf\u00e4ngerfreundlichen Leistungen) verarbeitet. In diesem Zusammenhang m\u00f6chten wir Sie auch auf die Informationen zur Verwendung von Cookies in dieser Datenschutzerkl\u00e4rung hinweisen.<\/span><\/p><ul class=\"m-elements\"><li><span style=\"color: #ffffff;\"><strong>Verarbeitete Datenarten:<\/strong> Nutzungsdaten (z. B. Seitenaufrufe und Verweildauer, Klickpfade, Nutzungsintensit\u00e4t und -frequenz, verwendete Ger\u00e4tetypen und Betriebssysteme, Interaktionen mit Inhalten und Funktionen). Meta-, Kommunikations- und Verfahrensdaten (z. B. IP-Adressen, Zeitangaben, Identifikationsnummern, beteiligte Personen).<\/span><\/li><li class=\"translation-block\"><span style=\"color: #ffffff\"><strong>\u00c9rintett szem\u00e9lyek:<\/strong> Felhaszn\u00e1l\u00f3k (p\u00e9ld\u00e1ul weboldal l\u00e1togat\u00f3k, online szolg\u00e1ltat\u00e1sokat ig\u00e9nybe vev\u0151k).<\/span><\/li><li><span style=\"color: #ffffff;\"><strong>Zwecke der Verarbeitung:<\/strong> Reichweitenmessung (z.\u00a0B. Zugriffsstatistiken, Erkennung wiederkehrender Besucher); Profile mit nutzerbezogenen Informationen (Erstellen von Nutzerprofilen). Bereitstellung unseres Onlineangebotes und Nutzerfreundlichkeit.<\/span><\/li><li><span style=\"color: #ffffff;\"><strong>Aufbewahrung und L\u00f6schung:<\/strong> L\u00f6schung entsprechend Angaben im Abschnitt &#8222;Allgemeine Informationen zur Datenspeicherung und L\u00f6schung&#8220;. Speicherung von Cookies von bis zu 2 Jahren (Sofern nicht anders angegeben, k\u00f6nnen Cookies und \u00e4hnliche Speichermethoden f\u00fcr einen Zeitraum von zwei Jahren auf den Ger\u00e4ten der Nutzer gespeichert werden.).<\/span><\/li><li><span style=\"color: #ffffff;\"><strong>Sicherheitsma\u00dfnahmen:<\/strong> IP-Masking (Pseudonymisierung der IP-Adresse).<\/span><\/li><li class=\"translation-block\"><span style=\"color: #ffffff\"><strong>Jogalapok:<\/strong> Hozz\u00e1j\u00e1rul\u00e1s (GDPR 6. cikk (1) bekezd\u00e9s a) pont), jogos \u00e9rdek (GDPR 6. cikk (1) bekezd\u00e9s f) pont).<\/span><\/li><\/ul><p><span style=\"color: #ffffff;\"><strong>Tov\u00e1bbi t\u00e1j\u00e9koztat\u00e1s a feldolgoz\u00e1si folyamatokr\u00f3l, elj\u00e1r\u00e1sokr\u00f3l \u00e9s szolg\u00e1ltat\u00e1sokr\u00f3l:<\/strong><\/span><\/p><ul class=\"m-elements\"><li><span style=\"color: #ffffff;\"><strong>Google Analytics: <\/strong>Wir verwenden Google Analytics zur Messung und Analyse der Nutzung unseres Onlineangebotes auf der Grundlage einer pseudonymen Nutzeridentifikationsnummer. Diese Identifikationsnummer enth\u00e4lt keine eindeutigen Daten, wie Namen oder E-Mail-Adressen. Sie dient dazu, Analyseinformationen einem Endger\u00e4t zuzuordnen, um zu erkennen, welche Inhalte die Nutzer innerhalb eines oder verschiedener Nutzungsvorg\u00e4nge aufgerufen haben, welche Suchbegriffe sie verwendet haben, diese erneut aufgerufen haben oder mit unserem Onlineangebot interagiert haben. Ebenso werden der Zeitpunkt der Nutzung und deren Dauer gespeichert, sowie die Quellen der Nutzer, die auf unser Onlineangebot verweisen und technische Aspekte ihrer Endger\u00e4te und Browser.<\/span><br \/><span style=\"color: #ffffff;\">Dabei werden pseudonyme Profile von Nutzern mit Informationen aus der Nutzung verschiedener Ger\u00e4te erstellt, wobei Cookies eingesetzt werden k\u00f6nnen. Google Analytics protokolliert und speichert keine individuellen IP-Adressen f\u00fcr EU-Nutzer. Analytics stellt jedoch grobe geografische Standortdaten bereit, indem es die folgenden Metadaten von IP-Adressen ableitet: Stadt (und der abgeleitete Breiten- und L\u00e4ngengrad der Stadt), Kontinent, Land, Region, Subkontinent (und ID-basierte Gegenst\u00fccke). Beim EU-Datenverkehr werden die IP-Adressdaten ausschlie\u00dflich f\u00fcr diese Ableitung von Geolokalisierungsdaten verwendet, bevor sie sofort gel\u00f6scht werden. Sie werden nicht protokolliert, sind nicht zug\u00e4nglich und werden nicht f\u00fcr weitere Verwendungszwecke genutzt. Wenn Google Analytics Messdaten sammelt, werden alle IP-Abfragen auf EU-basierten Servern durchgef\u00fchrt, bevor der Verkehr zur Verarbeitung an Analytics-Server weitergeleitet wird; <strong>Dienstanbieter:<\/strong> Google Ireland Limited, Gordon House, Barrow Street, Dublin 4, Irland; <span class=\"\"><strong>Rechtsgrundlagen:<\/strong> Einwilligung (Art. 6 Abs. 1 S. 1 lit. a) DSGVO); <\/span><strong>Website:<\/strong> <a style=\"color: #ffffff;\" href=\"https:\/\/marketingplatform.google.com\/intl\/de\/about\/analytics\/\" target=\"_blank\" rel=\"noopener\">https:\/\/marketingplatform.google.com\/intl\/de\/about\/analytics\/<\/a>; <strong>Sicherheitsma\u00dfnahmen:<\/strong> IP-Masking (Pseudonymisierung der IP-Adresse); <strong>Datenschutzerkl\u00e4rung:<\/strong> <a style=\"color: #ffffff;\" href=\"https:\/\/policies.google.com\/privacy\" target=\"_blank\" rel=\"noopener\">https:\/\/policies.google.com\/privacy<\/a>; <strong>Auftragsverarbeitungsvertrag:<\/strong> <a style=\"color: #ffffff;\" href=\"https:\/\/business.safety.google\/adsprocessorterms\/\" target=\"_blank\" rel=\"noopener\">https:\/\/business.safety.google\/adsprocessorterms\/<\/a>; <strong>Grundlage Drittlandtransfers:<\/strong> Data Privacy Framework (DPF); <strong>Widerspruchsm\u00f6glichkeit (Opt-Out):<\/strong> Opt-Out-Plugin: <a style=\"color: #ffffff;\" href=\"https:\/\/tools.google.com\/dlpage\/gaoptout?hl=de\" target=\"_blank\" rel=\"noopener\">https:\/\/tools.google.com\/dlpage\/gaoptout?hl=de<\/a>, Einstellungen f\u00fcr die Darstellung von Werbeeinblendungen: <a style=\"color: #ffffff;\" href=\"https:\/\/myadcenter.google.com\/personalizationoff\" target=\"_blank\" rel=\"noopener\">https:\/\/myadcenter.google.com\/personalizationoff<\/a>. <strong>Weitere Informationen:<\/strong> <a style=\"color: #ffffff;\" href=\"https:\/\/business.safety.google\/adsservices\/\" target=\"_blank\" rel=\"noopener\">https:\/\/business.safety.google\/adsservices\/<\/a> (Arten der Verarbeitung sowie der verarbeiteten Daten).<\/span><\/li><\/ul><h2 id=\"m264\"><span style=\"color: #ffffff;\">Online marketing<\/span><\/h2><p><span style=\"color: #ffffff;\">Wir verarbeiten personenbezogene Daten zum Zweck des Onlinemarketings, worunter insbesondere die Vermarktung von Werbefl\u00e4chen oder die Darstellung von werbenden und sonstigen Inhalten (zusammenfassend als \u201eInhalte&#8220; bezeichnet) anhand potenzieller Interessen der Nutzer sowie die Messung ihrer Effektivit\u00e4t fallen k\u00f6nnen.<\/span><\/p><p><span style=\"color: #ffffff;\">Zu diesen Zwecken werden sogenannte Nutzerprofile angelegt und in einer Datei (der sogenannte \u201eCookie&#8220;) gespeichert oder \u00e4hnliche Verfahren genutzt, mittels derer die f\u00fcr die Darstellung der vorgenannten Inhalte relevanten Angaben zum Nutzer gespeichert werden. Hierzu k\u00f6nnen beispielsweise betrachtete Inhalte, besuchte Websites, genutzte Onlinenetzwerke, aber auch Kommunikationspartner und technische Angaben geh\u00f6ren, wie etwa der verwendete Browser, das benutzte Computersystem sowie Ausk\u00fcnfte zu Nutzungszeiten und genutzten Funktionen. Sofern Nutzer in die Erhebung ihrer Standortdaten eingewilligt haben, k\u00f6nnen auch diese verarbeitet werden.<\/span><\/p><p><span style=\"color: #ffffff;\">Zudem werden die IP-Adressen der Nutzer gespeichert. Jedoch nutzen wir zur Verf\u00fcgung stehende IP-Masking-Verfahren (d. h. Pseudonymisierung durch K\u00fcrzung der IP-Adresse) zum Nutzerschutz. Generell werden im Rahmen des Onlinemarketingverfahrens keine Klardaten der Nutzer (wie z.\u00a0B. E-Mail-Adressen oder Namen) gespeichert, sondern Pseudonyme. Das hei\u00dft, wir als auch die Anbieter der Onlinemarketingverfahren kennen nicht die tats\u00e4chliche Nutzeridentit\u00e4t, sondern nur die in deren Profilen gespeicherten Angaben.<\/span><\/p><p><span style=\"color: #ffffff;\">Die Aussagen in den Profilen werden im Regelfall in den Cookies oder mittels \u00e4hnlicher Verfahren gespeichert. Diese Cookies k\u00f6nnen sp\u00e4ter generell auch auf anderen Websites, die dasselbe Onlinemarketingverfahren einsetzen, ausgelesen und zum Zweck der Darstellung von Inhalten analysiert sowie mit weiteren Daten erg\u00e4nzt und auf dem Server des Onlinemarketingverfahrensanbieters gespeichert werden.<\/span><\/p><p><span style=\"color: #ffffff;\">Ausnahmsweise ist es m\u00f6glich, Klardaten den Profilen zuzuordnen, vornehmlich dann, wenn die Nutzer zum Beispiel Mitglieder eines sozialen Netzwerks sind, dessen Onlinemarketingverfahren wir einsetzen und das Netzwerk die Nutzerprofile mit den vorgenannten Angaben verbindet. Wir bitten darum, zu beachten, dass Nutzer mit den Anbietern zus\u00e4tzliche Abreden treffen k\u00f6nnen, etwa durch Einwilligung im Rahmen der Registrierung.<\/span><\/p><p><span style=\"color: #ffffff;\">Wir erhalten grunds\u00e4tzlich nur Zugang zu zusammengefassten Informationen \u00fcber den Erfolg unserer Werbeanzeigen. Jedoch k\u00f6nnen wir im Rahmen sogenannter Konversionsmessungen pr\u00fcfen, welche unserer Onlinemarketingverfahren zu einer sogenannten Konversion gef\u00fchrt haben, d. h. beispielsweise zu einem Vertragsschluss mit uns. Die Konversionsmessung wird alleine zur Erfolgsanalyse unserer Marketingma\u00dfnahmen verwendet.<\/span><\/p><p><span style=\"color: #ffffff;\">Solange nicht anders angegeben, bitten wir Sie, davon auszugehen, dass eingesetzte Cookies f\u00fcr einen Zeitraum von zwei Jahren gespeichert werden.<\/span><\/p><p><span style=\"color: #ffffff;\"><strong>Hinweise zu Rechtsgrundlagen:<\/strong> Sofern wir die Nutzer um deren Einwilligung in den Einsatz der Drittanbieter bitten, stellt die Rechtsgrundlage der Datenverarbeitung die Erlaubnis dar. Ansonsten werden die Daten der Nutzer auf Grundlage unserer berechtigten Interessen (d. h. Interesse an effizienten, wirtschaftlichen und empf\u00e4ngerfreundlichen Leistungen) verarbeitet. In diesem Zusammenhang m\u00f6chten wir Sie auch auf die Informationen zur Verwendung von Cookies in dieser Datenschutzerkl\u00e4rung hinweisen.<\/span><\/p><p><span style=\"color: #ffffff;\"><strong>Hinweise zum Widerruf und Widerspruch:<\/strong><\/span><\/p><p><span style=\"color: #ffffff;\">Wir verweisen auf die Datenschutzhinweise der jeweiligen Anbieter und die zu den Anbietern angegebenen Widerspruchsm\u00f6glichkeiten (sog. &#8222;Opt-Out&#8220;). Sofern keine explizite Opt-Out-M\u00f6glichkeit angegeben wurde, besteht zum einen die M\u00f6glichkeit, dass Sie Cookies in den Einstellungen Ihres Browsers abschalten. Hierdurch k\u00f6nnen jedoch Funktionen unseres Onlineangebotes eingeschr\u00e4nkt werden. Wir empfehlen daher zus\u00e4tzlich die folgenden Opt-Out-M\u00f6glichkeiten, die zusammenfassend auf jeweilige Gebiete gerichtet angeboten werden:<\/span><\/p><p><span style=\"color: #ffffff;\">a) Europa: <a style=\"color: #ffffff;\" href=\"https:\/\/www.youronlinechoices.eu\" target=\"_blank\" rel=\"noopener\">https:\/\/www.youronlinechoices.eu.<\/a><\/span><\/p><p><span style=\"color: #ffffff;\">b) Kanada: <a style=\"color: #ffffff;\" href=\"https:\/\/www.youradchoices.ca\/choices\" target=\"_blank\" rel=\"noopener\">https:\/\/www.youradchoices.ca\/choices.<\/a><\/span><\/p><p><span style=\"color: #ffffff;\">c) USA: <a style=\"color: #ffffff;\" href=\"https:\/\/www.aboutads.info\/choices\" target=\"_blank\" rel=\"noopener\">https:\/\/www.aboutads.info\/choices.<\/a><\/span><\/p><p><span style=\"color: #ffffff;\">d) Gebiets\u00fcbergreifend: <a style=\"color: #ffffff;\" href=\"https:\/\/optout.aboutads.info\" target=\"_blank\" rel=\"noopener\">https:\/\/optout.aboutads.info.<\/a><\/span><\/p><ul class=\"m-elements\"><li><span style=\"color: #ffffff;\"><strong>Verarbeitete Datenarten:<\/strong> Nutzungsdaten (z. B. Seitenaufrufe und Verweildauer, Klickpfade, Nutzungsintensit\u00e4t und -frequenz, verwendete Ger\u00e4tetypen und Betriebssysteme, Interaktionen mit Inhalten und Funktionen). Meta-, Kommunikations- und Verfahrensdaten (z. B. IP-Adressen, Zeitangaben, Identifikationsnummern, beteiligte Personen).<\/span><\/li><li class=\"translation-block\"><span style=\"color: #ffffff\"><strong>\u00c9rintett szem\u00e9lyek:<\/strong> Felhaszn\u00e1l\u00f3k (p\u00e9ld\u00e1ul weboldal l\u00e1togat\u00f3k, online szolg\u00e1ltat\u00e1sokat ig\u00e9nybe vev\u0151k).<\/span><\/li><li><span style=\"color: #ffffff;\"><strong>Zwecke der Verarbeitung:<\/strong> Reichweitenmessung (z.\u00a0B. Zugriffsstatistiken, Erkennung wiederkehrender Besucher); Tracking (z.\u00a0B. interessens-\/verhaltensbezogenes Profiling, Nutzung von Cookies); Zielgruppenbildung; Marketing; Profile mit nutzerbezogenen Informationen (Erstellen von Nutzerprofilen). Konversionsmessung (Messung der Effektivit\u00e4t von Marketingma\u00dfnahmen).<\/span><\/li><li><span style=\"color: #ffffff;\"><strong>Aufbewahrung und L\u00f6schung:<\/strong> L\u00f6schung entsprechend Angaben im Abschnitt &#8222;Allgemeine Informationen zur Datenspeicherung und L\u00f6schung&#8220;. Speicherung von Cookies von bis zu 2 Jahren (Sofern nicht anders angegeben, k\u00f6nnen Cookies und \u00e4hnliche Speichermethoden f\u00fcr einen Zeitraum von zwei Jahren auf den Ger\u00e4ten der Nutzer gespeichert werden.).<\/span><\/li><li><span style=\"color: #ffffff;\"><strong>Sicherheitsma\u00dfnahmen:<\/strong> IP-Masking (Pseudonymisierung der IP-Adresse).<\/span><\/li><li class=\"translation-block\"><span style=\"color: #ffffff\"><strong>Jogalapok:<\/strong> Hozz\u00e1j\u00e1rul\u00e1s (GDPR 6. cikk (1) bekezd\u00e9s a) pont), jogos \u00e9rdek (GDPR 6. cikk (1) bekezd\u00e9s f) pont).<\/span><\/li><\/ul><p><span style=\"color: #ffffff;\"><strong>Tov\u00e1bbi t\u00e1j\u00e9koztat\u00e1s a feldolgoz\u00e1si folyamatokr\u00f3l, elj\u00e1r\u00e1sokr\u00f3l \u00e9s szolg\u00e1ltat\u00e1sokr\u00f3l:<\/strong><\/span><\/p><ul class=\"m-elements\"><li><span style=\"color: #ffffff;\"><strong>Google Ads und Konversionsmessung: <\/strong>Online-Marketing-Verfahren zum Zwecke der Platzierung von Inhalten und Anzeigen innerhalb des Werbenetzwerks des Diensteanbieters (z.\u00a0B. in Suchergebnissen, in Videos, auf Webseiten usw.), so dass sie Nutzern angezeigt werden, die ein mutma\u00dfliches Interesse an den Anzeigen haben. Dar\u00fcber hinaus messen wir die Konversion der Anzeigen, d.\u00a0h. ob die Nutzer sie zum Anlass genommen haben, mit den Anzeigen zu interagieren und die beworbenen Angebote zu nutzen (sog. Konversionen). Wir erhalten jedoch nur anonyme Informationen und keine pers\u00f6nlichen Informationen \u00fcber einzelne Nutzer; <strong>Dienstanbieter:<\/strong> Google Ireland Limited, Gordon House, Barrow Street, Dublin 4, Irland; <span class=\"\"><strong>Rechtsgrundlagen:<\/strong> Einwilligung (Art. 6 Abs. 1 S. 1 lit. a) DSGVO), Berechtigte Interessen (Art. 6 Abs. 1 S. 1 lit. f) DSGVO); <\/span><strong>Website:<\/strong> <a style=\"color: #ffffff;\" href=\"https:\/\/marketingplatform.google.com\" target=\"_blank\" rel=\"noopener\">https:\/\/marketingplatform.google.com<\/a>; <strong>Datenschutzerkl\u00e4rung:<\/strong> <a style=\"color: #ffffff;\" href=\"https:\/\/policies.google.com\/privacy\" target=\"_blank\" rel=\"noopener\">https:\/\/policies.google.com\/privacy<\/a>; <strong>Grundlage Drittlandtransfers:<\/strong> Data Privacy Framework (DPF); <strong>Weitere Informationen:<\/strong> Arten der Verarbeitung sowie der verarbeiteten Daten: <a style=\"color: #ffffff;\" href=\"https:\/\/business.safety.google\/adsservices\/\" target=\"_blank\" rel=\"noopener\">https:\/\/business.safety.google\/adsservices\/<\/a>. Datenverarbeitungsbedingungen zwischen Verantwortlichen und Standardvertragsklauseln f\u00fcr Drittlandtransfers von Daten: <a style=\"color: #ffffff;\" href=\"https:\/\/business.safety.google\/adscontrollerterms\" target=\"_blank\" rel=\"noopener\">https:\/\/business.safety.google\/adscontrollerterms<\/a>.<\/span><\/li><\/ul><h2 id=\"m299\"><span style=\"color: #ffffff;\">Vev\u0151i v\u00e9lem\u00e9nyek \u00e9s \u00e9rt\u00e9kel\u00e9sek<\/span><\/h2><p><span style=\"color: #ffffff;\">Wir nehmen an Rezensions- und Bewertungsverfahren teil, um unsere Leistungen zu evaluieren, zu optimieren und zu bewerben. Wenn Nutzer uns \u00fcber die beteiligten Bewertungsplattformen oder -verfahren bewerten oder anderweitig Feedback geben, gelten zus\u00e4tzlich die Allgemeinen Gesch\u00e4fts- oder Nutzungsbedingungen und die Datenschutzhinweise der Anbieter. Im Regelfall setzt die Bewertung zudem eine Registrierung bei den jeweiligen Anbietern voraus.<\/span><\/p><p><span style=\"color: #ffffff;\">Um sicherzustellen, dass die bewertenden Personen tats\u00e4chlich unsere Leistungen in Anspruch genommen haben, \u00fcbermitteln wir mit Einwilligung der Kunden die hierzu erforderlichen Daten im Hinblick auf den Kunden und die in Anspruch genommene Leistung an die jeweilige Bewertungsplattform (einschlie\u00dflich Name, E-Mail-Adresse und Bestellnummer bzw. Artikelnummer). Diese Daten werden alleine zur Verifizierung der Authentizit\u00e4t des Nutzers verwendet.<\/span><\/p><ul class=\"m-elements\"><li><span style=\"color: #ffffff;\"><strong>Verarbeitete Datenarten:<\/strong> Vertragsdaten (z.\u00a0B. Vertragsgegenstand, Laufzeit, Kundenkategorie); Nutzungsdaten (z. B. Seitenaufrufe und Verweildauer, Klickpfade, Nutzungsintensit\u00e4t und -frequenz, verwendete Ger\u00e4tetypen und Betriebssysteme, Interaktionen mit Inhalten und Funktionen). Meta-, Kommunikations- und Verfahrensdaten (z. B. IP-Adressen, Zeitangaben, Identifikationsnummern, beteiligte Personen).<\/span><\/li><li><span style=\"color: #ffffff;\"><strong>Betroffene Personen:<\/strong> Leistungsempf\u00e4nger und Auftraggeber. Nutzer (z.\u00a0B. Webseitenbesucher, Nutzer von Onlinediensten).<\/span><\/li><li><span style=\"color: #ffffff;\"><strong>Zwecke der Verarbeitung:<\/strong> Feedback (z.\u00a0B. Sammeln von Feedback via Online-Formular). Marketing.<\/span><\/li><li class=\"translation-block\"><span style=\"color: #ffffff\"><strong>Jogalapok:<\/strong> Jogos \u00e9rdekek (az Eur\u00f3pai Parlament \u00e9s a Tan\u00e1cs 2016. \u00e1prilis 27-i (EU) 2016\/679 rendelete (\u00c1ltal\u00e1nos adatv\u00e9delmi rendelet, GDPR) 6. cikk (1) bekezd\u00e9s f) pontja alapj\u00e1n); hozz\u00e1j\u00e1rul\u00e1s (GDPR 6. cikk (1) bekezd\u00e9s a) pontja).<\/span><\/li><\/ul><p><span style=\"color: #ffffff;\"><strong>Tov\u00e1bbi t\u00e1j\u00e9koztat\u00e1s a feldolgoz\u00e1si folyamatokr\u00f3l, elj\u00e1r\u00e1sokr\u00f3l \u00e9s szolg\u00e1ltat\u00e1sokr\u00f3l:<\/strong><\/span><\/p><ul class=\"m-elements\"><li><span style=\"color: #ffffff;\"><strong>Bewertungs-Widget: <\/strong>Wir binden in unser Onlineangebot sogenannte &#8222;Bewertungs-Widgets&#8220; ein. Ein Widget ist ein in unser Onlineangebot eingebundenes Funktions- und Inhaltselement, das ver\u00e4nderliche Informationen anzeigt. Es kann z.\u00a0B. in Form eines Siegels oder vergleichbaren Elements, zum Teil auch &#8222;Badge&#8220; genannt, dargestellt werden. Dabei wird der entsprechende Inhalt des Widgets zwar innerhalb unseres Onlineangebotes dargestellt, er wird aber in diesem Moment von den Servern des jeweiligen Widgets-Anbieters abgerufen. Nur so kann immer der aktuelle Inhalt gezeigt werden, vor allem die jeweils aktuelle Bewertung. Daf\u00fcr muss eine Datenverbindung von der innerhalb unseres Onlineangebotes aufgerufenen Webseite zu dem Server des Widgets-Anbieters aufgebaut werden und der Widgets-Anbieter erh\u00e4lt gewisse technische Daten (Zugriffsdaten, inklusive IP-Adresse), die n\u00f6tig sind, damit der Inhalt des Widgets an den Browser des Nutzers ausgeliefert werden kann. Des Weiteren erh\u00e4lt der Widgets-Anbieter Informationen dar\u00fcber, dass Nutzer unser Onlineangebot besucht haben. Diese Informationen k\u00f6nnen in einem Cookie gespeichert und von dem Widgets-Anbieter verwendet werden, um zu erkennen, welche Onlineangebote, die am dem Bewertungsverfahren teilnehmen, von dem Nutzer besucht worden sind. Die Informationen k\u00f6nnen in einem Nutzerprofil gespeichert und f\u00fcr Werbe- oder Marktforschungszwecke verwendet werden; <span class=\"\"><strong>Rechtsgrundlagen:<\/strong> Berechtigte Interessen (Art. 6 Abs. 1 S. 1 lit. f) DSGVO).<\/span><\/span><\/li><\/ul><h2 id=\"m136\"><span style=\"color: #ffffff;\">Jelenl\u00e9t a k\u00f6z\u00f6ss\u00e9gi m\u00e9di\u00e1ban<\/span><\/h2><p><span style=\"color: #ffffff;\">Wir unterhalten Onlinepr\u00e4senzen innerhalb sozialer Netzwerke und verarbeiten in diesem Rahmen Nutzerdaten, um mit den dort aktiven Nutzern zu kommunizieren oder Informationen \u00fcber uns anzubieten.<\/span><\/p><p><span style=\"color: #ffffff;\">Wir weisen darauf hin, dass dabei Nutzerdaten au\u00dferhalb des Raumes der Europ\u00e4ischen Union verarbeitet werden k\u00f6nnen. Hierdurch k\u00f6nnen sich f\u00fcr die Nutzer Risiken ergeben, weil so zum Beispiel die Durchsetzung der Nutzerrechte erschwert werden k\u00f6nnte.<\/span><\/p><p><span style=\"color: #ffffff;\">Ferner werden die Daten der Nutzer innerhalb sozialer Netzwerke im Regelfall f\u00fcr Marktforschungs- und Werbezwecke verarbeitet. So k\u00f6nnen beispielsweise anhand des Nutzungsverhaltens und sich daraus ergebender Interessen der Nutzer Nutzungsprofile erstellt werden. Letztere finden m\u00f6glicherweise wiederum Verwendung, um etwa Werbeanzeigen innerhalb und au\u00dferhalb der Netzwerke zu schalten, die mutma\u00dflich den Interessen der Nutzer entsprechen. Daher werden im Regelfall Cookies auf den Rechnern der Nutzer gespeichert, in denen das Nutzungsverhalten und die Interessen der Nutzer gespeichert werden. Zudem k\u00f6nnen in den Nutzungsprofilen auch Daten unabh\u00e4ngig der von den Nutzern verwendeten Ger\u00e4ten gespeichert werden (insbesondere, wenn sie Mitglieder der jeweiligen Plattformen und dort eingeloggt sind).<\/span><\/p><p><span style=\"color: #ffffff;\">F\u00fcr eine detaillierte Darstellung der jeweiligen Verarbeitungsformen und der Widerspruchsm\u00f6glichkeiten (Opt-out) verweisen wir auf die Datenschutzerkl\u00e4rungen und Angaben der Betreiber der jeweiligen Netzwerke.<\/span><\/p><p><span style=\"color: #ffffff;\">Auch im Fall von Auskunftsanfragen und der Geltendmachung von Betroffenenrechten weisen wir darauf hin, dass diese am effektivsten bei den Anbietern geltend gemacht werden k\u00f6nnen. Nur Letztere haben jeweils Zugriff auf die Nutzerdaten und k\u00f6nnen direkt entsprechende Ma\u00dfnahmen ergreifen und Ausk\u00fcnfte geben. Sollten Sie dennoch Hilfe ben\u00f6tigen, dann k\u00f6nnen Sie sich an uns wenden.<\/span><\/p><ul class=\"m-elements\"><li><span style=\"color: #ffffff;\"><strong>Verarbeitete Datenarten:<\/strong> Kontaktdaten (z.\u00a0B. Post- und E-Mail-Adressen oder Telefonnummern); Inhaltsdaten (z. B. textliche oder bildliche Nachrichten und Beitr\u00e4ge sowie die sie betreffenden Informationen, wie z. B. Angaben zur Autorenschaft oder Zeitpunkt der Erstellung). Nutzungsdaten (z. B. Seitenaufrufe und Verweildauer, Klickpfade, Nutzungsintensit\u00e4t und -frequenz, verwendete Ger\u00e4tetypen und Betriebssysteme, Interaktionen mit Inhalten und Funktionen).<\/span><\/li><li class=\"translation-block\"><span style=\"color: #ffffff\"><strong>\u00c9rintett szem\u00e9lyek:<\/strong> Felhaszn\u00e1l\u00f3k (p\u00e9ld\u00e1ul weboldal l\u00e1togat\u00f3k, online szolg\u00e1ltat\u00e1sokat ig\u00e9nybe vev\u0151k).<\/span><\/li><li><span style=\"color: #ffffff;\"><strong>Zwecke der Verarbeitung:<\/strong> Kommunikation; Feedback (z.\u00a0B. Sammeln von Feedback via Online-Formular). \u00d6ffentlichkeitsarbeit.<\/span><\/li><li class=\"translation-block\"><span style=\"color: #ffffff\"><strong>T\u00e1rol\u00e1s \u00e9s t\u00f6rl\u00e9s:<\/strong> Az adatok t\u00f6rl\u00e9s\u00e9re a \u201e\u00c1ltal\u00e1nos inform\u00e1ci\u00f3k az adatmeg\u0151rz\u00e9sr\u0151l \u00e9s t\u00f6rl\u00e9sr\u0151l\u201d c\u00edm\u0171 szakaszban foglaltak szerint ker\u00fcl sor.<\/span><\/li><li class=\"translation-block\"><span style=\"color: #ffffff\"><strong>Jogalapok:<\/strong> Jogos \u00e9rdekek (az Eur\u00f3pai Parlament \u00e9s a Tan\u00e1cs 2016. \u00e1prilis 27-i (EU) 2016\/679 rendelete (\u00c1ltal\u00e1nos adatv\u00e9delmi rendelet, GDPR) 6. cikk (1) bekezd\u00e9s f) pontja alapj\u00e1n); hozz\u00e1j\u00e1rul\u00e1s (GDPR 6. cikk (1) bekezd\u00e9s a) pontja).<\/span><\/li><\/ul><p><span style=\"color: #ffffff;\"><strong>Tov\u00e1bbi t\u00e1j\u00e9koztat\u00e1s a feldolgoz\u00e1si folyamatokr\u00f3l, elj\u00e1r\u00e1sokr\u00f3l \u00e9s szolg\u00e1ltat\u00e1sokr\u00f3l:<\/strong><\/span><\/p><ul class=\"m-elements\"><li><span style=\"color: #ffffff;\"><strong>Instagram: <\/strong>Soziales Netzwerk, erm\u00f6glicht das Teilen von Fotos und Videos, das Kommentieren und Favorisieren von Beitr\u00e4gen, Nachrichtenversand, Abonnieren von Profilen und Seiten; <strong>Dienstanbieter:<\/strong> Meta Platforms Ireland Limited, Merrion Road, Dublin 4, D04 X2K5, Irland; <span class=\"\"><strong>Rechtsgrundlagen:<\/strong> Berechtigte Interessen (Art. 6 Abs. 1 S. 1 lit. f) DSGVO); <\/span><strong>Website:<\/strong> <a style=\"color: #ffffff;\" href=\"https:\/\/www.instagram.com\" target=\"_blank\" rel=\"noopener\">https:\/\/www.instagram.com<\/a>; <strong>Datenschutzerkl\u00e4rung:<\/strong> <a style=\"color: #ffffff;\" href=\"https:\/\/privacycenter.instagram.com\/policy\/\" target=\"_blank\" rel=\"noopener\">https:\/\/privacycenter.instagram.com\/policy\/<\/a>. <strong>Grundlage Drittlandtransfers:<\/strong> Data Privacy Framework (DPF).<\/span><\/li><li><span style=\"color: #ffffff;\"><strong>Facebook-Seiten: <\/strong>Profile innerhalb des sozialen Netzwerks Facebook &#8211; Wir sind gemeinsam mit Meta Platforms Ireland Limited f\u00fcr die Erhebung (jedoch nicht die weitere Verarbeitung) von Daten der Besucher unserer Facebook-Seite (sog. &#8222;Fanpage&#8220;) verantwortlich. Zu diesen Daten geh\u00f6ren Informationen zu den Arten von Inhalten, die Nutzer sich ansehen oder mit denen sie interagieren, oder die von ihnen vorgenommenen Handlungen (siehe unter \u201eVon dir und anderen get\u00e4tigte und bereitgestellte Dinge&#8220; in der Facebook-Datenrichtlinie: <a style=\"color: #ffffff;\" href=\"https:\/\/www.facebook.com\/privacy\/policy\/\" target=\"_blank\" rel=\"noopener\">https:\/\/www.facebook.com\/privacy\/policy\/<\/a>), sowie Informationen \u00fcber die von den Nutzern genutzten Ger\u00e4te (z.\u00a0B. IP-Adressen, Betriebssystem, Browsertyp, Spracheinstellungen, Cookie-Daten; siehe unter \u201eGer\u00e4teinformationen&#8220; in der Facebook-Datenrichtlinie: <a style=\"color: #ffffff;\" href=\"https:\/\/www.facebook.com\/privacy\/policy\/\" target=\"_blank\" rel=\"noopener\">https:\/\/www.facebook.com\/privacy\/policy\/<\/a>). Wie in der Facebook-Datenrichtlinie unter \u201eWie verwenden wir diese Informationen?&#8220; erl\u00e4utert, erhebt und verwendet Facebook Informationen auch, um Analysedienste, so genannte &#8222;Seiten-Insights&#8220;, f\u00fcr Seitenbetreiber bereitzustellen, damit diese Erkenntnisse dar\u00fcber erhalten, wie Personen mit ihren Seiten und mit den mit ihnen verbundenen Inhalten interagieren. Wir haben mit Facebook eine spezielle Vereinbarung abgeschlossen (&#8222;Informationen zu Seiten-Insights&#8220;, <a style=\"color: #ffffff;\" href=\"https:\/\/www.facebook.com\/legal\/terms\/page_controller_addendum\" target=\"_blank\" rel=\"noopener\">https:\/\/www.facebook.com\/legal\/terms\/page_controller_addendum<\/a>), in der insbesondere geregelt wird, welche Sicherheitsma\u00dfnahmen Facebook beachten muss und in der Facebook sich bereit erkl\u00e4rt hat die Betroffenenrechte zu erf\u00fcllen (d.\u00a0h. Nutzer k\u00f6nnen z.\u00a0B. Ausk\u00fcnfte oder L\u00f6schungsanfragen direkt an Facebook richten). Die Rechte der Nutzer (insbesondere auf Auskunft, L\u00f6schung, Widerspruch und Beschwerde bei zust\u00e4ndiger Aufsichtsbeh\u00f6rde), werden durch die Vereinbarungen mit Facebook nicht eingeschr\u00e4nkt. Weitere Hinweise finden sich in den &#8222;Informationen zu Seiten-Insights&#8220; (<a style=\"color: #ffffff;\" href=\"https:\/\/www.facebook.com\/legal\/terms\/information_about_page_insights_data\" target=\"_blank\" rel=\"noopener\">https:\/\/www.facebook.com\/legal\/terms\/information_about_page_insights_data<\/a>). Die gemeinsame Verantwortlichkeit beschr\u00e4nkt sich auf die Erhebung durch und \u00dcbermittlung von Daten an Meta Platforms Ireland Limited, ein Unternehmen mit Sitz in der EU. Die weitere Verarbeitung der Daten liegt in der alleinigen Verantwortung von Meta Platforms Ireland Limited, was insbesondere die \u00dcbermittlung der Daten an die Muttergesellschaft Meta Platforms, Inc. in den USA betrifft; <strong>Dienstanbieter:<\/strong> Meta Platforms Ireland Limited, Merrion Road, Dublin 4, D04 X2K5, Irland; <span class=\"\"><strong>Rechtsgrundlagen:<\/strong> Berechtigte Interessen (Art. 6 Abs. 1 S. 1 lit. f) DSGVO); <\/span><strong>Website:<\/strong> <a style=\"color: #ffffff;\" href=\"https:\/\/www.facebook.com\" target=\"_blank\" rel=\"noopener\">https:\/\/www.facebook.com<\/a>; <strong>Datenschutzerkl\u00e4rung:<\/strong> <a style=\"color: #ffffff;\" href=\"https:\/\/www.facebook.com\/privacy\/policy\/\" target=\"_blank\" rel=\"noopener\">https:\/\/www.facebook.com\/privacy\/policy\/<\/a>. <strong>Grundlage Drittlandtransfers:<\/strong> Data Privacy Framework (DPF).<\/span><\/li><li><span style=\"color: #ffffff;\"><strong>TikTok: <\/strong>Soziales Netzwerk, erm\u00f6glicht das Teilen von Fotos und Videos, das Kommentieren und Favorisieren von Beitr\u00e4gen, Nachrichtenversand, Abonnieren von Accounts; <strong>Dienstanbieter:<\/strong> TikTok Technology Limited, 10 Earlsfort Terrace, Dublin, D02 T380, Irland und TikTok Information Technologies UK Limited, Kaleidoscope, 4 Lindsey Street, London, United Kingdom, EC1A 9HP; <span class=\"\"><strong>Rechtsgrundlagen:<\/strong> Berechtigte Interessen (Art. 6 Abs. 1 S. 1 lit. f) DSGVO); <\/span><strong>Website:<\/strong> <a style=\"color: #ffffff;\" href=\"https:\/\/www.tiktok.com\" target=\"_blank\" rel=\"noopener\">https:\/\/www.tiktok.com<\/a>. <strong>Datenschutzerkl\u00e4rung:<\/strong> <a style=\"color: #ffffff;\" href=\"https:\/\/www.tiktok.com\/de\/privacy-policy\" target=\"_blank\" rel=\"noopener\">https:\/\/www.tiktok.com\/de\/privacy-policy<\/a>.<\/span><\/li><\/ul><h2 id=\"m328\"><span style=\"color: #ffffff;\">Be\u00e9p\u00fcl\u0151 modulok \u00e9s be\u00e1gyazott funkci\u00f3k valamint tartalmak.<\/span><\/h2><p><span style=\"color: #ffffff;\">Wir binden Funktions- und Inhaltselemente in unser Onlineangebot ein, die von den Servern ihrer jeweiligen Anbieter (nachfolgend als \u201eDrittanbieter&#8220; bezeichnet) bezogen werden. Dabei kann es sich zum Beispiel um Grafiken, Videos oder Stadtpl\u00e4ne handeln (nachfolgend einheitlich als \u201eInhalte&#8220; bezeichnet).<\/span><\/p><p><span style=\"color: #ffffff;\">Die Einbindung setzt immer voraus, dass die Drittanbieter dieser Inhalte die IP-Adresse der Nutzer verarbeiten, da sie ohne IP-Adresse die Inhalte nicht an deren Browser senden k\u00f6nnten. Die IP-Adresse ist damit f\u00fcr die Darstellung dieser Inhalte oder Funktionen erforderlich. Wir bem\u00fchen uns, nur solche Inhalte zu verwenden, deren jeweilige Anbieter die IP-Adresse lediglich zur Auslieferung der Inhalte anzuwenden. Drittanbieter k\u00f6nnen ferner sogenannte Pixel-Tags (unsichtbare Grafiken, auch als \u201eWeb Beacons&#8220; bezeichnet) f\u00fcr statistische oder Marketingzwecke einsetzen. Durch die \u201ePixel-Tags&#8220; k\u00f6nnen Informationen, wie etwa der Besucherverkehr auf den Seiten dieser Website, ausgewertet werden. Die pseudonymen Informationen k\u00f6nnen dar\u00fcber hinaus in Cookies auf dem Ger\u00e4t der Nutzer gespeichert werden und unter anderem technische Ausk\u00fcnfte zum Browser und zum Betriebssystem, zu verweisenden Websites, zur Besuchszeit sowie weitere Angaben zur Nutzung unseres Onlineangebots enthalten, aber auch mit solchen Informationen aus anderen Quellen verbunden werden.<\/span><\/p><p><span style=\"color: #ffffff;\"><strong>Hinweise zu Rechtsgrundlagen:<\/strong> Sofern wir die Nutzer um ihre Einwilligung in den Einsatz der Drittanbieter bitten, stellt die Rechtsgrundlage der Datenverarbeitung die Erlaubnis dar. Ansonsten werden die Nutzerdaten auf Grundlage unserer berechtigten Interessen (d. h. Interesse an effizienten, wirtschaftlichen und empf\u00e4ngerfreundlichen Leistungen) verarbeitet. In diesem Zusammenhang m\u00f6chten wir Sie auch auf die Informationen zur Verwendung von Cookies in dieser Datenschutzerkl\u00e4rung hinweisen.<\/span><\/p><ul class=\"m-elements\"><li><span style=\"color: #ffffff;\"><strong>Verarbeitete Datenarten:<\/strong> Nutzungsdaten (z. B. Seitenaufrufe und Verweildauer, Klickpfade, Nutzungsintensit\u00e4t und -frequenz, verwendete Ger\u00e4tetypen und Betriebssysteme, Interaktionen mit Inhalten und Funktionen); Meta-, Kommunikations- und Verfahrensdaten (z. B. IP-Adressen, Zeitangaben, Identifikationsnummern, beteiligte Personen); Standortdaten (Angaben zur geografischen Position eines Ger\u00e4tes oder einer Person). Event-Daten (Facebook) (&#8222;Event-Daten&#8220; sind Informationen, die beispielsweise \u00fcber Meta-Pixel (sei es \u00fcber Apps oder andere Kan\u00e4le) an den Anbieter Meta gesendet werden und sich auf Personen oder deren Aktionen beziehen. Zu diesen Daten z\u00e4hlen etwa Details zu Website-Besuchen, Interaktionen mit Inhalten und Funktionen, App-Installationen sowie Produktk\u00e4ufe. Die Verarbeitung der Event-Daten erfolgt mit dem Ziel, Zielgruppen f\u00fcr Inhalte und Werbebotschaften (Custom Audiences) zu erstellen. Es ist wichtig zu beachten, dass Event-Daten keine tats\u00e4chlichen Inhalte wie verfasste Kommentare, keine Login-Informationen und keine Kontaktinformationen wie Namen, E-Mail-Adressen oder Telefonnummern umfassen. &#8222;Event-Daten&#8220; werden von Meta nach maximal zwei Jahren gel\u00f6scht, und die daraus gebildeten Zielgruppen verschwinden mit der L\u00f6schung unserer Meta-Nutzer-Konten.).<\/span><\/li><li class=\"translation-block\"><span style=\"color: #ffffff\"><strong>\u00c9rintett szem\u00e9lyek:<\/strong> Felhaszn\u00e1l\u00f3k (p\u00e9ld\u00e1ul weboldal l\u00e1togat\u00f3k, online szolg\u00e1ltat\u00e1sokat ig\u00e9nybe vev\u0151k).<\/span><\/li><li><span style=\"color: #ffffff;\"><strong>Zwecke der Verarbeitung:<\/strong> Bereitstellung unseres Onlineangebotes und Nutzerfreundlichkeit; Marketing. Profile mit nutzerbezogenen Informationen (Erstellen von Nutzerprofilen).<\/span><\/li><li><span style=\"color: #ffffff;\"><strong>Aufbewahrung und L\u00f6schung:<\/strong> L\u00f6schung entsprechend Angaben im Abschnitt &#8222;Allgemeine Informationen zur Datenspeicherung und L\u00f6schung&#8220;. Speicherung von Cookies von bis zu 2 Jahren (Sofern nicht anders angegeben, k\u00f6nnen Cookies und \u00e4hnliche Speichermethoden f\u00fcr einen Zeitraum von zwei Jahren auf den Ger\u00e4ten der Nutzer gespeichert werden.).<\/span><\/li><li class=\"translation-block\"><span style=\"color: #ffffff\"><strong>Jogalapok:<\/strong> Hozz\u00e1j\u00e1rul\u00e1s (GDPR 6. cikk (1) bekezd\u00e9s a) pont), jogos \u00e9rdek (GDPR 6. cikk (1) bekezd\u00e9s f) pont).<\/span><\/li><\/ul><p><span style=\"color: #ffffff;\"><strong>Tov\u00e1bbi t\u00e1j\u00e9koztat\u00e1s a feldolgoz\u00e1si folyamatokr\u00f3l, elj\u00e1r\u00e1sokr\u00f3l \u00e9s szolg\u00e1ltat\u00e1sokr\u00f3l:<\/strong><\/span><\/p><ul class=\"m-elements\"><li><span style=\"color: #ffffff;\"><strong>Facebook-Plugins und -Inhalte: <\/strong>Facebook Social Plugins und Inhalte &#8211; Hierzu k\u00f6nnen z.\u00a0B. Inhalte wie Bilder, Videos oder Texte und Schaltfl\u00e4chen geh\u00f6ren, mit denen Nutzer Inhalte dieses Onlineangebotes innerhalb von Facebook teilen k\u00f6nnen. Die Liste und das Aussehen der Facebook Social Plugins k\u00f6nnen hier eingesehen werden: <a style=\"color: #ffffff;\" href=\"https:\/\/developers.facebook.com\/docs\/plugins\/\" target=\"_blank\" rel=\"noopener\">https:\/\/developers.facebook.com\/docs\/plugins\/<\/a> &#8211; Wir sind gemeinsam mitMeta Platforms Ireland Limited f\u00fcr die Erhebung oder den Erhalt im Rahmen einer \u00dcbermittlung (jedoch nicht die weitere Verarbeitung) von &#8222;Event-Daten&#8220;, die Facebook mittels der Facebook-Social-Plugins (und Einbettungsfunktionen f\u00fcr Inhalte), die auf unserem Onlineangebot ausgef\u00fchrt werden, erhebt oder im Rahmen einer \u00dcbermittlung zu folgenden Zwecken erh\u00e4lt, gemeinsam verantwortlich: a) Anzeige von Inhalten sowie Werbeinformationen, die den mutma\u00dflichen Interessen der Nutzer entsprechen; b) Zustellung kommerzieller und transaktionsbezogener Nachrichten (z.\u00a0B. Ansprache von Nutzern via Facebook-Messenger); c) Verbesserung der Anzeigenauslieferung und Personalisierung von Funktionen und Inhalten (z.\u00a0B. Verbesserung der Erkennung, welche Inhalte oder Werbeinformationen mutma\u00dflich den Interessen der Nutzer entsprechen). Wir haben mit Facebook eine spezielle Vereinbarung abgeschlossen (&#8222;Zusatz f\u00fcr Verantwortliche&#8220;, <a style=\"color: #ffffff;\" href=\"https:\/\/www.facebook.com\/legal\/controller_addendum\" target=\"_blank\" rel=\"noopener\">https:\/\/www.facebook.com\/legal\/controller_addendum<\/a>), in der insbesondere geregelt wird, welche Sicherheitsma\u00dfnahmen Facebook beachten muss (<a style=\"color: #ffffff;\" href=\"https:\/\/www.facebook.com\/legal\/terms\/data_security_terms\" target=\"_blank\" rel=\"noopener\">https:\/\/www.facebook.com\/legal\/terms\/data_security_terms<\/a>) und in der Facebook sich bereit erkl\u00e4rt hat die Betroffenenrechte zu erf\u00fcllen (d.\u00a0h. Nutzer k\u00f6nnen z.\u00a0B. Ausk\u00fcnfte oder L\u00f6schungsanfragen direkt an Facebook richten). Hinweis: Wenn Facebook uns Messwerte, Analysen und Berichte bereitstellt (die aggregiert sind, d.\u00a0h. keine Angaben zu einzelnen Nutzern erhalten und f\u00fcr uns anonym sind), dann erfolgt diese Verarbeitung nicht im Rahmen der gemeinsamen Verantwortlichkeit, sondern auf Grundlage eines Auftragsverarbeitungsvertrages (&#8222;Datenverarbeitungsbedingungen &#8222;, <a style=\"color: #ffffff;\" href=\"https:\/\/www.facebook.com\/legal\/terms\/dataprocessing\" target=\"_blank\" rel=\"noopener\">https:\/\/www.facebook.com\/legal\/terms\/dataprocessing<\/a>) , der &#8222;Datensicherheitsbedingungen&#8220; (<a style=\"color: #ffffff;\" href=\"https:\/\/www.facebook.com\/legal\/terms\/data_security_terms\" target=\"_blank\" rel=\"noopener\">https:\/\/www.facebook.com\/legal\/terms\/data_security_terms<\/a>) sowie im Hinblick auf die Verarbeitung in den USA auf Grundlage von Standardvertragsklauseln (&#8222;Facebook-EU-Daten\u00fcbermittlungszusatz, <a style=\"color: #ffffff;\" href=\"https:\/\/www.facebook.com\/legal\/EU_data_transfer_addendum\" target=\"_blank\" rel=\"noopener\">https:\/\/www.facebook.com\/legal\/EU_data_transfer_addendum<\/a>). Die Rechte der Nutzer (insbesondere auf Auskunft, L\u00f6schung, Widerspruch und Beschwerde bei zust\u00e4ndiger Aufsichtsbeh\u00f6rde), werden durch die Vereinbarungen mit Facebook nicht eingeschr\u00e4nkt; <strong>Dienstanbieter:<\/strong> Meta Platforms Ireland Limited, Merrion Road, Dublin 4, D04 X2K5, Irland; <span class=\"\"><strong>Rechtsgrundlagen:<\/strong> Einwilligung (Art. 6 Abs. 1 S. 1 lit. a) DSGVO); <\/span><strong>Website:<\/strong> <a style=\"color: #ffffff;\" href=\"https:\/\/www.facebook.com\" target=\"_blank\" rel=\"noopener\">https:\/\/www.facebook.com<\/a>; <strong>Datenschutzerkl\u00e4rung:<\/strong> <a style=\"color: #ffffff;\" href=\"https:\/\/www.facebook.com\/privacy\/policy\/\" target=\"_blank\" rel=\"noopener\">https:\/\/www.facebook.com\/privacy\/policy\/<\/a>. <strong>Grundlage Drittlandtransfers:<\/strong> Data Privacy Framework (DPF).<\/span><\/li><li><span style=\"color: #ffffff;\"><strong>Google Fonts (Bezug vom Google Server): <\/strong>Bezug von Schriften (und Symbolen) zum Zwecke einer technisch sicheren, wartungsfreien und effizienten Nutzung von Schriften und Symbolen im Hinblick auf Aktualit\u00e4t und Ladezeiten, deren einheitliche Darstellung und Ber\u00fccksichtigung m\u00f6glicher lizenzrechtlicher Beschr\u00e4nkungen. Dem Anbieter der Schriftarten wird die IP-Adresse des Nutzers mitgeteilt, damit die Schriftarten im Browser des Nutzers zur Verf\u00fcgung gestellt werden k\u00f6nnen. Dar\u00fcber hinaus werden technische Daten (Spracheinstellungen, Bildschirmaufl\u00f6sung, Betriebssystem, verwendete Hardware) \u00fcbermittelt, die f\u00fcr die Bereitstellung der Schriften in Abh\u00e4ngigkeit von den verwendeten Ger\u00e4ten und der technischen Umgebung notwendig sind. Diese Daten k\u00f6nnen auf einem Server des Anbieters der Schriftarten in den USA verarbeitet werden &#8211; Beim Besuch unseres Onlineangebotes senden die Browser der Nutzer ihre Browser HTTP-Anfragen an die Google Fonts Web API (d.\u00a0h. eine Softwareschnittstelle f\u00fcr den Abruf der Schriftarten). Die Google Fonts Web API stellt den Nutzern die Cascading Style Sheets (CSS) von Google Fonts und danach die in der CCS angegebenen Schriftarten zur Verf\u00fcgung. Zu diesen HTTP-Anfragen geh\u00f6ren (1) die vom jeweiligen Nutzer f\u00fcr den Zugriff auf das Internet verwendete IP-Adresse, (2) die angeforderte URL auf dem Google-Server und (3) die HTTP-Header, einschlie\u00dflich des User-Agents, der die Browser- und Betriebssystemversionen der Websitebesucher beschreibt, sowie die Verweis-URL (d.\u00a0h. die Webseite, auf der die Google-Schriftart angezeigt werden soll). IP-Adressen werden weder auf Google-Servern protokolliert noch gespeichert und sie werden nicht analysiert. Die Google Fonts Web API protokolliert Details der HTTP-Anfragen (angeforderte URL, User-Agent und Verweis-URL). Der Zugriff auf diese Daten ist eingeschr\u00e4nkt und streng kontrolliert. Die angeforderte URL identifiziert die Schriftfamilien, f\u00fcr die der Nutzer Schriftarten laden m\u00f6chte. Diese Daten werden protokolliert, damit Google bestimmen kann, wie oft eine bestimmte Schriftfamilie angefordert wird. Bei der Google Fonts Web API muss der User-Agent die Schriftart anpassen, die f\u00fcr den jeweiligen Browsertyp generiert wird. Der User-Agent wird in erster Linie zum Debugging protokolliert und verwendet, um aggregierte Nutzungsstatistiken zu generieren, mit denen die Beliebtheit von Schriftfamilien gemessen wird. Diese zusammengefassten Nutzungsstatistiken werden auf der Seite \u201eAnalysen&#8220; von Google Fonts ver\u00f6ffentlicht. Schlie\u00dflich wird die Verweis-URL protokolliert, sodass die Daten f\u00fcr die Wartung der Produktion verwendet und ein aggregierter Bericht zu den Top-Integrationen basierend auf der Anzahl der Schriftartenanfragen generiert werden kann. Google verwendet laut eigener Auskunft keine der von Google Fonts erfassten Informationen, um Profile von Endnutzern zu erstellen oder zielgerichtete Anzeigen zu schalten; <strong>Dienstanbieter:<\/strong> Google Ireland Limited, Gordon House, Barrow Street, Dublin 4, Irland; <span class=\"\"><strong>Rechtsgrundlagen:<\/strong> Berechtigte Interessen (Art. 6 Abs. 1 S. 1 lit. f) DSGVO); <\/span><strong>Website:<\/strong> <a style=\"color: #ffffff;\" href=\"https:\/\/fonts.google.com\/\" target=\"_blank\" rel=\"noopener\">https:\/\/fonts.google.com\/<\/a>; <strong>Datenschutzerkl\u00e4rung:<\/strong> <a style=\"color: #ffffff;\" href=\"https:\/\/policies.google.com\/privacy\" target=\"_blank\" rel=\"noopener\">https:\/\/policies.google.com\/privacy<\/a>; <strong>Grundlage Drittlandtransfers:<\/strong> Data Privacy Framework (DPF). <strong>Weitere Informationen:<\/strong> <a style=\"color: #ffffff;\" href=\"https:\/\/developers.google.com\/fonts\/faq\/privacy?hl=de\" target=\"_blank\" rel=\"noopener\">https:\/\/developers.google.com\/fonts\/faq\/privacy?hl=de<\/a>.<\/span><\/li><li><span style=\"color: #ffffff;\"><strong>Google Maps: <\/strong>Wir binden die Landkarten des Dienstes &#8222;Google Maps&#8220; des Anbieters Google ein. Zu den verarbeiteten Daten k\u00f6nnen insbesondere IP-Adressen und Standortdaten der Nutzer geh\u00f6ren; <strong>Dienstanbieter:<\/strong> Google Cloud EMEA Limited, 70 Sir John Rogerson\u2019s Quay, Dublin 2, Irland; <span class=\"\"><strong>Rechtsgrundlagen:<\/strong> Einwilligung (Art. 6 Abs. 1 S. 1 lit. a) DSGVO); <\/span><strong>Website:<\/strong> <a style=\"color: #ffffff;\" href=\"https:\/\/mapsplatform.google.com\/\" target=\"_blank\" rel=\"noopener\">https:\/\/mapsplatform.google.com\/<\/a>; <strong>Datenschutzerkl\u00e4rung:<\/strong> <a style=\"color: #ffffff;\" href=\"https:\/\/policies.google.com\/privacy\" target=\"_blank\" rel=\"noopener\">https:\/\/policies.google.com\/privacy<\/a>. <strong>Grundlage Drittlandtransfers:<\/strong> Data Privacy Framework (DPF).<\/span><\/li><li><span style=\"color: #ffffff;\"><strong>Instagram-Plugins und -Inhalte: <\/strong>Instagram Plugins und -Inhalte &#8211; Hierzu k\u00f6nnen z.\u00a0B. Inhalte wie Bilder, Videos oder Texte und Schaltfl\u00e4chen geh\u00f6ren, mit denen Nutzer Inhalte dieses Onlineangebotes innerhalb von Instagram teilen k\u00f6nnen. &#8211; Wir sind gemeinsam mit Meta Platforms Ireland Limited f\u00fcr die Erhebung oder den Erhalt im Rahmen einer \u00dcbermittlung (jedoch nicht die weitere Verarbeitung) von &#8222;Event-Daten&#8220;, die Facebook mittels Funktionen von Instagram (z.\u00a0B. Einbettungsfunktionen f\u00fcr Inhalte), die auf unserem Onlineangebot ausgef\u00fchrt werden, erhebt oder im Rahmen einer \u00dcbermittlung zu folgenden Zwecken erh\u00e4lt, gemeinsam verantwortlich: a) Anzeige von Inhalten sowie Werbeinformationen, die den mutma\u00dflichen Interessen der Nutzer entsprechen; b) Zustellung kommerzieller und transaktionsbezogener Nachrichten (z.\u00a0B. Ansprache von Nutzern via Facebook-Messenger); c) Verbesserung der Anzeigenauslieferung und Personalisierung von Funktionen und Inhalten (z.\u00a0B. Verbesserung der Erkennung, welche Inhalte oder Werbeinformationen mutma\u00dflich den Interessen der Nutzer entsprechen). Wir haben mit Facebook eine spezielle Vereinbarung abgeschlossen (&#8222;Zusatz f\u00fcr Verantwortliche&#8220;, <a style=\"color: #ffffff;\" href=\"https:\/\/www.facebook.com\/legal\/controller_addendum\" target=\"_blank\" rel=\"noopener\">https:\/\/www.facebook.com\/legal\/controller_addendum<\/a>), in der insbesondere geregelt wird, welche Sicherheitsma\u00dfnahmen Facebook beachten muss (<a style=\"color: #ffffff;\" href=\"https:\/\/www.facebook.com\/legal\/terms\/data_security_terms\" target=\"_blank\" rel=\"noopener\">https:\/\/www.facebook.com\/legal\/terms\/data_security_terms<\/a>) und in der Facebook sich bereit erkl\u00e4rt hat die Betroffenenrechte zu erf\u00fcllen (d.\u00a0h. Nutzer k\u00f6nnen z.\u00a0B. Ausk\u00fcnfte oder L\u00f6schungsanfragen direkt an Facebook richten). Hinweis: Wenn Facebook uns Messwerte, Analysen und Berichte bereitstellt (die aggregiert sind, d.\u00a0h. keine Angaben zu einzelnen Nutzern erhalten und f\u00fcr uns anonym sind), dann erfolgt diese Verarbeitung nicht im Rahmen der gemeinsamen Verantwortlichkeit, sondern auf Grundlage eines Auftragsverarbeitungsvertrages (&#8222;Datenverarbeitungsbedingungen &#8222;, <a style=\"color: #ffffff;\" href=\"https:\/\/www.facebook.com\/legal\/terms\/dataprocessing\" target=\"_blank\" rel=\"noopener\">https:\/\/www.facebook.com\/legal\/terms\/dataprocessing<\/a>) , der &#8222;Datensicherheitsbedingungen&#8220; (<a style=\"color: #ffffff;\" href=\"https:\/\/www.facebook.com\/legal\/terms\/data_security_terms\" target=\"_blank\" rel=\"noopener\">https:\/\/www.facebook.com\/legal\/terms\/data_security_terms<\/a>) sowie im Hinblick auf die Verarbeitung in den USA auf Grundlage von Standardvertragsklauseln (&#8222;Facebook-EU-Daten\u00fcbermittlungszusatz, <a style=\"color: #ffffff;\" href=\"https:\/\/www.facebook.com\/legal\/EU_data_transfer_addendum\" target=\"_blank\" rel=\"noopener\">https:\/\/www.facebook.com\/legal\/EU_data_transfer_addendum<\/a>). Die Rechte der Nutzer (insbesondere auf Auskunft, L\u00f6schung, Widerspruch und Beschwerde bei zust\u00e4ndiger Aufsichtsbeh\u00f6rde), werden durch die Vereinbarungen mit Facebook nicht eingeschr\u00e4nkt; <strong>Dienstanbieter:<\/strong> Meta Platforms Ireland Limited, Merrion Road, Dublin 4, D04 X2K5, Irland; <span class=\"\"><strong>Rechtsgrundlagen:<\/strong> Berechtigte Interessen (Art. 6 Abs. 1 S. 1 lit. f) DSGVO); <\/span><strong>Website:<\/strong> <a style=\"color: #ffffff;\" href=\"https:\/\/www.instagram.com\" target=\"_blank\" rel=\"noopener\">https:\/\/www.instagram.com<\/a>. <strong>Datenschutzerkl\u00e4rung:<\/strong> <a style=\"color: #ffffff;\" href=\"https:\/\/privacycenter.instagram.com\/policy\/\" target=\"_blank\" rel=\"noopener\">https:\/\/privacycenter.instagram.com\/policy\/<\/a>.<\/span><\/li><li><span style=\"color: #ffffff;\"><strong>MyFonts: <\/strong>Schriftarten; im Rahmen des Schriftartenabrufs verarbeitete Daten die Identifikationsnummer des Webfont-Projektes (anonymisiert), die URL der lizenzierten Website, die mit einer Kundennummer verkn\u00fcpft ist, um den Lizenznehmer und die lizenzierten Webfonts zu identifizieren, und die Referrer URL; die anonymisierte Webfont-Projekt-Identifikationsnummer wird in verschl\u00fcsselten Protokolldateien mit solchen Daten f\u00fcr 30 Tage, um die monatliche Anzahl der Seitenaufrufe zu ermitteln, gespeichert; Nach einer solchen Extraktion und Speicherung der Anzahl der Seitenaufrufe werden die Protokolldateien gel\u00f6scht; <strong>Dienstanbieter:<\/strong> Monotype Imaging Holdings Inc., 600 Unicorn Park Drive, Woburn, Massachusetts 01801, USA; <span class=\"\"><strong>Rechtsgrundlagen:<\/strong> Berechtigte Interessen (Art. 6 Abs. 1 S. 1 lit. f) DSGVO); <\/span><strong>Website:<\/strong> <a style=\"color: #ffffff;\" href=\"https:\/\/www.myfonts.co\" target=\"_blank\" rel=\"noopener\">https:\/\/www.myfonts.co<\/a>. <strong>Datenschutzerkl\u00e4rung:<\/strong> <a style=\"color: #ffffff;\" href=\"https:\/\/www.myfonts.com\/info\/legal\/#Privacy\" target=\"_blank\" rel=\"noopener\">https:\/\/www.myfonts.com\/info\/legal\/#Privacy<\/a>.<\/span><\/li><\/ul><h2 id=\"m15\"><span style=\"color: #ffffff;\">M\u00f3dos\u00edt\u00e1s \u00e9s friss\u00edt\u00e9s<\/span><\/h2><p><span style=\"color: #ffffff;\">Wir bitten Sie, sich regelm\u00e4\u00dfig \u00fcber den Inhalt unserer Datenschutzerkl\u00e4rung zu informieren. Wir passen die Datenschutzerkl\u00e4rung an, sobald die \u00c4nderungen der von uns durchgef\u00fchrten Datenverarbeitungen dies erforderlich machen. Wir informieren Sie, sobald durch die \u00c4nderungen eine Mitwirkungshandlung Ihrerseits (z.\u00a0B. Einwilligung) oder eine sonstige individuelle Benachrichtigung erforderlich wird.<\/span><\/p><p><span style=\"color: #ffffff;\">Sofern wir in dieser Datenschutzerkl\u00e4rung Adressen und Kontaktinformationen von Unternehmen und Organisationen angeben, bitten wir zu beachten, dass die Adressen sich \u00fcber die Zeit \u00e4ndern k\u00f6nnen und bitten die Angaben vor Kontaktaufnahme zu pr\u00fcfen.<\/span><\/p><h2 id=\"m42\"><span style=\"color: #ffffff;\">Fogalom-meghat\u00e1roz\u00e1sok<\/span><\/h2><p><span style=\"color: #ffffff;\">In diesem Abschnitt erhalten Sie eine \u00dcbersicht \u00fcber die in dieser Datenschutzerkl\u00e4rung verwendeten Begrifflichkeiten. Soweit die Begrifflichkeiten gesetzlich definiert sind, gelten deren gesetzliche Definitionen. Die nachfolgenden Erl\u00e4uterungen sollen dagegen vor allem dem Verst\u00e4ndnis dienen.<\/span><\/p><ul class=\"glossary\"><li><span style=\"color: #ffffff;\"><strong>Bestandsdaten:<\/strong> Bestandsdaten umfassen wesentliche Informationen, die f\u00fcr die Identifikation und Verwaltung von Vertragspartnern, Benutzerkonten, Profilen und \u00e4hnlichen Zuordnungen notwendig sind. Diese Daten k\u00f6nnen u.a. pers\u00f6nliche und demografische Angaben wie Namen, Kontaktinformationen (Adressen, Telefonnummern, E-Mail-Adressen), Geburtsdaten und spezifische Identifikatoren (Benutzer-IDs) beinhalten. Bestandsdaten bilden die Grundlage f\u00fcr jegliche formelle Interaktion zwischen Personen und Diensten, Einrichtungen oder Systemen, indem sie eine eindeutige Zuordnung und Kommunikation erm\u00f6glichen.<\/span><\/li><li><span style=\"color: #ffffff;\"><strong>Inhaltsdaten:<\/strong> Inhaltsdaten umfassen Informationen, die im Zuge der Erstellung, Bearbeitung und Ver\u00f6ffentlichung von Inhalten aller Art generiert werden. Diese Kategorie von Daten kann Texte, Bilder, Videos, Audiodateien und andere multimediale Inhalte einschlie\u00dfen, die auf verschiedenen Plattformen und Medien ver\u00f6ffentlicht werden. Inhaltsdaten sind nicht nur auf den eigentlichen Inhalt beschr\u00e4nkt, sondern beinhalten auch Metadaten, die Informationen \u00fcber den Inhalt selbst liefern, wie Tags, Beschreibungen, Autoreninformationen und Ver\u00f6ffentlichungsdaten<\/span><\/li><li><span style=\"color: #ffffff;\"><strong>Kontaktdaten:<\/strong> Kontaktdaten sind essentielle Informationen, die die Kommunikation mit Personen oder Organisationen erm\u00f6glichen. Sie umfassen u.a. Telefonnummern, postalische Adressen und E-Mail-Adressen, sowie Kommunikationsmittel wie soziale Medien-Handles und Instant-Messaging-Identifikatoren.<\/span><\/li><li><span style=\"color: #ffffff;\"><strong>Konversionsmessung:<\/strong> Die Konversionsmessung (auch als &#8222;Besuchsaktionsauswertung&#8220; bezeichnet) ist ein Verfahren, mit dem die Wirksamkeit von Marketingma\u00dfnahmen festgestellt werden kann. Dazu wird im Regelfall ein Cookie auf den Ger\u00e4ten der Nutzer innerhalb der Webseiten, auf denen die Marketingma\u00dfnahmen erfolgen, gespeichert und dann erneut auf der Zielwebseite abgerufen. Beispielsweise k\u00f6nnen wir so nachvollziehen, ob die von uns auf anderen Webseiten geschalteten Anzeigen erfolgreich waren.<\/span><\/li><li><span style=\"color: #ffffff;\"><strong>Meta-, Kommunikations- und Verfahrensdaten:<\/strong> Meta-, Kommunikations- und Verfahrensdaten sind Kategorien, die Informationen \u00fcber die Art und Weise enthalten, wie Daten verarbeitet, \u00fcbermittelt und verwaltet werden. Meta-Daten, auch bekannt als Daten \u00fcber Daten, umfassen Informationen, die den Kontext, die Herkunft und die Struktur anderer Daten beschreiben. Sie k\u00f6nnen Angaben zur Dateigr\u00f6\u00dfe, dem Erstellungsdatum, dem Autor eines Dokuments und den \u00c4nderungshistorien beinhalten. Kommunikationsdaten erfassen den Austausch von Informationen zwischen Nutzern \u00fcber verschiedene Kan\u00e4le, wie E-Mail-Verkehr, Anrufprotokolle, Nachrichten in sozialen Netzwerken und Chat-Verl\u00e4ufe, inklusive der beteiligten Personen, Zeitstempel und \u00dcbertragungswege. Verfahrensdaten beschreiben die Prozesse und Abl\u00e4ufe innerhalb von Systemen oder Organisationen, einschlie\u00dflich Workflow-Dokumentationen, Protokolle von Transaktionen und Aktivit\u00e4ten, sowie Audit-Logs, die zur Nachverfolgung und \u00dcberpr\u00fcfung von Vorg\u00e4ngen verwendet werden.<\/span><\/li><li><span style=\"color: #ffffff;\"><strong>Nutzungsdaten:<\/strong> Nutzungsdaten beziehen sich auf Informationen, die erfassen, wie Nutzer mit digitalen Produkten, Dienstleistungen oder Plattformen interagieren. Diese Daten umfassen eine breite Palette von Informationen, die aufzeigen, wie Nutzer Anwendungen nutzen, welche Funktionen sie bevorzugen, wie lange sie auf bestimmten Seiten verweilen und \u00fcber welche Pfade sie durch eine Anwendung navigieren. Nutzungsdaten k\u00f6nnen auch die H\u00e4ufigkeit der Nutzung, Zeitstempel von Aktivit\u00e4ten, IP-Adressen, Ger\u00e4teinformationen und Standortdaten einschlie\u00dfen. Sie sind besonders wertvoll f\u00fcr die Analyse des Nutzerverhaltens, die Optimierung von Benutzererfahrungen, das Personalisieren von Inhalten und das Verbessern von Produkten oder Dienstleistungen. Dar\u00fcber hinaus spielen Nutzungsdaten eine entscheidende Rolle beim Erkennen von Trends, Vorlieben und m\u00f6glichen Problembereichen innerhalb digitaler Angebote<\/span><\/li><li><span style=\"color: #ffffff;\"><strong>Personenbezogene Daten:<\/strong> &#8222;Personenbezogene Daten&#8220; sind alle Informationen, die sich auf eine identifizierte oder identifizierbare nat\u00fcrliche Person (im Folgenden &#8222;betroffene Person&#8220;) beziehen; als identifizierbar wird eine nat\u00fcrliche Person angesehen, die direkt oder indirekt, insbesondere mittels Zuordnung zu einer Kennung wie einem Namen, zu einer Kennnummer, zu Standortdaten, zu einer Online-Kennung (z.\u00a0B. Cookie) oder zu einem oder mehreren besonderen Merkmalen identifiziert werden kann, die Ausdruck der physischen, physiologischen, genetischen, psychischen, wirtschaftlichen, kulturellen oder sozialen Identit\u00e4t dieser nat\u00fcrlichen Person sind.<\/span><\/li><li><span style=\"color: #ffffff;\"><strong>Profile mit nutzerbezogenen Informationen:<\/strong> Die Verarbeitung von &#8222;Profilen mit nutzerbezogenen Informationen&#8220;, bzw. kurz &#8222;Profilen&#8220; umfasst jede Art der automatisierten Verarbeitung personenbezogener Daten, die darin besteht, dass diese personenbezogenen Daten verwendet werden, um bestimmte pers\u00f6nliche Aspekte, die sich auf eine nat\u00fcrliche Person beziehen (je nach Art der Profilbildung k\u00f6nnen dazu unterschiedliche Informationen betreffend die Demographie, Verhalten und Interessen, wie z.\u00a0B. die Interaktion mit Webseiten und deren Inhalten, etc.) zu analysieren, zu bewerten oder, um sie vorherzusagen (z.\u00a0B. die Interessen an bestimmten Inhalten oder Produkten, das Klickverhalten auf einer Webseite oder den Aufenthaltsort). Zu Zwecken des Profilings werden h\u00e4ufig Cookies und Web-Beacons eingesetzt.<\/span><\/li><li><span style=\"color: #ffffff;\"><strong>Protokolldaten:<\/strong> Protokolldaten sind Informationen \u00fcber Ereignisse oder Aktivit\u00e4ten, die in einem System oder Netzwerk protokolliert wurden. Diese Daten enthalten typischerweise Informationen wie Zeitstempel, IP-Adressen, Benutzeraktionen, Fehlermeldungen und andere Details \u00fcber die Nutzung oder den Betrieb eines Systems. Protokolldaten werden oft zur Analyse von Systemproblemen, zur Sicherheits\u00fcberwachung oder zur Erstellung von Leistungsberichten verwendet.<\/span><\/li><li><span style=\"color: #ffffff;\"><strong>Reichweitenmessung:<\/strong> Die Reichweitenmessung (auch als Web Analytics bezeichnet) dient der Auswertung der Besucherstr\u00f6me eines Onlineangebotes und kann das Verhalten oder Interessen der Besucher an bestimmten Informationen, wie z.\u00a0B. Inhalten von Webseiten, umfassen. Mit Hilfe der Reichweitenanalyse k\u00f6nnen Betreiber von Onlineangeboten z.\u00a0B. erkennen, zu welcher Zeit Nutzer ihre Webseiten besuchen und f\u00fcr welche Inhalte sie sich interessieren. Dadurch k\u00f6nnen sie z.\u00a0B. die Inhalte der Webseiten besser an die Bed\u00fcrfnisse ihrer Besucher anpassen. Zu Zwecken der Reichweitenanalyse werden h\u00e4ufig pseudonyme Cookies und Web-Beacons eingesetzt, um wiederkehrende Besucher zu erkennen und so genauere Analysen zur Nutzung eines Onlineangebotes zu erhalten.<\/span><\/li><li><span style=\"color: #ffffff;\"><strong>Standortdaten:<\/strong> Standortdaten entstehen, wenn sich ein mobiles Ger\u00e4t (oder ein anderes Ger\u00e4t mit den technischen Voraussetzungen einer Standortbestimmung) mit einer Funkzelle, einem WLAN oder \u00e4hnlichen technischen Mitteln und Funktionen der Standortbestimmung, verbindet. Standortdaten dienen der Angabe, an welcher geografisch bestimmbaren Position der Erde sich das jeweilige Ger\u00e4t befindet. Standortdaten k\u00f6nnen z.\u00a0B. eingesetzt werden, um Kartenfunktionen oder andere von einem Ort abh\u00e4ngige Informationen darzustellen.<\/span><\/li><li><span style=\"color: #ffffff;\"><strong>Tracking:<\/strong> Vom &#8222;Tracking&#8220; spricht man, wenn das Verhalten von Nutzern \u00fcber mehrere Onlineangebote hinweg nachvollzogen werden kann. Im Regelfall werden im Hinblick auf die genutzten Onlineangebote Verhaltens- und Interessensinformationen in Cookies oder auf Servern der Anbieter der Trackingtechnologien gespeichert (sogenanntes Profiling). Diese Informationen k\u00f6nnen anschlie\u00dfend z.\u00a0B. eingesetzt werden, um den Nutzern Werbeanzeigen anzuzeigen, die voraussichtlich deren Interessen entsprechen.<\/span><\/li><li><span style=\"color: #ffffff;\"><strong>Verantwortlicher:<\/strong> Als &#8222;Verantwortlicher&#8220; wird die nat\u00fcrliche oder juristische Person, Beh\u00f6rde, Einrichtung oder andere Stelle, die allein oder gemeinsam mit anderen \u00fcber die Zwecke und Mittel der Verarbeitung von personenbezogenen Daten entscheidet, bezeichnet.<\/span><\/li><li><span style=\"color: #ffffff;\"><strong>Verarbeitung:<\/strong> &#8222;Verarbeitung&#8220; ist jeder mit oder ohne Hilfe automatisierter Verfahren ausgef\u00fchrte Vorgang oder jede solche Vorgangsreihe im Zusammenhang mit personenbezogenen Daten. Der Begriff reicht weit und umfasst praktisch jeden Umgang mit Daten, sei es das Erheben, das Auswerten, das Speichern, das \u00dcbermitteln oder das L\u00f6schen.<\/span><\/li><li><span style=\"color: #ffffff;\"><strong>Vertragsdaten:<\/strong> Vertragsdaten sind spezifische Informationen, die sich auf die Formalisierung einer Vereinbarung zwischen zwei oder mehr Parteien beziehen. Sie dokumentieren die Bedingungen, unter denen Dienstleistungen oder Produkte bereitgestellt, getauscht oder verkauft werden. Diese Datenkategorie ist wesentlich f\u00fcr die Verwaltung und Erf\u00fcllung vertraglicher Verpflichtungen und umfasst sowohl die Identifikation der Vertragsparteien als auch die spezifischen Bedingungen und Konditionen der Vereinbarung. Vertragsdaten k\u00f6nnen Start- und Enddaten des Vertrages, die Art der vereinbarten Leistungen oder Produkte, Preisvereinbarungen, Zahlungsbedingungen, K\u00fcndigungsrechte, Verl\u00e4ngerungsoptionen und spezielle Bedingungen oder Klauseln umfassen. Sie dienen als rechtliche Grundlage f\u00fcr die Beziehung zwischen den Parteien und sind entscheidend f\u00fcr die Kl\u00e4rung von Rechten und Pflichten, die Durchsetzung von Anspr\u00fcchen und die L\u00f6sung von Streitigkeiten.<\/span><\/li><li><span style=\"color: #ffffff;\"><strong>Zahlungsdaten:<\/strong> Zahlungsdaten umfassen s\u00e4mtliche Informationen, die zur Abwicklung von Zahlungstransaktionen zwischen K\u00e4ufern und Verk\u00e4ufern ben\u00f6tigt werden. Diese Daten sind von entscheidender Bedeutung f\u00fcr den elektronischen Handel, das Online-Banking und jede andere Form der finanziellen Transaktion. Sie beinhalten Details wie Kreditkartennummern, Bankverbindungen, Zahlungsbetr\u00e4ge, Transaktionsdaten, Verifizierungsnummern und Rechnungsinformationen. Zahlungsdaten k\u00f6nnen auch Informationen \u00fcber den Zahlungsstatus, R\u00fcckbuchungen, Autorisierungen und Geb\u00fchren enthalten.<\/span><\/li><li><span style=\"color: #ffffff;\"><strong>Zielgruppenbildung:<\/strong> Von Zielgruppenbildung (englisch &#8222;Custom Audiences&#8220;) spricht man, wenn Zielgruppen f\u00fcr Werbezwecke, z.\u00a0B. Einblendung von Werbeanzeigen bestimmt werden. So kann z.\u00a0B. anhand des Interesses eines Nutzers an bestimmten Produkten oder Themen im Internet geschlussfolgert werden, dass dieser Nutzer sich f\u00fcr Werbeanzeigen f\u00fcr \u00e4hnliche Produkte oder den Onlineshop, in dem er die Produkte betrachtet hat, interessiert. Von &#8222;Lookalike Audiences&#8220; (bzw. \u00e4hnlichen Zielgruppen) spricht man wiederum, wenn die als geeignet eingesch\u00e4tzten Inhalte Nutzern angezeigt werden, deren Profile, bzw. Interessen mutma\u00dflich den Nutzern zu denen die Profile gebildet wurden, entsprechen. Zur Zwecken der Bildung von Custom Audiences und Lookalike Audiences werden im Regelfall Cookies und Web-Beacons eingesetzt.<\/span><\/li><\/ul><p class=\"seal\"><a title=\"Rechtstext von Dr. Schwenke - f\u00fcr weitere Informationen bitte anklicken.\" href=\"https:\/\/datenschutz-generator.de\/\" target=\"_blank\" rel=\"noopener noreferrer nofollow\">Erstellt mit kostenlosem Datenschutz-Generator.de von Dr. Thomas Schwenke<\/a><\/p>\t\t\t\t\t\t\t\t<\/div>\n\t\t\t\t<\/div>\n\t\t\t\t\t<\/div>\n\t\t\t\t<\/div>\n\t\t\t\t<\/div>","protected":false},"excerpt":{"rendered":"<p>Datenschutzerkl\u00e4rung Pr\u00e4ambel Mit der folgenden Datenschutzerkl\u00e4rung m\u00f6chten wir Sie dar\u00fcber aufkl\u00e4ren, welche Arten Ihrer personenbezogenen Daten (nachfolgend auch kurz als &#8222;Daten&#8220; bezeichnet) wir zu welchen Zwecken und in welchem Umfang verarbeiten. Die Datenschutzerkl\u00e4rung gilt f\u00fcr alle von uns durchgef\u00fchrten Verarbeitungen personenbezogener Daten, sowohl im Rahmen der Erbringung unserer Leistungen als auch insbesondere auf unseren Webseiten, [&hellip;]<\/p>","protected":false},"author":1,"featured_media":0,"parent":0,"menu_order":0,"comment_status":"closed","ping_status":"closed","template":"","meta":{"site-sidebar-layout":"no-sidebar","site-content-layout":"page-builder","ast-site-content-layout":"full-width-container","site-content-style":"default","site-sidebar-style":"default","ast-global-header-display":"","ast-banner-title-visibility":"","ast-main-header-display":"","ast-hfb-above-header-display":"","ast-hfb-below-header-display":"","ast-hfb-mobile-header-display":"","site-post-title":"disabled","ast-breadcrumbs-content":"","ast-featured-img":"disabled","footer-sml-layout":"","theme-transparent-header-meta":"","adv-header-id-meta":"","stick-header-meta":"","header-above-stick-meta":"","header-main-stick-meta":"","header-below-stick-meta":"","astra-migrate-meta-layouts":"set","ast-page-background-enabled":"default","ast-page-background-meta":{"desktop":{"background-color":"","background-image":"","background-repeat":"repeat","background-position":"center center","background-size":"auto","background-attachment":"scroll","background-type":"","background-media":"","overlay-type":"","overlay-color":"","overlay-gradient":""},"tablet":{"background-color":"","background-image":"","background-repeat":"repeat","background-position":"center center","background-size":"auto","background-attachment":"scroll","background-type":"","background-media":"","overlay-type":"","overlay-color":"","overlay-gradient":""},"mobile":{"background-color":"","background-image":"","background-repeat":"repeat","background-position":"center center","background-size":"auto","background-attachment":"scroll","background-type":"","background-media":"","overlay-type":"","overlay-color":"","overlay-gradient":""}},"ast-content-background-meta":{"desktop":{"background-color":"var(--ast-global-color-5)","background-image":"","background-repeat":"repeat","background-position":"center center","background-size":"auto","background-attachment":"scroll","background-type":"","background-media":"","overlay-type":"","overlay-color":"","overlay-gradient":""},"tablet":{"background-color":"var(--ast-global-color-5)","background-image":"","background-repeat":"repeat","background-position":"center center","background-size":"auto","background-attachment":"scroll","background-type":"","background-media":"","overlay-type":"","overlay-color":"","overlay-gradient":""},"mobile":{"background-color":"var(--ast-global-color-5)","background-image":"","background-repeat":"repeat","background-position":"center center","background-size":"auto","background-attachment":"scroll","background-type":"","background-media":"","overlay-type":"","overlay-color":"","overlay-gradient":""}},"footnotes":""},"class_list":["post-2841","page","type-page","status-publish","hentry"],"_links":{"self":[{"href":"https:\/\/nabawebdesign.com\/hu\/wp-json\/wp\/v2\/pages\/2841","targetHints":{"allow":["GET"]}}],"collection":[{"href":"https:\/\/nabawebdesign.com\/hu\/wp-json\/wp\/v2\/pages"}],"about":[{"href":"https:\/\/nabawebdesign.com\/hu\/wp-json\/wp\/v2\/types\/page"}],"author":[{"embeddable":true,"href":"https:\/\/nabawebdesign.com\/hu\/wp-json\/wp\/v2\/users\/1"}],"replies":[{"embeddable":true,"href":"https:\/\/nabawebdesign.com\/hu\/wp-json\/wp\/v2\/comments?post=2841"}],"version-history":[{"count":0,"href":"https:\/\/nabawebdesign.com\/hu\/wp-json\/wp\/v2\/pages\/2841\/revisions"}],"wp:attachment":[{"href":"https:\/\/nabawebdesign.com\/hu\/wp-json\/wp\/v2\/media?parent=2841"}],"curies":[{"name":"wp","href":"https:\/\/api.w.org\/{rel}","templated":true}]}}